{"id":8286,"date":"2020-03-30T09:45:03","date_gmt":"2020-03-30T08:45:03","guid":{"rendered":"https:\/\/the7.io\/online-courses\/?page_id=2"},"modified":"2026-05-18T18:49:33","modified_gmt":"2026-05-18T16:49:33","slug":"sample-page","status":"publish","type":"page","link":"https:\/\/atemhaus-hubertushof.de\/ru\/","title":{"rendered":"\u0414\u044b\u0448\u0430\u0449\u0438\u0439 \u0434\u043e\u043c"},"content":{"rendered":"\t\t<div data-elementor-type=\"wp-page\" data-elementor-id=\"8286\" class=\"elementor elementor-8286\" data-elementor-post-type=\"page\">\n\t\t\t\t\t\t<section class=\"elementor-section elementor-top-section elementor-element elementor-element-c85066d elementor-section-content-middle elementor-section-height-min-height elementor-section-items-stretch elementor-section-boxed elementor-section-height-default\" data-id=\"c85066d\" data-element_type=\"section\" data-e-type=\"section\" data-settings=\"{&quot;background_background&quot;:&quot;classic&quot;,&quot;shape_divider_bottom&quot;:&quot;mountains&quot;}\">\n\t\t\t\t\t\t\t<div class=\"elementor-background-overlay\"><\/div>\n\t\t\t\t\t\t<div class=\"elementor-shape elementor-shape-bottom\" aria-hidden=\"true\" data-negative=\"false\">\n\t\t\t<svg xmlns=\"http:\/\/www.w3.org\/2000\/svg\" viewBox=\"0 0 1000 100\" preserveAspectRatio=\"none\">\n\t<path class=\"elementor-shape-fill\" opacity=\"0.33\" d=\"M473,67.3c-203.9,88.3-263.1-34-320.3,0C66,119.1,0,59.7,0,59.7V0h1000v59.7 c0,0-62.1,26.1-94.9,29.3c-32.8,3.3-62.8-12.3-75.8-22.1C806,49.6,745.3,8.7,694.9,4.7S492.4,59,473,67.3z\"\/>\n\t<path class=\"elementor-shape-fill\" opacity=\"0.66\" d=\"M734,67.3c-45.5,0-77.2-23.2-129.1-39.1c-28.6-8.7-150.3-10.1-254,39.1 s-91.7-34.4-149.2,0C115.7,118.3,0,39.8,0,39.8V0h1000v36.5c0,0-28.2-18.5-92.1-18.5C810.2,18.1,775.7,67.3,734,67.3z\"\/>\n\t<path class=\"elementor-shape-fill\" d=\"M766.1,28.9c-200-57.5-266,65.5-395.1,19.5C242,1.8,242,5.4,184.8,20.6C128,35.8,132.3,44.9,89.9,52.5C28.6,63.7,0,0,0,0 h1000c0,0-9.9,40.9-83.6,48.1S829.6,47,766.1,28.9z\"\/>\n<\/svg>\t\t<\/div>\n\t\t\t\t\t<div class=\"elementor-container elementor-column-gap-no\">\n\t\t\t\t\t<div class=\"elementor-column elementor-col-100 elementor-top-column elementor-element elementor-element-846585c\" data-id=\"846585c\" data-element_type=\"column\" data-e-type=\"column\" data-settings=\"{&quot;background_background&quot;:&quot;classic&quot;}\">\n\t\t\t<div class=\"elementor-widget-wrap elementor-element-populated\">\n\t\t\t\t\t\t<div class=\"elementor-element elementor-element-d44e11f elementor-widget elementor-widget-heading\" data-id=\"d44e11f\" data-element_type=\"widget\" data-e-type=\"widget\" data-widget_type=\"heading.default\">\n\t\t\t\t<div class=\"elementor-widget-container\">\n\t\t\t\t\t<h1 class=\"elementor-heading-title elementor-size-default\">Atemhaus<\/h1>\t\t\t\t<\/div>\n\t\t\t\t<\/div>\n\t\t\t\t<div class=\"elementor-element elementor-element-1818fda elementor-widget elementor-widget-heading\" data-id=\"1818fda\" data-element_type=\"widget\" data-e-type=\"widget\" data-widget_type=\"heading.default\">\n\t\t\t\t<div class=\"elementor-widget-container\">\n\t\t\t\t\t<h2 class=\"elementor-heading-title elementor-size-default\">Hubertushof<\/h2>\t\t\t\t<\/div>\n\t\t\t\t<\/div>\n\t\t\t\t<div class=\"elementor-element elementor-element-7c0c3e7 elementor-widget elementor-widget-heading\" data-id=\"7c0c3e7\" data-element_type=\"widget\" data-e-type=\"widget\" data-widget_type=\"heading.default\">\n\t\t\t\t<div class=\"elementor-widget-container\">\n\t\t\t\t\t<h1 class=\"elementor-heading-title elementor-size-default\">Seminarhaus und Tagungsst\u00e4tte<\/h1>\t\t\t\t<\/div>\n\t\t\t\t<\/div>\n\t\t\t\t\t<\/div>\n\t\t<\/div>\n\t\t\t\t\t<\/div>\n\t\t<\/section>\n\t\t<div class=\"elementor-element elementor-element-fbce3ed e-flex e-con-boxed e-con e-parent\" data-id=\"fbce3ed\" data-element_type=\"container\" data-e-type=\"container\">\n\t\t\t\t\t<div class=\"e-con-inner\">\n\t\t\t\t<div class=\"elementor-element elementor-element-2aa976a elementor-widget elementor-widget-text-editor\" data-id=\"2aa976a\" data-element_type=\"widget\" data-e-type=\"widget\" data-widget_type=\"text-editor.default\">\n\t\t\t\t<div class=\"elementor-widget-container\">\n\t\t\t\t\t\t\t\t\t<p>Wir freuen uns \u00fcber deinen Besuch auf unserer Homepage. WIr sind ein Seminarhaus und Kraftort in mitten der Natur Bayerns. Schaue dich gerne um und\u00a0 lasse dich inspirieren. Wir bieten unsere R\u00e4ume f\u00fcr deine individuellen Bed\u00fcrfnissen an.<\/p>\t\t\t\t\t\t\t\t<\/div>\n\t\t\t\t<\/div>\n\t\t\t\t\t<\/div>\n\t\t\t\t<\/div>\n\t\t\t\t<section class=\"elementor-section elementor-top-section elementor-element elementor-element-92b45c7 elementor-section-boxed elementor-section-height-default elementor-section-height-default\" data-id=\"92b45c7\" data-element_type=\"section\" data-e-type=\"section\">\n\t\t\t\t\t\t<div class=\"elementor-container elementor-column-gap-no\">\n\t\t\t\t\t<div class=\"elementor-column elementor-col-33 elementor-top-column elementor-element elementor-element-4002e66\" data-id=\"4002e66\" data-element_type=\"column\" data-e-type=\"column\">\n\t\t\t<div class=\"elementor-widget-wrap elementor-element-populated\">\n\t\t\t\t\t\t<div class=\"elementor-element elementor-element-a71e4cc content-align-left icon-box-vertical-align-top preserve-img-ratio-cover icon-vertical-align-start elementor-widget elementor-widget-the7_image_box_widget\" data-id=\"a71e4cc\" data-element_type=\"widget\" data-e-type=\"widget\" data-widget_type=\"the7_image_box_widget.default\">\n\t\t\t\t<div class=\"elementor-widget-container\">\n\t\t\t\t\t\n\t\t<a class=\"the7-box-wrapper the7-elementor-widget box-hover the7_image_box_widget-a71e4cc\" href=\"https:\/\/www.atemhaus-hubertushof.de\/seminarraeume\/\">\t\t\t<div class=\"box-content-wrapper\">\n\t\t\t\t\t\t\t\t<div class=\"elementor-image-div \">\n\t\t\t\t\t<div class=\"post-thumbnail-rollover layzr-bg img-css-resize-wrapper\"><img fetchpriority=\"high\" decoding=\"async\" width=\"1602\" height=\"762\" src=\"data:image\/svg+xml,%3Csvg%20xmlns%3D&#039;http%3A%2F%2Fwww.w3.org%2F2000%2Fsvg&#039;%20viewBox%3D&#039;0%200%201602%20762&#039;%2F%3E\" class=\"attachment-full size-full preload-me aspect lazy lazy-load\" alt=\"\" sizes=\"(max-width: 1602px) 100vw, 1602px\" style=\"--ratio: 1602 \/ 762;\" data-src=\"https:\/\/atemhaus-hubertushof.de\/wp-content\/uploads\/493942463_24626100910309980_4556880531919511563_n-1-e1758353940951.jpg\" loading=\"eager\" data-srcset=\"https:\/\/atemhaus-hubertushof.de\/wp-content\/uploads\/493942463_24626100910309980_4556880531919511563_n-1-e1758353940951.jpg 1602w, https:\/\/atemhaus-hubertushof.de\/wp-content\/uploads\/493942463_24626100910309980_4556880531919511563_n-1-e1758353940951-300x143.jpg 300w, https:\/\/atemhaus-hubertushof.de\/wp-content\/uploads\/493942463_24626100910309980_4556880531919511563_n-1-e1758353940951-1024x487.jpg 1024w, https:\/\/atemhaus-hubertushof.de\/wp-content\/uploads\/493942463_24626100910309980_4556880531919511563_n-1-e1758353940951-768x365.jpg 768w, https:\/\/atemhaus-hubertushof.de\/wp-content\/uploads\/493942463_24626100910309980_4556880531919511563_n-1-e1758353940951-1536x731.jpg 1536w, https:\/\/atemhaus-hubertushof.de\/wp-content\/uploads\/493942463_24626100910309980_4556880531919511563_n-1-e1758353940951-18x9.jpg 18w\" \/><span class=\"the7-hover-icon\"><svg aria-hidden=\"true\" class=\"e-font-icon-svg e-fas-plus\" viewBox=\"0 0 448 512\" xmlns=\"http:\/\/www.w3.org\/2000\/svg\"><path d=\"M416 208H272V64c0-17.67-14.33-32-32-32h-32c-17.67 0-32 14.33-32 32v144H32c-17.67 0-32 14.33-32 32v32c0 17.67 14.33 32 32 32h144v144c0 17.67 14.33 32 32 32h32c17.67 0 32-14.33 32-32V304h144c17.67 0 32-14.33 32-32v-32c0-17.67-14.33-32-32-32z\"><\/path><\/svg><\/span><\/div>\t\t\t\t<\/div>\n\t\t\t\t\n\t\t\t\t<div class=\"box-content\">\n\t\t\t\t\t<h1 class=\"box-heading\">Seminarr\u00e4ume<\/h1><div class=\"box-description\">Momentan stehen vier Seminarr\u00e4ume zur Verf\u00fcgung und weitere Seminarhallen sind in Planung.<\/div><div class=\"box-button elementor-button elementor-size-xs\">Anschauen<\/div>\t\t\t\t<\/div>\n\t\t\t<\/div>\n\t\t<\/a>\t\t\t\t<\/div>\n\t\t\t\t<\/div>\n\t\t\t\t\t<\/div>\n\t\t<\/div>\n\t\t\t\t<div class=\"elementor-column elementor-col-33 elementor-top-column elementor-element elementor-element-5aa2c01\" data-id=\"5aa2c01\" data-element_type=\"column\" data-e-type=\"column\">\n\t\t\t<div class=\"elementor-widget-wrap elementor-element-populated\">\n\t\t\t\t\t\t<div class=\"elementor-element elementor-element-53bd58d content-align-left icon-box-vertical-align-top preserve-img-ratio-cover icon-vertical-align-start elementor-widget elementor-widget-the7_image_box_widget\" data-id=\"53bd58d\" data-element_type=\"widget\" data-e-type=\"widget\" data-widget_type=\"the7_image_box_widget.default\">\n\t\t\t\t<div class=\"elementor-widget-container\">\n\t\t\t\t\t\n\t\t<a class=\"the7-box-wrapper the7-elementor-widget box-hover the7_image_box_widget-53bd58d\" href=\"https:\/\/www.atemhaus-hubertushof.de\/gaestezimmer\/\">\t\t\t<div class=\"box-content-wrapper\">\n\t\t\t\t\t\t\t\t<div class=\"elementor-image-div \">\n\t\t\t\t\t<div class=\"post-thumbnail-rollover layzr-bg img-css-resize-wrapper\"><img decoding=\"async\" width=\"1280\" height=\"960\" src=\"data:image\/svg+xml,%3Csvg%20xmlns%3D&#039;http%3A%2F%2Fwww.w3.org%2F2000%2Fsvg&#039;%20viewBox%3D&#039;0%200%201280%20960&#039;%2F%3E\" class=\"attachment-full size-full preload-me aspect lazy lazy-load\" alt=\"\" sizes=\"(max-width: 1280px) 100vw, 1280px\" style=\"--ratio: 1280 \/ 960;\" data-src=\"https:\/\/atemhaus-hubertushof.de\/wp-content\/uploads\/JPEG-Bild-474E-B72B-02-10-1.jpeg\" loading=\"eager\" data-srcset=\"https:\/\/atemhaus-hubertushof.de\/wp-content\/uploads\/JPEG-Bild-474E-B72B-02-10-1.jpeg 1280w, https:\/\/atemhaus-hubertushof.de\/wp-content\/uploads\/JPEG-Bild-474E-B72B-02-10-1-300x225.jpeg 300w, https:\/\/atemhaus-hubertushof.de\/wp-content\/uploads\/JPEG-Bild-474E-B72B-02-10-1-1024x768.jpeg 1024w, https:\/\/atemhaus-hubertushof.de\/wp-content\/uploads\/JPEG-Bild-474E-B72B-02-10-1-768x576.jpeg 768w, https:\/\/atemhaus-hubertushof.de\/wp-content\/uploads\/JPEG-Bild-474E-B72B-02-10-1-900x675.jpeg 900w, https:\/\/atemhaus-hubertushof.de\/wp-content\/uploads\/JPEG-Bild-474E-B72B-02-10-1-1200x900.jpeg 1200w\" \/><span class=\"the7-hover-icon\"><svg aria-hidden=\"true\" class=\"e-font-icon-svg e-fas-plus\" viewBox=\"0 0 448 512\" xmlns=\"http:\/\/www.w3.org\/2000\/svg\"><path d=\"M416 208H272V64c0-17.67-14.33-32-32-32h-32c-17.67 0-32 14.33-32 32v144H32c-17.67 0-32 14.33-32 32v32c0 17.67 14.33 32 32 32h144v144c0 17.67 14.33 32 32 32h32c17.67 0 32-14.33 32-32V304h144c17.67 0 32-14.33 32-32v-32c0-17.67-14.33-32-32-32z\"><\/path><\/svg><\/span><\/div>\t\t\t\t<\/div>\n\t\t\t\t\n\t\t\t\t<div class=\"box-content\">\n\t\t\t\t\t<h1 class=\"box-heading\">G\u00e4stezimmer<\/h1><div class=\"box-description\">Haupthaus: Zw\u00f6lf G\u00e4stezimmer (Doppelzimmer, Twin-Zimmer Drei-und Vierbettzimmer) alle mit Bad und Toilette\nNebenhaus: Sieben G\u00e4stezimmer mit Gemeinnsschaftsb\u00e4dern\n<\/div><div class=\"box-button elementor-button elementor-size-xs\">Anschauen<\/div>\t\t\t\t<\/div>\n\t\t\t<\/div>\n\t\t<\/a>\t\t\t\t<\/div>\n\t\t\t\t<\/div>\n\t\t\t\t\t<\/div>\n\t\t<\/div>\n\t\t\t\t<div class=\"elementor-column elementor-col-33 elementor-top-column elementor-element elementor-element-0466a7a\" data-id=\"0466a7a\" data-element_type=\"column\" data-e-type=\"column\">\n\t\t\t<div class=\"elementor-widget-wrap elementor-element-populated\">\n\t\t\t\t\t\t<div class=\"elementor-element elementor-element-3041b38 content-align-left icon-box-vertical-align-top preserve-img-ratio-cover icon-vertical-align-start elementor-widget elementor-widget-the7_image_box_widget\" data-id=\"3041b38\" data-element_type=\"widget\" data-e-type=\"widget\" data-widget_type=\"the7_image_box_widget.default\">\n\t\t\t\t<div class=\"elementor-widget-container\">\n\t\t\t\t\t\n\t\t<a class=\"the7-box-wrapper the7-elementor-widget box-hover the7_image_box_widget-3041b38\" href=\"https:\/\/www.atemhaus-hubertushof.de\/camping\/\">\t\t\t<div class=\"box-content-wrapper\">\n\t\t\t\t\t\t\t\t<div class=\"elementor-image-div \">\n\t\t\t\t\t<div class=\"post-thumbnail-rollover layzr-bg img-css-resize-wrapper\"><img decoding=\"async\" width=\"1920\" height=\"2560\" src=\"data:image\/svg+xml,%3Csvg%20xmlns%3D&#039;http%3A%2F%2Fwww.w3.org%2F2000%2Fsvg&#039;%20viewBox%3D&#039;0%200%201920%202560&#039;%2F%3E\" class=\"attachment-full size-full preload-me aspect lazy lazy-load\" alt=\"\" sizes=\"(max-width: 1920px) 100vw, 1920px\" style=\"--ratio: 1920 \/ 2560;\" data-src=\"https:\/\/atemhaus-hubertushof.de\/wp-content\/uploads\/IMG_7602-scaled.jpeg\" loading=\"eager\" data-srcset=\"https:\/\/atemhaus-hubertushof.de\/wp-content\/uploads\/IMG_7602-scaled.jpeg 1920w, https:\/\/atemhaus-hubertushof.de\/wp-content\/uploads\/IMG_7602-225x300.jpeg 225w, https:\/\/atemhaus-hubertushof.de\/wp-content\/uploads\/IMG_7602-768x1024.jpeg 768w, https:\/\/atemhaus-hubertushof.de\/wp-content\/uploads\/IMG_7602-1152x1536.jpeg 1152w, https:\/\/atemhaus-hubertushof.de\/wp-content\/uploads\/IMG_7602-1536x2048.jpeg 1536w, https:\/\/atemhaus-hubertushof.de\/wp-content\/uploads\/IMG_7602-9x12.jpeg 9w\" \/><span class=\"the7-hover-icon\"><svg aria-hidden=\"true\" class=\"e-font-icon-svg e-fas-plus\" viewBox=\"0 0 448 512\" xmlns=\"http:\/\/www.w3.org\/2000\/svg\"><path d=\"M416 208H272V64c0-17.67-14.33-32-32-32h-32c-17.67 0-32 14.33-32 32v144H32c-17.67 0-32 14.33-32 32v32c0 17.67 14.33 32 32 32h144v144c0 17.67 14.33 32 32 32h32c17.67 0 32-14.33 32-32V304h144c17.67 0 32-14.33 32-32v-32c0-17.67-14.33-32-32-32z\"><\/path><\/svg><\/span><\/div>\t\t\t\t<\/div>\n\t\t\t\t\n\t\t\t\t<div class=\"box-content\">\n\t\t\t\t\t<h1 class=\"box-heading\">Camping<\/h1><div class=\"box-description\">Zeltpl\u00e4tze mit Zugang zum Au\u00dfenbereich. \nStellpl\u00e4tze f\u00fcr mehrere Wohnmobile.<\/div><div class=\"box-button elementor-button elementor-size-xs\">Anschauen<\/div>\t\t\t\t<\/div>\n\t\t\t<\/div>\n\t\t<\/a>\t\t\t\t<\/div>\n\t\t\t\t<\/div>\n\t\t\t\t\t<\/div>\n\t\t<\/div>\n\t\t\t\t\t<\/div>\n\t\t<\/section>\n\t\t\t\t<section class=\"elementor-section elementor-top-section elementor-element elementor-element-d9085e7 elementor-section-boxed elementor-section-height-default elementor-section-height-default\" data-id=\"d9085e7\" data-element_type=\"section\" data-e-type=\"section\">\n\t\t\t\t\t\t<div class=\"elementor-container elementor-column-gap-no\">\n\t\t\t\t\t<div class=\"elementor-column elementor-col-33 elementor-top-column elementor-element elementor-element-839893f\" data-id=\"839893f\" data-element_type=\"column\" data-e-type=\"column\">\n\t\t\t<div class=\"elementor-widget-wrap elementor-element-populated\">\n\t\t\t\t\t\t<div class=\"elementor-element elementor-element-480e562 content-align-left icon-box-vertical-align-top preserve-img-ratio-cover icon-vertical-align-start elementor-widget elementor-widget-the7_image_box_widget\" data-id=\"480e562\" data-element_type=\"widget\" data-e-type=\"widget\" data-widget_type=\"the7_image_box_widget.default\">\n\t\t\t\t<div class=\"elementor-widget-container\">\n\t\t\t\t\t\n\t\t<a class=\"the7-box-wrapper the7-elementor-widget box-hover the7_image_box_widget-480e562\" href=\"https:\/\/www.atemhaus-hubertushof.de\/verpflegung\/\">\t\t\t<div class=\"box-content-wrapper\">\n\t\t\t\t\t\t\t\t<div class=\"elementor-image-div \">\n\t\t\t\t\t<div class=\"post-thumbnail-rollover layzr-bg img-css-resize-wrapper\"><img decoding=\"async\" width=\"2048\" height=\"1365\" src=\"data:image\/svg+xml,%3Csvg%20xmlns%3D&#039;http%3A%2F%2Fwww.w3.org%2F2000%2Fsvg&#039;%20viewBox%3D&#039;0%200%202048%201365&#039;%2F%3E\" class=\"attachment-full size-full preload-me aspect lazy lazy-load\" alt=\"\" sizes=\"(max-width: 2048px) 100vw, 2048px\" style=\"--ratio: 2048 \/ 1365;\" data-src=\"https:\/\/atemhaus-hubertushof.de\/wp-content\/uploads\/DSC04791-1.jpg\" loading=\"eager\" data-srcset=\"https:\/\/atemhaus-hubertushof.de\/wp-content\/uploads\/DSC04791-1.jpg 2048w, https:\/\/atemhaus-hubertushof.de\/wp-content\/uploads\/DSC04791-1-900x600.jpg 900w, https:\/\/atemhaus-hubertushof.de\/wp-content\/uploads\/DSC04791-1-1200x800.jpg 1200w, https:\/\/atemhaus-hubertushof.de\/wp-content\/uploads\/DSC04791-1-300x200.jpg 300w, https:\/\/atemhaus-hubertushof.de\/wp-content\/uploads\/DSC04791-1-1024x683.jpg 1024w, https:\/\/atemhaus-hubertushof.de\/wp-content\/uploads\/DSC04791-1-768x512.jpg 768w, https:\/\/atemhaus-hubertushof.de\/wp-content\/uploads\/DSC04791-1-1536x1024.jpg 1536w\" \/><span class=\"the7-hover-icon\"><svg aria-hidden=\"true\" class=\"e-font-icon-svg e-fas-plus\" viewBox=\"0 0 448 512\" xmlns=\"http:\/\/www.w3.org\/2000\/svg\"><path d=\"M416 208H272V64c0-17.67-14.33-32-32-32h-32c-17.67 0-32 14.33-32 32v144H32c-17.67 0-32 14.33-32 32v32c0 17.67 14.33 32 32 32h144v144c0 17.67 14.33 32 32 32h32c17.67 0 32-14.33 32-32V304h144c17.67 0 32-14.33 32-32v-32c0-17.67-14.33-32-32-32z\"><\/path><\/svg><\/span><\/div>\t\t\t\t<\/div>\n\t\t\t\t\n\t\t\t\t<div class=\"box-content\">\n\t\t\t\t\t<h1 class=\"box-heading\">Verpflegung<\/h1><div class=\"box-description\">Wir sind ein vegetarisches Haus und bieten vital-stoffreiches BIO-Essen als Vollpension an.<\/div><div class=\"box-button elementor-button elementor-size-xs\">Anschauen<\/div>\t\t\t\t<\/div>\n\t\t\t<\/div>\n\t\t<\/a>\t\t\t\t<\/div>\n\t\t\t\t<\/div>\n\t\t\t\t\t<\/div>\n\t\t<\/div>\n\t\t\t\t<div class=\"elementor-column elementor-col-33 elementor-top-column elementor-element elementor-element-26b2bbd\" data-id=\"26b2bbd\" data-element_type=\"column\" data-e-type=\"column\">\n\t\t\t<div class=\"elementor-widget-wrap elementor-element-populated\">\n\t\t\t\t\t\t<div class=\"elementor-element elementor-element-1de80ae content-align-left icon-box-vertical-align-top preserve-img-ratio-cover icon-vertical-align-start elementor-widget elementor-widget-the7_image_box_widget\" data-id=\"1de80ae\" data-element_type=\"widget\" data-e-type=\"widget\" data-widget_type=\"the7_image_box_widget.default\">\n\t\t\t\t<div class=\"elementor-widget-container\">\n\t\t\t\t\t\n\t\t<a class=\"the7-box-wrapper the7-elementor-widget box-hover the7_image_box_widget-1de80ae\" href=\"https:\/\/www.atemhaus-hubertushof.de\/wellnessbereich\/\">\t\t\t<div class=\"box-content-wrapper\">\n\t\t\t\t\t\t\t\t<div class=\"elementor-image-div \">\n\t\t\t\t\t<div class=\"post-thumbnail-rollover layzr-bg img-css-resize-wrapper\"><img decoding=\"async\" width=\"768\" height=\"1024\" src=\"data:image\/svg+xml,%3Csvg%20xmlns%3D&#039;http%3A%2F%2Fwww.w3.org%2F2000%2Fsvg&#039;%20viewBox%3D&#039;0%200%20768%201024&#039;%2F%3E\" class=\"attachment-full size-full preload-me aspect lazy lazy-load\" alt=\"\" sizes=\"(max-width: 768px) 100vw, 768px\" style=\"--ratio: 768 \/ 1024;\" data-src=\"https:\/\/atemhaus-hubertushof.de\/wp-content\/uploads\/a1b4eb2b-b06f-4a9b-ba68-332467bf7d85-1.jpg\" loading=\"eager\" data-srcset=\"https:\/\/atemhaus-hubertushof.de\/wp-content\/uploads\/a1b4eb2b-b06f-4a9b-ba68-332467bf7d85-1.jpg 768w, https:\/\/atemhaus-hubertushof.de\/wp-content\/uploads\/a1b4eb2b-b06f-4a9b-ba68-332467bf7d85-1-225x300.jpg 225w\" \/><span class=\"the7-hover-icon\"><svg aria-hidden=\"true\" class=\"e-font-icon-svg e-fas-plus\" viewBox=\"0 0 448 512\" xmlns=\"http:\/\/www.w3.org\/2000\/svg\"><path d=\"M416 208H272V64c0-17.67-14.33-32-32-32h-32c-17.67 0-32 14.33-32 32v144H32c-17.67 0-32 14.33-32 32v32c0 17.67 14.33 32 32 32h144v144c0 17.67 14.33 32 32 32h32c17.67 0 32-14.33 32-32V304h144c17.67 0 32-14.33 32-32v-32c0-17.67-14.33-32-32-32z\"><\/path><\/svg><\/span><\/div>\t\t\t\t<\/div>\n\t\t\t\t\n\t\t\t\t<div class=\"box-content\">\n\t\t\t\t\t<h1 class=\"box-heading\">Wellnessbereich<\/h1><div class=\"box-description\">Unsere Sauna steht Seminarteilnehmern nach Terminvereinbarung und gegen eine Geb\u00fchr zur Verf\u00fcgung.<\/div><div class=\"box-button elementor-button elementor-size-xs\">Anschauen<\/div>\t\t\t\t<\/div>\n\t\t\t<\/div>\n\t\t<\/a>\t\t\t\t<\/div>\n\t\t\t\t<\/div>\n\t\t\t\t\t<\/div>\n\t\t<\/div>\n\t\t\t\t<div class=\"elementor-column elementor-col-33 elementor-top-column elementor-element elementor-element-ced7c3e\" data-id=\"ced7c3e\" data-element_type=\"column\" data-e-type=\"column\">\n\t\t\t<div class=\"elementor-widget-wrap elementor-element-populated\">\n\t\t\t\t\t\t<div class=\"elementor-element elementor-element-1e5b8f9 content-align-left icon-box-vertical-align-top preserve-img-ratio-cover icon-vertical-align-start elementor-widget elementor-widget-the7_image_box_widget\" data-id=\"1e5b8f9\" data-element_type=\"widget\" data-e-type=\"widget\" data-widget_type=\"the7_image_box_widget.default\">\n\t\t\t\t<div class=\"elementor-widget-container\">\n\t\t\t\t\t\n\t\t<a class=\"the7-box-wrapper the7-elementor-widget box-hover the7_image_box_widget-1e5b8f9\" href=\"https:\/\/www.atemhaus-hubertushof.de\/aussenbereich\/\">\t\t\t<div class=\"box-content-wrapper\">\n\t\t\t\t\t\t\t\t<div class=\"elementor-image-div \">\n\t\t\t\t\t<div class=\"post-thumbnail-rollover layzr-bg img-css-resize-wrapper\"><img decoding=\"async\" width=\"2016\" height=\"1512\" src=\"data:image\/svg+xml,%3Csvg%20xmlns%3D&#039;http%3A%2F%2Fwww.w3.org%2F2000%2Fsvg&#039;%20viewBox%3D&#039;0%200%202016%201512&#039;%2F%3E\" class=\"attachment-full size-full preload-me aspect lazy lazy-load\" alt=\"\" sizes=\"(max-width: 2016px) 100vw, 2016px\" style=\"--ratio: 2016 \/ 1512;\" data-src=\"https:\/\/atemhaus-hubertushof.de\/wp-content\/uploads\/f5ca06f7-45ac-4fb3-b289-db56cde77fbd.jpg\" loading=\"eager\" data-srcset=\"https:\/\/atemhaus-hubertushof.de\/wp-content\/uploads\/f5ca06f7-45ac-4fb3-b289-db56cde77fbd.jpg 2016w, https:\/\/atemhaus-hubertushof.de\/wp-content\/uploads\/f5ca06f7-45ac-4fb3-b289-db56cde77fbd-900x675.jpg 900w, https:\/\/atemhaus-hubertushof.de\/wp-content\/uploads\/f5ca06f7-45ac-4fb3-b289-db56cde77fbd-1200x900.jpg 1200w, https:\/\/atemhaus-hubertushof.de\/wp-content\/uploads\/f5ca06f7-45ac-4fb3-b289-db56cde77fbd-300x225.jpg 300w, https:\/\/atemhaus-hubertushof.de\/wp-content\/uploads\/f5ca06f7-45ac-4fb3-b289-db56cde77fbd-1024x768.jpg 1024w, https:\/\/atemhaus-hubertushof.de\/wp-content\/uploads\/f5ca06f7-45ac-4fb3-b289-db56cde77fbd-768x576.jpg 768w, https:\/\/atemhaus-hubertushof.de\/wp-content\/uploads\/f5ca06f7-45ac-4fb3-b289-db56cde77fbd-1536x1152.jpg 1536w\" \/><span class=\"the7-hover-icon\"><svg aria-hidden=\"true\" class=\"e-font-icon-svg e-fas-plus\" viewBox=\"0 0 448 512\" xmlns=\"http:\/\/www.w3.org\/2000\/svg\"><path d=\"M416 208H272V64c0-17.67-14.33-32-32-32h-32c-17.67 0-32 14.33-32 32v144H32c-17.67 0-32 14.33-32 32v32c0 17.67 14.33 32 32 32h144v144c0 17.67 14.33 32 32 32h32c17.67 0 32-14.33 32-32V304h144c17.67 0 32-14.33 32-32v-32c0-17.67-14.33-32-32-32z\"><\/path><\/svg><\/span><\/div>\t\t\t\t<\/div>\n\t\t\t\t\n\t\t\t\t<div class=\"box-content\">\n\t\t\t\t\t<h1 class=\"box-heading\">Au\u00dfenbereich<\/h1><div class=\"box-description\">Unser Aussenbereich bietet Yogaplattform, Feuerstellen und Permanente Schwitzh\u00fctte an. Naturteich (in Planung).<\/div><div class=\"box-button elementor-button elementor-size-xs\">Anschauen<\/div>\t\t\t\t<\/div>\n\t\t\t<\/div>\n\t\t<\/a>\t\t\t\t<\/div>\n\t\t\t\t<\/div>\n\t\t\t\t\t<\/div>\n\t\t<\/div>\n\t\t\t\t\t<\/div>\n\t\t<\/section>\n\t\t<div class=\"elementor-element elementor-element-a8ff81f e-flex e-con-boxed e-con e-parent\" data-id=\"a8ff81f\" data-element_type=\"container\" data-e-type=\"container\">\n\t\t\t\t\t<div class=\"e-con-inner\">\n\t\t\t\t<div class=\"elementor-element elementor-element-9e417d3 elementor-widget elementor-widget-text-editor\" data-id=\"9e417d3\" data-element_type=\"widget\" data-e-type=\"widget\" data-widget_type=\"text-editor.default\">\n\t\t\t\t<div class=\"elementor-widget-container\">\n\t\t\t\t\t\t\t\t\t<p>Es gibt viele Gr\u00fcnde, die unser Seminarhaus f\u00fcr Teilnehmer und Organisatoren attraktiv machen. Hier einige wichtige Aspekte, die Sie bei der Auswahl eines Seminarhauses ber\u00fccksichtigt werden sollten:<\/p>\n<p>Lage: Unser Seminarhaus befindet sich sch\u00f6n und ruhig gelegen, in absoluter Alleinlage, mitten in einem Naturschutzgebiet. Das macht es f\u00fcr Ihre Teilnehmer attraktiv, da es hier viele M\u00f6glichkeiten gibt, sich von Alltag zu l\u00f6sen und sich naturverbunden auf die Veranstaltung zu konzentrieren.<\/p>\n<p>Ausstattung: Die Ausstattung eines Seminarhauses ist ebenfalls wichtig. Die Teilnehmer m\u00f6chten sich in einer Umgebung wohlf\u00fchlen, die f\u00fcr den Workshop geeignet ist. Dazu geh\u00f6ren gen\u00fcgend Platz f\u00fcr alle Teilnehmer, eine ausreichende technische Ausstattung und komfortable Seminarr\u00e4ume mit guter Energie. Wir haben alles was man zum Wohlf\u00fchlen braucht sowie eine moderne Durchf\u00fchrung eines Seminar ben\u00f6tigt wird.<\/p>\n<p>Unterkunft und Verpflegung: Die Teilnehmer achten sehr auf die Qualit\u00e4t der Unterkunft und die Verpflegung im Seminarhaus. Eine komfortable Unterkunft (alle unsere Zimmer haben eigenes Bad und Zugang zum Balkon) mit exzellenter vegetarischer Verpflegung (daf\u00fcr sind wir bekannt) und ausreichend erholsamem Schlaf (die Alleinlage bringt himmlische Ruhe) tr\u00e4gt dazu bei, dass sich die Teilnehmer besser konzentrieren k\u00f6nnen und engagiert arbeiten. Ein weitere Pluspunkt: Lebendiges Wasser aus unserer eigenen Quelle.<\/p>\n<p>Kosten: Die Kosten f\u00fcr Unterkunft und Verpflegung sind ebenfalls wichtig. Wir sind ein Seminarhaus, dass ein ausgezeichnetes Preis-Leistungs-Verh\u00e4ltnis bietet, und Teilnehmer k\u00f6nnen sicher sein, dass sie hier viel Qualit\u00e4t zu einem g\u00fcnstigen Preis erhalten.<\/p>\n<p>Flexibilit\u00e4t: Wir sind ein Seminarhaus, das flexibel ist und die vielschichtigen Bed\u00fcrfnisse von Organisatoren und Teilnehmern ber\u00fccksichtigen kann. Wir bieten verschiedenste Veranstaltungsformate sowie Mietdauern an und sind in der Lage, auf spezielle Anforderungen oder W\u00fcnsche einzugehen.<\/p>\n<p>Es ist uns wichtig, dass unser Seminarhaus ein Umfeld schafft, das es Teilnehmern erm\u00f6glicht, sich auf das Seminar zu konzentrieren, sich dabei wohl zu f\u00fchlen und uns dann bereichert und energetisiert wieder verlassen.<\/p>\t\t\t\t\t\t\t\t<\/div>\n\t\t\t\t<\/div>\n\t\t\t\t\t<\/div>\n\t\t\t\t<\/div>\n\t\t<div class=\"elementor-element elementor-element-de5ec8e e-con-full e-flex e-con e-parent\" data-id=\"de5ec8e\" data-element_type=\"container\" data-e-type=\"container\">\n\t\t\t\t<div class=\"elementor-element elementor-element-d5f76b4 elementor-widget elementor-widget-template\" data-id=\"d5f76b4\" data-element_type=\"widget\" data-e-type=\"widget\" data-widget_type=\"template.default\">\n\t\t\t\t<div class=\"elementor-widget-container\">\n\t\t\t\t\t\t\t<div class=\"elementor-template\">\n\t\t\t\t\t<div data-elementor-type=\"section\" data-elementor-id=\"9028\" class=\"elementor elementor-9028\" data-elementor-post-type=\"elementor_library\">\n\t\t\t<div class=\"elementor-element elementor-element-ed97860 e-con-full e-flex e-con e-parent\" data-id=\"ed97860\" data-element_type=\"container\" data-e-type=\"container\" data-settings=\"{&quot;background_background&quot;:&quot;classic&quot;}\">\n\t\t<div class=\"elementor-element elementor-element-e1d4000 e-con-full e-flex e-con e-child\" data-id=\"e1d4000\" data-element_type=\"container\" data-e-type=\"container\">\n\t\t\t\t<div class=\"elementor-element elementor-element-806001e elementor-widget elementor-widget-text-editor\" data-id=\"806001e\" data-element_type=\"widget\" data-e-type=\"widget\" data-widget_type=\"text-editor.default\">\n\t\t\t\t<div class=\"elementor-widget-container\">\n\t\t\t\t\t\t\t\t\t<p><strong>Bewertungen<\/strong><\/p>\t\t\t\t\t\t\t\t<\/div>\n\t\t\t\t<\/div>\n\t\t\t\t<div class=\"elementor-element elementor-element-6f7bd2c arrows-relative-to-box_area bullets-small-dot-stroke elementor-widget elementor-widget-the7_testimonials_carousel\" data-id=\"6f7bd2c\" data-element_type=\"widget\" data-e-type=\"widget\" data-settings=\"{&quot;widget_columns&quot;:1,&quot;widget_columns_tablet&quot;:2,&quot;widget_columns_mobile&quot;:1,&quot;gap_between_posts&quot;:{&quot;unit&quot;:&quot;px&quot;,&quot;size&quot;:30,&quot;sizes&quot;:[]},&quot;gap_between_posts_tablet&quot;:{&quot;unit&quot;:&quot;px&quot;,&quot;size&quot;:&quot;&quot;,&quot;sizes&quot;:[]},&quot;gap_between_posts_mobile&quot;:{&quot;unit&quot;:&quot;px&quot;,&quot;size&quot;:&quot;&quot;,&quot;sizes&quot;:[]}}\" data-widget_type=\"the7_testimonials_carousel.default\">\n\t\t\t\t<div class=\"elementor-widget-container\">\n\t\t\t\t\t<div class=\"disable-arrows-hover-bg owl-carousel testimonials-carousel elementor-owl-carousel-call the7-elementor-widget the7_testimonials_carousel-6f7bd2c quick-scale-img\" data-scroll-mode=\"1\" data-auto-height=\"false\" data-speed=\"600\" data-autoplay=\"false\" data-autoplay_speed=\"\"><div  class=\"dt-owl-item-wrap hide-icon hide-btn elements-hover\"  ><div class=\"dt-owl-item-inner \"><div class=\"dt-owl-item-description\">Vielf\u00e4ltige Natur, Alleinlage, Ruhe, sehr gutes  liebevoll (gekochtes) zubereitetes Essen. Menschen die wissen wo Ihr Herz ist \u2013 was will ich mehr? Danke! S.M.<\/div><\/div><\/div><div  class=\"dt-owl-item-wrap hide-icon hide-btn elements-hover\"  ><div class=\"dt-owl-item-inner \"><div class=\"dt-owl-item-description\">Sehr idyllisch gelegen, voll in der Natur. Herzliche Gastgeber. Mit Liebe zubereitetes, sehr leckeres vegetarisches Essen, auf Wunsch auch vegan oder laktosefrei \u2013 sehr reichhaltig! K.K.<\/div><\/div><\/div><div  class=\"dt-owl-item-wrap hide-icon hide-btn elements-hover\"  ><div class=\"dt-owl-item-inner \"><div class=\"dt-owl-item-description\">Eure herzliche und pers\u00f6nliche Art l\u00e4sst einen ab dem ersten Moment zu Hause f\u00fchlen.das sehr gute Essen, die unendliche Ruhe und Nat\u00fcrlichkeit machen den Aufenthalt zu einem Urlaub f\u00fcr K\u00f6rper, Geist und Seele. B.E.<\/div><\/div><\/div><div  class=\"dt-owl-item-wrap hide-icon hide-btn elements-hover\"  ><div class=\"dt-owl-item-inner \"><div class=\"dt-owl-item-description\">Wundersch\u00f6ner Ort, unglaublich gastfreundlich. Kreative und gro\u00dfartige Menschen. Der beste Ort in Deutschland um einen guten und gewinnbringenden Atemkurs zu halten. Wundersch\u00f6ne, verschlungenen Wanderwege. C.K. <\/div><\/div><\/div><div  class=\"dt-owl-item-wrap hide-icon hide-btn elements-hover\"  ><div class=\"dt-owl-item-inner \"><div class=\"dt-owl-item-description\">Die Tage im Hubertushof waren ein Geschenk. Wir wurden so herzlich aufgenommen. Das Essen war wirklich klasse, besonders das glutenfreie Brot und die frischen leckeren Salate (super Quellwasser). Alles war so liebevoll zubereitet. Ich habe mich wie zu Hause gef\u00fchlt. Vielen, herzlichen Dank f\u00fcr alles. B.B.<\/div><\/div><\/div><div  class=\"dt-owl-item-wrap hide-icon hide-btn elements-hover\"  ><div class=\"dt-owl-item-inner \"><div class=\"dt-owl-item-description\">Es ist ein besonderer Ort hier. Ihr f\u00fcllt ihn mit ganz viel positiver Energie und Liebe! Kraftspendend, pur, mitten in der wunderbaren Natur und Stille. F\u00fchlte mich geborgen und frei. Von Herzen Dank f\u00fcr den Platz den ihr hier bereitet.      R. G-N<\/div><\/div><\/div><\/div><div class=\"owl-nav disabled\"><div class=\"owl-prev\" role=\"button\" tabindex=\"0\" aria-label=\"Prev slide\"><svg class=\"e-font-icon-svg e-fas-chevron-left\" viewBox=\"0 0 320 512\" xmlns=\"http:\/\/www.w3.org\/2000\/svg\"><path d=\"M34.52 239.03L228.87 44.69c9.37-9.37 24.57-9.37 33.94 0l22.67 22.67c9.36 9.36 9.37 24.52.04 33.9L131.49 256l154.02 154.75c9.34 9.38 9.32 24.54-.04 33.9l-22.67 22.67c-9.37 9.37-24.57 9.37-33.94 0L34.52 272.97c-9.37-9.37-9.37-24.57 0-33.94z\"><\/path><\/svg><\/div><div class=\"owl-next\" role=\"button\" tabindex=\"0\" aria-label=\"Next slide\"><svg class=\"e-font-icon-svg e-fas-chevron-right\" viewBox=\"0 0 320 512\" xmlns=\"http:\/\/www.w3.org\/2000\/svg\"><path d=\"M285.476 272.971L91.132 467.314c-9.373 9.373-24.569 9.373-33.941 0l-22.667-22.667c-9.357-9.357-9.375-24.522-.04-33.901L188.505 256 34.484 101.255c-9.335-9.379-9.317-24.544.04-33.901l22.667-22.667c9.373-9.373 24.569-9.373 33.941 0L285.475 239.03c9.373 9.372 9.373 24.568.001 33.941z\"><\/path><\/svg><\/div><\/div>\t\t\t\t<\/div>\n\t\t\t\t<\/div>\n\t\t\t\t<\/div>\n\t\t<div class=\"elementor-element elementor-element-8bde18f e-con-full e-flex e-con e-child\" data-id=\"8bde18f\" data-element_type=\"container\" data-e-type=\"container\">\n\t\t\t\t<div class=\"elementor-element elementor-element-1623146 elementor-widget elementor-widget-html\" data-id=\"1623146\" data-element_type=\"widget\" data-e-type=\"widget\" data-widget_type=\"html.default\">\n\t\t\t\t<div class=\"elementor-widget-container\">\n\t\t\t\t\t<link data-noptimize=\"1\" data-no-optimize=\"1\" data-no-minify=\"1\" data-no-defer=\"1\" rel=\"stylesheet\" href=\"https:\/\/atemhaus-hubertushof.de\/wp-content\/uploads\/trustindex-google-widget.css?1787072639\" media=\"all\"><pre class=\"ti-widget\"><div style=\"opacity: 0;height: 0 !important;overflow: hidden !important\" data-css-url=\"https:\/\/atemhaus-hubertushof.de\/wp-content\/uploads\/trustindex-google-widget.css?1787072639\" class=\" ti-widget  ti-goog ti-review-text-mode-readmore ti-content-align-center\" data-no-translation=\"true\" data-plugin-version=\"14.1\" data-layout-id=\"36\" data-layout-category=\"slider\" data-set-id=\"drop-shadow\" data-pid=\"wp-widget\" data-language=\"de\" data-close-locale=\"Schlie\u00dfen\" data-review-target-width=\"300\" data-css-version=\"2\" data-reply-by-locale=\"Antwort des Eigent\u00fcmers\" data-only-rating-locale=\"Dieser Nutzer hat lediglich eine Bewertung abgegeben.\" data-pager-autoplay-timeout=\"6\"> <div class=\"ti-widget-container ti-col-3\"> <div class=\"ti-reviews-container\"> <div class=\"ti-controls\"> <div class=\"ti-next\" aria-label=\"N\u00e4chste Bewertung\" role=\"button\" tabindex=\"0\"><\/div> <div class=\"ti-prev\" aria-label=\"Vorherige Bewertung\" role=\"button\" tabindex=\"0\"><\/div> <\/div> <div class=\"ti-reviews-container-wrapper\">  <div data-empty=\"0\" class=\"ti-review-item source-Google ti-image-layout-thumbnail\" data-time=\"\" data-id=\"cfcd208495d565ef66e7dff9f98764da\" data-language=\"\"> <div class=\"ti-inner\"> <div class=\"ti-review-header\">  <div class=\"ti-profile-img\"> <img decoding=\"async\" class=\"skip-lazy\" src=\"https:\/\/lh3.googleusercontent.com\/a-\/ALV-UjXaGdceU5ddwFuKu0IRWXNp6CtDSYiTx4l0q5KVDCgLOfQ=w64-h64-c-rp-mo-ba4-br100\" srcset=\"https:\/\/lh3.googleusercontent.com\/a-\/ALV-UjXaGdceU5ddwFuKu0IRWXNp6CtDSYiTx4l0q5KVDCgLOfQ=w128-h128-c-rp-mo-ba4-br100 2x\" alt=\"Steve Rybak profile picture\" loading=\"lazy\" \/> <\/div> <div class=\"ti-profile-details\"> <div class=\"ti-name\"> Steve Rybak <\/div> <div class=\"ti-date\"><\/div> <\/div> <\/div> <span class=\"ti-stars\"><img loading=\"lazy\" decoding=\"async\" class=\"ti-star skip-lazy\" src=\"https:\/\/cdn.trustindex.io\/assets\/platform\/Google\/star\/f.svg\" alt=\"Google star 1\" width=\"17\" height=\"17\" loading=\"lazy\" \/><img loading=\"lazy\" decoding=\"async\" class=\"ti-star skip-lazy\" src=\"https:\/\/cdn.trustindex.io\/assets\/platform\/Google\/star\/f.svg\" alt=\"Google star 2\" width=\"17\" height=\"17\" loading=\"lazy\" \/><img loading=\"lazy\" decoding=\"async\" class=\"ti-star skip-lazy\" src=\"https:\/\/cdn.trustindex.io\/assets\/platform\/Google\/star\/f.svg\" alt=\"Google star 3\" width=\"17\" height=\"17\" loading=\"lazy\" \/><img loading=\"lazy\" decoding=\"async\" class=\"ti-star skip-lazy\" src=\"https:\/\/cdn.trustindex.io\/assets\/platform\/Google\/star\/f.svg\" alt=\"Google star 4\" width=\"17\" height=\"17\" loading=\"lazy\" \/><img loading=\"lazy\" decoding=\"async\" class=\"ti-star skip-lazy\" src=\"https:\/\/cdn.trustindex.io\/assets\/platform\/Google\/star\/f.svg\" alt=\"Google star 5\" width=\"17\" height=\"17\" loading=\"lazy\" \/><\/span> <div class=\"ti-review-text-container ti-review-content\"><!-- R-CONTENT -->Tolles Team, spitzen Atmosph\u00e4re. Fachliches Super-Angebot<!-- R-CONTENT --><\/div> <span class=\"ti-read-more\" data-container=\".ti-review-content\" data-collapse-text=\"Ausblenden\" data-open-text=\"Weiterlesen\"><\/span> <\/div> <\/div>  <div data-empty=\"0\" class=\"ti-review-item source-Google ti-image-layout-thumbnail\" data-time=\"\" data-id=\"cfcd208495d565ef66e7dff9f98764da\" data-language=\"\"> <div class=\"ti-inner\"> <div class=\"ti-review-header\">  <div class=\"ti-profile-img\"> <img decoding=\"async\" class=\"skip-lazy\" src=\"https:\/\/lh3.googleusercontent.com\/a-\/ALV-UjVcaZGovSNWWrp0HRyWQJQ7KpwG_L14DgS9iU7wrVFfNug=w64-h64-c-rp-mo-br100\" srcset=\"https:\/\/lh3.googleusercontent.com\/a-\/ALV-UjVcaZGovSNWWrp0HRyWQJQ7KpwG_L14DgS9iU7wrVFfNug=w128-h128-c-rp-mo-br100 2x\" alt=\"Jakub Stritezsky profile picture\" loading=\"lazy\" \/> <\/div> <div class=\"ti-profile-details\"> <div class=\"ti-name\"> Jakub Stritezsky <\/div> <div class=\"ti-date\"><\/div> <\/div> <\/div> <span class=\"ti-stars\"><img loading=\"lazy\" decoding=\"async\" class=\"ti-star skip-lazy\" src=\"https:\/\/cdn.trustindex.io\/assets\/platform\/Google\/star\/f.svg\" alt=\"Google star 1\" width=\"17\" height=\"17\" loading=\"lazy\" \/><img loading=\"lazy\" decoding=\"async\" class=\"ti-star skip-lazy\" src=\"https:\/\/cdn.trustindex.io\/assets\/platform\/Google\/star\/f.svg\" alt=\"Google star 2\" width=\"17\" height=\"17\" loading=\"lazy\" \/><img loading=\"lazy\" decoding=\"async\" class=\"ti-star skip-lazy\" src=\"https:\/\/cdn.trustindex.io\/assets\/platform\/Google\/star\/f.svg\" alt=\"Google star 3\" width=\"17\" height=\"17\" loading=\"lazy\" \/><img loading=\"lazy\" decoding=\"async\" class=\"ti-star skip-lazy\" src=\"https:\/\/cdn.trustindex.io\/assets\/platform\/Google\/star\/f.svg\" alt=\"Google star 4\" width=\"17\" height=\"17\" loading=\"lazy\" \/><img loading=\"lazy\" decoding=\"async\" class=\"ti-star skip-lazy\" src=\"https:\/\/cdn.trustindex.io\/assets\/platform\/Google\/star\/f.svg\" alt=\"Google star 5\" width=\"17\" height=\"17\" loading=\"lazy\" \/><\/span> <div class=\"ti-review-text-container ti-review-content\"><!-- R-CONTENT -->Wonderful, magical place. The best seminar food ever, friendly hosts, nature and calm space to do anything. I will be happy to return here ?<!-- R-CONTENT --><\/div> <span class=\"ti-read-more\" data-container=\".ti-review-content\" data-collapse-text=\"Ausblenden\" data-open-text=\"Weiterlesen\"><\/span> <\/div> <\/div>  <div data-empty=\"0\" class=\"ti-review-item source-Google ti-image-layout-thumbnail\" data-time=\"\" data-id=\"cfcd208495d565ef66e7dff9f98764da\" data-language=\"\"> <div class=\"ti-inner\"> <div class=\"ti-review-header\">  <div class=\"ti-profile-img\"> <img decoding=\"async\" class=\"skip-lazy\" src=\"https:\/\/lh3.googleusercontent.com\/a-\/ALV-UjXyFaSrz3P9NSt4ZxHrs2JTtop012s1CrwPuRgcRl_WdhU=w64-h64-c-rp-mo-br100\" srcset=\"https:\/\/lh3.googleusercontent.com\/a-\/ALV-UjXyFaSrz3P9NSt4ZxHrs2JTtop012s1CrwPuRgcRl_WdhU=w128-h128-c-rp-mo-br100 2x\" alt=\"Anja Busch profile picture\" loading=\"lazy\" \/> <\/div> <div class=\"ti-profile-details\"> <div class=\"ti-name\"> Anja Busch <\/div> <div class=\"ti-date\"><\/div> <\/div> <\/div> <span class=\"ti-stars\"><img loading=\"lazy\" decoding=\"async\" class=\"ti-star skip-lazy\" src=\"https:\/\/cdn.trustindex.io\/assets\/platform\/Google\/star\/f.svg\" alt=\"Google star 1\" width=\"17\" height=\"17\" loading=\"lazy\" \/><img loading=\"lazy\" decoding=\"async\" class=\"ti-star skip-lazy\" src=\"https:\/\/cdn.trustindex.io\/assets\/platform\/Google\/star\/f.svg\" alt=\"Google star 2\" width=\"17\" height=\"17\" loading=\"lazy\" \/><img loading=\"lazy\" decoding=\"async\" class=\"ti-star skip-lazy\" src=\"https:\/\/cdn.trustindex.io\/assets\/platform\/Google\/star\/f.svg\" alt=\"Google star 3\" width=\"17\" height=\"17\" loading=\"lazy\" \/><img loading=\"lazy\" decoding=\"async\" class=\"ti-star skip-lazy\" src=\"https:\/\/cdn.trustindex.io\/assets\/platform\/Google\/star\/f.svg\" alt=\"Google star 4\" width=\"17\" height=\"17\" loading=\"lazy\" \/><img loading=\"lazy\" decoding=\"async\" class=\"ti-star skip-lazy\" src=\"https:\/\/cdn.trustindex.io\/assets\/platform\/Google\/star\/f.svg\" alt=\"Google star 5\" width=\"17\" height=\"17\" loading=\"lazy\" \/><\/span> <div class=\"ti-review-text-container ti-review-content\"><!-- R-CONTENT -->Ein wundervoller Ort, der mit sehr viel Herz und Liebe von den Bewohnern erf\u00fcllt ist. Ich war auf dem Lebenslust und Atemfestival und es war eine Begegnung der besonderen Art\u2764\ufe0f<!-- R-CONTENT --><\/div> <span class=\"ti-read-more\" data-container=\".ti-review-content\" data-collapse-text=\"Ausblenden\" data-open-text=\"Weiterlesen\"><\/span> <\/div> <\/div>  <div data-empty=\"0\" class=\"ti-review-item source-Google ti-image-layout-thumbnail\" data-time=\"\" data-id=\"cfcd208495d565ef66e7dff9f98764da\" data-language=\"\"> <div class=\"ti-inner\"> <div class=\"ti-review-header\">  <div class=\"ti-profile-img\"> <img decoding=\"async\" class=\"skip-lazy\" src=\"https:\/\/lh3.googleusercontent.com\/a-\/ALV-UjVxVkYUn_VHJiQZ20ZlhwPNxBhgo_uIKbqJ8ACquLsdOE8=w64-h64-c-rp-mo-ba3-br100\" srcset=\"https:\/\/lh3.googleusercontent.com\/a-\/ALV-UjVxVkYUn_VHJiQZ20ZlhwPNxBhgo_uIKbqJ8ACquLsdOE8=w128-h128-c-rp-mo-ba3-br100 2x\" alt=\"Renata Konstantinova profile picture\" loading=\"lazy\" \/> <\/div> <div class=\"ti-profile-details\"> <div class=\"ti-name\"> Renata Konstantinova <\/div> <div class=\"ti-date\"><\/div> <\/div> <\/div> <span class=\"ti-stars\"><img loading=\"lazy\" decoding=\"async\" class=\"ti-star skip-lazy\" src=\"https:\/\/cdn.trustindex.io\/assets\/platform\/Google\/star\/f.svg\" alt=\"Google star 1\" width=\"17\" height=\"17\" loading=\"lazy\" \/><img loading=\"lazy\" decoding=\"async\" class=\"ti-star skip-lazy\" src=\"https:\/\/cdn.trustindex.io\/assets\/platform\/Google\/star\/f.svg\" alt=\"Google star 2\" width=\"17\" height=\"17\" loading=\"lazy\" \/><img loading=\"lazy\" decoding=\"async\" class=\"ti-star skip-lazy\" src=\"https:\/\/cdn.trustindex.io\/assets\/platform\/Google\/star\/f.svg\" alt=\"Google star 3\" width=\"17\" height=\"17\" loading=\"lazy\" \/><img loading=\"lazy\" decoding=\"async\" class=\"ti-star skip-lazy\" src=\"https:\/\/cdn.trustindex.io\/assets\/platform\/Google\/star\/f.svg\" alt=\"Google star 4\" width=\"17\" height=\"17\" loading=\"lazy\" \/><img loading=\"lazy\" decoding=\"async\" class=\"ti-star skip-lazy\" src=\"https:\/\/cdn.trustindex.io\/assets\/platform\/Google\/star\/f.svg\" alt=\"Google star 5\" width=\"17\" height=\"17\" loading=\"lazy\" \/><\/span> <div class=\"ti-review-text-container ti-review-content\"><!-- R-CONTENT -->One of the most beautiful places in the world. Just come here and you will find the deepest peace, your strength and meet your real self. Very tasty food and cozy rooms.<!-- R-CONTENT --><\/div> <span class=\"ti-read-more\" data-container=\".ti-review-content\" data-collapse-text=\"Ausblenden\" data-open-text=\"Weiterlesen\"><\/span> <\/div> <\/div>  <div data-empty=\"0\" class=\"ti-review-item source-Google ti-image-layout-thumbnail\" data-time=\"\" data-id=\"cfcd208495d565ef66e7dff9f98764da\" data-language=\"\"> <div class=\"ti-inner\"> <div class=\"ti-review-header\">  <div class=\"ti-profile-img\"> <img decoding=\"async\" class=\"skip-lazy\" src=\"https:\/\/lh3.googleusercontent.com\/a-\/ALV-UjUWNmyoL67fo2202lyT0pEnxeXTn08S57u_mgKo81r2qQ=w64-h64-c-rp-mo-ba4-br100\" srcset=\"https:\/\/lh3.googleusercontent.com\/a-\/ALV-UjUWNmyoL67fo2202lyT0pEnxeXTn08S57u_mgKo81r2qQ=w128-h128-c-rp-mo-ba4-br100 2x\" alt=\"Conrad Scheffler profile picture\" loading=\"lazy\" \/> <\/div> <div class=\"ti-profile-details\"> <div class=\"ti-name\"> Conrad Scheffler <\/div> <div class=\"ti-date\"><\/div> <\/div> <\/div> <span class=\"ti-stars\"><img loading=\"lazy\" decoding=\"async\" class=\"ti-star skip-lazy\" src=\"https:\/\/cdn.trustindex.io\/assets\/platform\/Google\/star\/f.svg\" alt=\"Google star 1\" width=\"17\" height=\"17\" loading=\"lazy\" \/><img loading=\"lazy\" decoding=\"async\" class=\"ti-star skip-lazy\" src=\"https:\/\/cdn.trustindex.io\/assets\/platform\/Google\/star\/f.svg\" alt=\"Google star 2\" width=\"17\" height=\"17\" loading=\"lazy\" \/><img loading=\"lazy\" decoding=\"async\" class=\"ti-star skip-lazy\" src=\"https:\/\/cdn.trustindex.io\/assets\/platform\/Google\/star\/f.svg\" alt=\"Google star 3\" width=\"17\" height=\"17\" loading=\"lazy\" \/><img loading=\"lazy\" decoding=\"async\" class=\"ti-star skip-lazy\" src=\"https:\/\/cdn.trustindex.io\/assets\/platform\/Google\/star\/f.svg\" alt=\"Google star 4\" width=\"17\" height=\"17\" loading=\"lazy\" \/><img loading=\"lazy\" decoding=\"async\" class=\"ti-star skip-lazy\" src=\"https:\/\/cdn.trustindex.io\/assets\/platform\/Google\/star\/f.svg\" alt=\"Google star 5\" width=\"17\" height=\"17\" loading=\"lazy\" \/><\/span> <div class=\"ti-review-text-container ti-review-content\"><!-- R-CONTENT -->Sehr freundliche und aufgeschlossene Gastgeber. Ich werde wiederkommen.<!-- R-CONTENT --><\/div> <span class=\"ti-read-more\" data-container=\".ti-review-content\" data-collapse-text=\"Ausblenden\" data-open-text=\"Weiterlesen\"><\/span> <\/div> <\/div>  <div data-empty=\"0\" class=\"ti-review-item source-Google ti-image-layout-thumbnail\" data-time=\"\" data-id=\"cfcd208495d565ef66e7dff9f98764da\" data-language=\"\"> <div class=\"ti-inner\"> <div class=\"ti-review-header\">  <div class=\"ti-profile-img\"> <img decoding=\"async\" class=\"skip-lazy\" src=\"https:\/\/lh3.googleusercontent.com\/a\/ACg8ocL1n_Foxo1ccrFu_JWxc_eTVOg6EzwnbGv9-WKvRDNF=w64-h64-c-rp-mo-br100\" srcset=\"https:\/\/lh3.googleusercontent.com\/a\/ACg8ocL1n_Foxo1ccrFu_JWxc_eTVOg6EzwnbGv9-WKvRDNF=w128-h128-c-rp-mo-br100 2x\" alt=\"Krisztine Osswald profile picture\" loading=\"lazy\" \/> <\/div> <div class=\"ti-profile-details\"> <div class=\"ti-name\"> Krisztine Osswald <\/div> <div class=\"ti-date\"><\/div> <\/div> <\/div> <span class=\"ti-stars\"><img loading=\"lazy\" decoding=\"async\" class=\"ti-star skip-lazy\" src=\"https:\/\/cdn.trustindex.io\/assets\/platform\/Google\/star\/f.svg\" alt=\"Google star 1\" width=\"17\" height=\"17\" loading=\"lazy\" \/><img loading=\"lazy\" decoding=\"async\" class=\"ti-star skip-lazy\" src=\"https:\/\/cdn.trustindex.io\/assets\/platform\/Google\/star\/f.svg\" alt=\"Google star 2\" width=\"17\" height=\"17\" loading=\"lazy\" \/><img loading=\"lazy\" decoding=\"async\" class=\"ti-star skip-lazy\" src=\"https:\/\/cdn.trustindex.io\/assets\/platform\/Google\/star\/f.svg\" alt=\"Google star 3\" width=\"17\" height=\"17\" loading=\"lazy\" \/><img loading=\"lazy\" decoding=\"async\" class=\"ti-star skip-lazy\" src=\"https:\/\/cdn.trustindex.io\/assets\/platform\/Google\/star\/f.svg\" alt=\"Google star 4\" width=\"17\" height=\"17\" loading=\"lazy\" \/><img loading=\"lazy\" decoding=\"async\" class=\"ti-star skip-lazy\" src=\"https:\/\/cdn.trustindex.io\/assets\/platform\/Google\/star\/f.svg\" alt=\"Google star 5\" width=\"17\" height=\"17\" loading=\"lazy\" \/><\/span> <div class=\"ti-review-text-container ti-review-content\"><!-- R-CONTENT -->Eine besondere Atmosph\u00e4re<!-- R-CONTENT --><\/div> <span class=\"ti-read-more\" data-container=\".ti-review-content\" data-collapse-text=\"Ausblenden\" data-open-text=\"Weiterlesen\"><\/span> <\/div> <\/div>  <div data-empty=\"0\" class=\"ti-review-item source-Google ti-image-layout-thumbnail\" data-time=\"\" data-id=\"cfcd208495d565ef66e7dff9f98764da\" data-language=\"\"> <div class=\"ti-inner\"> <div class=\"ti-review-header\">  <div class=\"ti-profile-img\"> <img decoding=\"async\" class=\"skip-lazy\" src=\"https:\/\/lh3.googleusercontent.com\/a-\/ALV-UjU-KOrPqb-Cx6QRSHgxrGpap1y53vHh7tqR5DZvOmhyAg=w64-h64-c-rp-mo-br100\" srcset=\"https:\/\/lh3.googleusercontent.com\/a-\/ALV-UjU-KOrPqb-Cx6QRSHgxrGpap1y53vHh7tqR5DZvOmhyAg=w128-h128-c-rp-mo-br100 2x\" alt=\"Eva Wimmer profile picture\" loading=\"lazy\" \/> <\/div> <div class=\"ti-profile-details\"> <div class=\"ti-name\"> Eva Wimmer <\/div> <div class=\"ti-date\"><\/div> <\/div> <\/div> <span class=\"ti-stars\"><img loading=\"lazy\" decoding=\"async\" class=\"ti-star skip-lazy\" src=\"https:\/\/cdn.trustindex.io\/assets\/platform\/Google\/star\/f.svg\" alt=\"Google star 1\" width=\"17\" height=\"17\" loading=\"lazy\" \/><img loading=\"lazy\" decoding=\"async\" class=\"ti-star skip-lazy\" src=\"https:\/\/cdn.trustindex.io\/assets\/platform\/Google\/star\/f.svg\" alt=\"Google star 2\" width=\"17\" height=\"17\" loading=\"lazy\" \/><img loading=\"lazy\" decoding=\"async\" class=\"ti-star skip-lazy\" src=\"https:\/\/cdn.trustindex.io\/assets\/platform\/Google\/star\/f.svg\" alt=\"Google star 3\" width=\"17\" height=\"17\" loading=\"lazy\" \/><img loading=\"lazy\" decoding=\"async\" class=\"ti-star skip-lazy\" src=\"https:\/\/cdn.trustindex.io\/assets\/platform\/Google\/star\/f.svg\" alt=\"Google star 4\" width=\"17\" height=\"17\" loading=\"lazy\" \/><img loading=\"lazy\" decoding=\"async\" class=\"ti-star skip-lazy\" src=\"https:\/\/cdn.trustindex.io\/assets\/platform\/Google\/star\/f.svg\" alt=\"Google star 5\" width=\"17\" height=\"17\" loading=\"lazy\" \/><\/span> <div class=\"ti-review-text-container ti-review-content\"><!-- R-CONTENT -->Unglaublich sch\u00f6ner und ruhiger Ort. Perfekt um die Seele baumeln zu lassen und eine tolle Zeit zu haben. Wir waren im Mai dort f\u00fcr ein Warmwasser-Seminar und waren wirklich rundum zufrieden. Tolle saubere Zimmer, sch\u00f6n ger\u00e4umige Seminarr\u00e4ume und seehr gutes Essen. Betreut von Herzens-Menschen. Ich freue mich schon auf den n\u00e4chsten Besuch dort!!<!-- R-CONTENT --><\/div> <span class=\"ti-read-more\" data-container=\".ti-review-content\" data-collapse-text=\"Ausblenden\" data-open-text=\"Weiterlesen\"><\/span> <\/div> <\/div>  <\/div> <div class=\"ti-controls-line\"> <div class=\"dot\"><\/div> <\/div> <\/div>    <\/div> <\/div> <\/pre><script>\n(function () { if (window.tiLoaderFallback) { return; } window.tiLoaderFallback = true; function tiLoadLoader() { if (window.TrustindexWidget || document.querySelector('script[src*=\"https:\/\/cdn.trustindex.io\/loader.js\"]')) { return; } let script = document.createElement(\"script\"); script.async = true; script.src = \"https:\/\/cdn.trustindex.io\/loader.js\"; script.setAttribute(\"data-ccm-injected\", \"1\"); document.head.appendChild(script); } if (\"loading\" === document.readyState) { document.addEventListener(\"DOMContentLoaded\", tiLoadLoader); } else { tiLoadLoader(); } })();\n<\/script>\n\t\t\t\t<\/div>\n\t\t\t\t<\/div>\n\t\t\t\t<\/div>\n\t\t\t\t<\/div>\n\t\t\t\t<\/div>\n\t\t\t\t<\/div>\n\t\t\t\t\t\t<\/div>\n\t\t\t\t<\/div>\n\t\t\t\t<\/div>\n\t\t\t\t<\/div>\n\t\t","protected":false},"excerpt":{"rendered":"<p>\u0414\u043e\u043c \u0434\u043b\u044f \u0441\u0435\u043c\u0438\u043d\u0430\u0440\u043e\u0432 \u0438 \u043a\u043e\u043d\u0444\u0435\u0440\u0435\u043d\u0446-\u0446\u0435\u043d\u0442\u0440 Atemhaus Hubertushof \u041c\u044b \u0441 \u043d\u0435\u0442\u0435\u0440\u043f\u0435\u043d\u0438\u0435\u043c \u0436\u0434\u0435\u043c \u0432\u0430\u0448\u0435\u0433\u043e \u0432\u0438\u0437\u0438\u0442\u0430 \u043d\u0430 \u043d\u0430\u0448\u0443 \u0434\u043e\u043c\u0430\u0448\u043d\u044e\u044e \u0441\u0442\u0440\u0430\u043d\u0438\u0446\u0443. \u041c\u044b \u044f\u0432\u043b\u044f\u0435\u043c\u0441\u044f \u0434\u043e\u043c\u043e\u043c \u0434\u043b\u044f \u0441\u0435\u043c\u0438\u043d\u0430\u0440\u043e\u0432 \u0438 \u043c\u0435\u0441\u0442\u043e\u043c \u043f\u0438\u0442\u0430\u043d\u0438\u044f \u043f\u043e\u0441\u0440\u0435\u0434\u0438 \u043f\u0440\u0438\u0440\u043e\u0434\u044b \u0411\u0430\u0432\u0430\u0440\u0438\u0438. \u041e\u0441\u043c\u043e\u0442\u0440\u0438\u0442\u0435\u0441\u044c \u0438 ...<\/p>","protected":false},"author":4,"featured_media":0,"parent":0,"menu_order":0,"comment_status":"closed","ping_status":"open","template":"elementor_header_footer","meta":{"_EventAllDay":false,"_EventTimezone":"","_EventStartDate":"","_EventEndDate":"","_EventStartDateUTC":"","_EventEndDateUTC":"","_EventShowMap":false,"_EventShowMapLink":false,"_EventURL":"","_EventCost":"","_EventCostDescription":"","_EventCurrencySymbol":"","_EventCurrencyCode":"","_EventCurrencyPosition":"","_EventDateTimeSeparator":"","_EventTimeRangeSeparator":"","_EventOrganizerID":[],"_EventVenueID":[],"_OrganizerEmail":"","_OrganizerPhone":"","_OrganizerWebsite":"","_VenueAddress":"","_VenueCity":"","_VenueCountry":"","_VenueProvince":"","_VenueState":"","_VenueZip":"","_VenuePhone":"","_VenueURL":"","_VenueStateProvince":"","_VenueLat":"","_VenueLng":"","_VenueShowMap":false,"_VenueShowMapLink":false,"footnotes":""},"class_list":["post-8286","page","type-page","status-publish","hentry"],"yoast_head":"<!-- This site is optimized with the Yoast SEO plugin v28.4 - https:\/\/yoast.com\/product\/yoast-seo-wordpress\/ -->\n<title>Atemhaus - Atemhaus Hubertushof [95505 Immenreuth]<\/title>\n<meta name=\"description\" content=\"Ein Seminar- und Wandlungszentrum das dem Bewussten Atmen und der inneren Transformation gewidmet ist. Ort der Begegnug und inneren Wachstums. Im Naturschutzgebietes im Oberpf\u00e4lzer Wald, ein Ort der Erholung und des Kraftsch\u00f6pfens.\" \/>\n<meta name=\"robots\" content=\"index, follow, max-snippet:-1, max-image-preview:large, max-video-preview:-1\" \/>\n<link rel=\"canonical\" href=\"https:\/\/atemhaus-hubertushof.de\/ru\/\" \/>\n<meta property=\"og:locale\" content=\"ru_RU\" \/>\n<meta property=\"og:type\" content=\"article\" \/>\n<meta property=\"og:title\" content=\"Atemhaus - Atemhaus Hubertushof [95505 Immenreuth]\" \/>\n<meta property=\"og:description\" content=\"Ein Seminar- und Wandlungszentrum das dem Bewussten Atmen und der inneren Transformation gewidmet ist. Ort der Begegnug und inneren Wachstums. Im Naturschutzgebietes im Oberpf\u00e4lzer Wald, ein Ort der Erholung und des Kraftsch\u00f6pfens.\" \/>\n<meta property=\"og:url\" content=\"https:\/\/atemhaus-hubertushof.de\/ru\/\" \/>\n<meta property=\"og:site_name\" content=\"Atemhaus Hubertushof [95505 Immenreuth]\" \/>\n<meta property=\"article:modified_time\" content=\"2026-05-18T16:49:33+00:00\" \/>\n<meta name=\"twitter:card\" content=\"summary_large_image\" \/>\n<meta name=\"twitter:label1\" content=\"\u041f\u0440\u0438\u043c\u0435\u0440\u043d\u043e\u0435 \u0432\u0440\u0435\u043c\u044f \u0434\u043b\u044f \u0447\u0442\u0435\u043d\u0438\u044f\" \/>\n\t<meta name=\"twitter:data1\" content=\"8 \u043c\u0438\u043d\u0443\u0442\" \/>\n<script type=\"application\/ld+json\" class=\"yoast-schema-graph\">{\"@context\":\"https:\\\/\\\/schema.org\",\"@graph\":[{\"@type\":\"WebPage\",\"@id\":\"https:\\\/\\\/atemhaus-hubertushof.de\\\/\",\"url\":\"https:\\\/\\\/atemhaus-hubertushof.de\\\/\",\"name\":\"Atemhaus - Atemhaus Hubertushof [95505 Immenreuth]\",\"isPartOf\":{\"@id\":\"https:\\\/\\\/atemhaus-hubertushof.de\\\/#website\"},\"datePublished\":\"2020-03-30T08:45:03+00:00\",\"dateModified\":\"2026-05-18T16:49:33+00:00\",\"description\":\"Ein Seminar- und Wandlungszentrum das dem Bewussten Atmen und der inneren Transformation gewidmet ist. Ort der Begegnug und inneren Wachstums. Im Naturschutzgebietes im Oberpf\u00e4lzer Wald, ein Ort der Erholung und des Kraftsch\u00f6pfens.\",\"breadcrumb\":{\"@id\":\"https:\\\/\\\/atemhaus-hubertushof.de\\\/#breadcrumb\"},\"inLanguage\":\"ru-RU\",\"potentialAction\":[{\"@type\":\"ReadAction\",\"target\":[\"https:\\\/\\\/atemhaus-hubertushof.de\\\/\"]}]},{\"@type\":\"BreadcrumbList\",\"@id\":\"https:\\\/\\\/atemhaus-hubertushof.de\\\/#breadcrumb\",\"itemListElement\":[{\"@type\":\"ListItem\",\"position\":1,\"name\":\"Startseite\",\"item\":\"https:\\\/\\\/atemhaus-hubertushof.de\\\/\"},{\"@type\":\"ListItem\",\"position\":2,\"name\":\"Atemhaus\"}]},{\"@type\":\"WebSite\",\"@id\":\"https:\\\/\\\/atemhaus-hubertushof.de\\\/#website\",\"url\":\"https:\\\/\\\/atemhaus-hubertushof.de\\\/\",\"name\":\"Atemhaus Hubertushof [95505 Immenreuth]\",\"description\":\"\",\"publisher\":{\"@id\":\"https:\\\/\\\/atemhaus-hubertushof.de\\\/#organization\"},\"potentialAction\":[{\"@type\":\"SearchAction\",\"target\":{\"@type\":\"EntryPoint\",\"urlTemplate\":\"https:\\\/\\\/atemhaus-hubertushof.de\\\/?s={search_term_string}\"},\"query-input\":{\"@type\":\"PropertyValueSpecification\",\"valueRequired\":true,\"valueName\":\"search_term_string\"}}],\"inLanguage\":\"ru-RU\"},{\"@type\":\"Organization\",\"@id\":\"https:\\\/\\\/atemhaus-hubertushof.de\\\/#organization\",\"name\":\"Atemhaus Hubertushof [95505 Immenreuth]\",\"url\":\"https:\\\/\\\/atemhaus-hubertushof.de\\\/\",\"logo\":{\"@type\":\"ImageObject\",\"inLanguage\":\"ru-RU\",\"@id\":\"https:\\\/\\\/atemhaus-hubertushof.de\\\/#\\\/schema\\\/logo\\\/image\\\/\",\"url\":\"https:\\\/\\\/atemhaus-hubertushof.de\\\/wp-content\\\/uploads\\\/cropped-2-2.png\",\"contentUrl\":\"https:\\\/\\\/atemhaus-hubertushof.de\\\/wp-content\\\/uploads\\\/cropped-2-2.png\",\"width\":512,\"height\":512,\"caption\":\"Atemhaus Hubertushof [95505 Immenreuth]\"},\"image\":{\"@id\":\"https:\\\/\\\/atemhaus-hubertushof.de\\\/#\\\/schema\\\/logo\\\/image\\\/\"}}]}<\/script>\n<!-- \/ Yoast SEO plugin. -->","yoast_head_json":{"title":"Atemhaus - Atemhaus Hubertushof [95505 Immenreuth]","description":"\u0421\u0435\u043c\u0438\u043d\u0430\u0440 \u0438 \u0442\u0440\u0430\u043d\u0441\u0444\u043e\u0440\u043c\u0430\u0446\u0438\u043e\u043d\u043d\u044b\u0439 \u0446\u0435\u043d\u0442\u0440, \u043f\u043e\u0441\u0432\u044f\u0449\u0435\u043d\u043d\u044b\u0439 \u043e\u0441\u043e\u0437\u043d\u0430\u043d\u043d\u043e\u043c\u0443 \u0434\u044b\u0445\u0430\u043d\u0438\u044e \u0438 \u0432\u043d\u0443\u0442\u0440\u0435\u043d\u043d\u0435\u0439 \u0442\u0440\u0430\u043d\u0441\u0444\u043e\u0440\u043c\u0430\u0446\u0438\u0438. \u041c\u0435\u0441\u0442\u043e \u0432\u0441\u0442\u0440\u0435\u0447\u0438 \u0438 \u0432\u043d\u0443\u0442\u0440\u0435\u043d\u043d\u0435\u0433\u043e \u0440\u043e\u0441\u0442\u0430. \u0412 \u043f\u0440\u0438\u0440\u043e\u0434\u043d\u043e\u043c \u0437\u0430\u043f\u043e\u0432\u0435\u0434\u043d\u0438\u043a\u0435 \u0432 \u0412\u0435\u0440\u0445\u043d\u0435-\u041f\u0444\u0430\u043b\u044c\u0446\u0441\u043a\u043e\u043c \u043b\u0435\u0441\u0443 - \u043c\u0435\u0441\u0442\u043e \u0434\u043b\u044f \u043e\u0442\u0434\u044b\u0445\u0430 \u0438 \u0432\u043e\u0441\u0441\u0442\u0430\u043d\u043e\u0432\u043b\u0435\u043d\u0438\u044f \u0441\u0438\u043b.","robots":{"index":"index","follow":"follow","max-snippet":"max-snippet:-1","max-image-preview":"max-image-preview:large","max-video-preview":"max-video-preview:-1"},"canonical":"https:\/\/atemhaus-hubertushof.de\/ru\/","og_locale":"ru_RU","og_type":"article","og_title":"Atemhaus - Atemhaus Hubertushof [95505 Immenreuth]","og_description":"Ein Seminar- und Wandlungszentrum das dem Bewussten Atmen und der inneren Transformation gewidmet ist. Ort der Begegnug und inneren Wachstums. Im Naturschutzgebietes im Oberpf\u00e4lzer Wald, ein Ort der Erholung und des Kraftsch\u00f6pfens.","og_url":"https:\/\/atemhaus-hubertushof.de\/ru\/","og_site_name":"Atemhaus Hubertushof [95505 Immenreuth]","article_modified_time":"2026-05-18T16:49:33+00:00","twitter_card":"summary_large_image","twitter_misc":{"\u041f\u0440\u0438\u043c\u0435\u0440\u043d\u043e\u0435 \u0432\u0440\u0435\u043c\u044f \u0434\u043b\u044f \u0447\u0442\u0435\u043d\u0438\u044f":"8 \u043c\u0438\u043d\u0443\u0442"},"schema":{"@context":"https:\/\/schema.org","@graph":[{"@type":"WebPage","@id":"https:\/\/atemhaus-hubertushof.de\/","url":"https:\/\/atemhaus-hubertushof.de\/","name":"Atemhaus - Atemhaus Hubertushof [95505 Immenreuth]","isPartOf":{"@id":"https:\/\/atemhaus-hubertushof.de\/#website"},"datePublished":"2020-03-30T08:45:03+00:00","dateModified":"2026-05-18T16:49:33+00:00","description":"\u0421\u0435\u043c\u0438\u043d\u0430\u0440 \u0438 \u0442\u0440\u0430\u043d\u0441\u0444\u043e\u0440\u043c\u0430\u0446\u0438\u043e\u043d\u043d\u044b\u0439 \u0446\u0435\u043d\u0442\u0440, \u043f\u043e\u0441\u0432\u044f\u0449\u0435\u043d\u043d\u044b\u0439 \u043e\u0441\u043e\u0437\u043d\u0430\u043d\u043d\u043e\u043c\u0443 \u0434\u044b\u0445\u0430\u043d\u0438\u044e \u0438 \u0432\u043d\u0443\u0442\u0440\u0435\u043d\u043d\u0435\u0439 \u0442\u0440\u0430\u043d\u0441\u0444\u043e\u0440\u043c\u0430\u0446\u0438\u0438. \u041c\u0435\u0441\u0442\u043e \u0432\u0441\u0442\u0440\u0435\u0447\u0438 \u0438 \u0432\u043d\u0443\u0442\u0440\u0435\u043d\u043d\u0435\u0433\u043e \u0440\u043e\u0441\u0442\u0430. \u0412 \u043f\u0440\u0438\u0440\u043e\u0434\u043d\u043e\u043c \u0437\u0430\u043f\u043e\u0432\u0435\u0434\u043d\u0438\u043a\u0435 \u0432 \u0412\u0435\u0440\u0445\u043d\u0435-\u041f\u0444\u0430\u043b\u044c\u0446\u0441\u043a\u043e\u043c \u043b\u0435\u0441\u0443 - \u043c\u0435\u0441\u0442\u043e \u0434\u043b\u044f \u043e\u0442\u0434\u044b\u0445\u0430 \u0438 \u0432\u043e\u0441\u0441\u0442\u0430\u043d\u043e\u0432\u043b\u0435\u043d\u0438\u044f \u0441\u0438\u043b.","breadcrumb":{"@id":"https:\/\/atemhaus-hubertushof.de\/#breadcrumb"},"inLanguage":"ru-RU","potentialAction":[{"@type":"ReadAction","target":["https:\/\/atemhaus-hubertushof.de\/"]}]},{"@type":"BreadcrumbList","@id":"https:\/\/atemhaus-hubertushof.de\/#breadcrumb","itemListElement":[{"@type":"ListItem","position":1,"name":"Startseite","item":"https:\/\/atemhaus-hubertushof.de\/"},{"@type":"ListItem","position":2,"name":"Atemhaus"}]},{"@type":"WebSite","@id":"https:\/\/atemhaus-hubertushof.de\/#website","url":"https:\/\/atemhaus-hubertushof.de\/","name":"Atemhaus Hubertushof [95505 Immenreuth]","description":"","publisher":{"@id":"https:\/\/atemhaus-hubertushof.de\/#organization"},"potentialAction":[{"@type":"SearchAction","target":{"@type":"EntryPoint","urlTemplate":"https:\/\/atemhaus-hubertushof.de\/?s={search_term_string}"},"query-input":{"@type":"PropertyValueSpecification","valueRequired":true,"valueName":"search_term_string"}}],"inLanguage":"ru-RU"},{"@type":"Organization","@id":"https:\/\/atemhaus-hubertushof.de\/#organization","name":"Atemhaus Hubertushof [95505 Immenreuth]","url":"https:\/\/atemhaus-hubertushof.de\/","logo":{"@type":"ImageObject","inLanguage":"ru-RU","@id":"https:\/\/atemhaus-hubertushof.de\/#\/schema\/logo\/image\/","url":"https:\/\/atemhaus-hubertushof.de\/wp-content\/uploads\/cropped-2-2.png","contentUrl":"https:\/\/atemhaus-hubertushof.de\/wp-content\/uploads\/cropped-2-2.png","width":512,"height":512,"caption":"Atemhaus Hubertushof [95505 Immenreuth]"},"image":{"@id":"https:\/\/atemhaus-hubertushof.de\/#\/schema\/logo\/image\/"}}]}},"jetpack_sharing_enabled":true,"_links":{"self":[{"href":"https:\/\/atemhaus-hubertushof.de\/ru\/wp-json\/wp\/v2\/pages\/8286","targetHints":{"allow":["GET"]}}],"collection":[{"href":"https:\/\/atemhaus-hubertushof.de\/ru\/wp-json\/wp\/v2\/pages"}],"about":[{"href":"https:\/\/atemhaus-hubertushof.de\/ru\/wp-json\/wp\/v2\/types\/page"}],"author":[{"embeddable":true,"href":"https:\/\/atemhaus-hubertushof.de\/ru\/wp-json\/wp\/v2\/users\/4"}],"replies":[{"embeddable":true,"href":"https:\/\/atemhaus-hubertushof.de\/ru\/wp-json\/wp\/v2\/comments?post=8286"}],"version-history":[{"count":220,"href":"https:\/\/atemhaus-hubertushof.de\/ru\/wp-json\/wp\/v2\/pages\/8286\/revisions"}],"predecessor-version":[{"id":11879,"href":"https:\/\/atemhaus-hubertushof.de\/ru\/wp-json\/wp\/v2\/pages\/8286\/revisions\/11879"}],"wp:attachment":[{"href":"https:\/\/atemhaus-hubertushof.de\/ru\/wp-json\/wp\/v2\/media?parent=8286"}],"curies":[{"name":"wp","href":"https:\/\/api.w.org\/{rel}","templated":true}]}}