{"id":9956,"date":"2024-01-23T22:52:14","date_gmt":"2024-01-23T21:52:14","guid":{"rendered":"https:\/\/atemhaus-hubertushof.de\/?post_type=tribe_events&#038;p=9956"},"modified":"2025-02-25T11:05:21","modified_gmt":"2025-02-25T10:05:21","slug":"die-masken-meines-lebens-masken-die-wir-tragen","status":"publish","type":"tribe_events","link":"https:\/\/atemhaus-hubertushof.de\/fr\/veranstaltungen\/die-masken-meines-lebens-masken-die-wir-tragen\/","title":{"rendered":"Entra\u00eenement relationnel : communiquer et poser des limites"},"content":{"rendered":"<div  class=\"tribe-events-schedule tribe-clearfix\" >\n\t<p class=\"tribe-events-schedule__datetime\">\n\t\t<span class=\"tribe-events-schedule__date tribe-events-schedule__date--start\">\n\t\t\t3 octobre 2025\t\t<\/span>\n\n\t\t\t\t\t<span class=\"tribe-events-schedule__separator tribe-events-schedule__separator--date\">\n\t\t\t\tpour\t\t\t<\/span>\n\t\t\t<span class=\"tribe-events-schedule__time tribe-events-schedule__time--start\">\n\t\t\t\t18:00\t\t\t<\/span>\n\t\t\n\t\t\t\t\t\t\t\t\t<span class=\"tribe-events-schedule__separator tribe-events-schedule__separator--time\">\n\t\t\t\t\tjusqu'\u00e0\t\t\t\t<\/span>\n\t\t\t\n\t\t\t\t\t\t\t<span class=\"tribe-events-schedule__date tribe-events-schedule__date--end\">\n\t\t\t\t\t5 octobre 2025\t\t\t\t<\/span>\n\n\t\t\t\t\t\t\t\t\t<span class=\"tribe-events-schedule__separator tribe-events-schedule__separator--date\">\n\t\t\t\t\t\tpour\t\t\t\t\t<\/span>\n\t\t\t\t\t<span class=\"tribe-events-schedule__time tribe-events-schedule__time--end\">\n\t\t\t\t\t\t16:00\t\t\t\t\t<\/span>\n\t\t\t\t\n\t\t\t\n\t\t\t\t\t\t<\/p>\n<\/div>\n\n\n\n<p>Nos limites personnelles prot\u00e8gent nos valeurs, nos convictions et nos attitudes. Elles veillent \u00e0 ce que nous ne soyons pas d\u00e9pass\u00e9s ou abus\u00e9s et nous prot\u00e8gent des d\u00e9ceptions ou des douleurs. Lorsque nous sommes au clair avec nos limites personnelles, il est plus facile de les communiquer et de les imposer aux autres, que ce soit dans le couple intime, dans l'environnement de travail, ainsi que dans le cercle d'amis ou de connaissances. Savoir qui l'on est et ce que l'on veut, pouvoir l'exprimer sans crainte et ne pas \u00eatre \u00e9cras\u00e9 par les autres ou utilis\u00e9 \u00e0 leurs fins, apporte une nouvelle qualit\u00e9 de vie.<\/p>\n\n\n<div  class=\"tribe-block tribe-block__event-price\" >\n\t\t<\/div>\n\n\n<div  class=\"tribe-block tribe-block__organizer__details tribe-clearfix\" >\n\t<div class=\"tribe-block__organizer__title\">\n\t\t<h3>\"InBreath\" Institut de th\u00e9rapie par la respiration et de croissance transformative<\/h3>\n\t<\/div>\n\t\t\t<p class=\"tribe-block__organizer__phone\">+49 9642 - 6913 100<\/p>\n\t\t\t\t<p class=\"tribe-block__organizer__website\"><a href=\"https:\/\/www.inbreath.org\" target=\"_blank\" rel=\"noopener noreferrer\">Voir le site Organisateur<\/a><\/p>\n\t\t\t\t<p class=\"tribe-block__organizer__email\">info@inbreath.org<\/p>\n\t<\/div>\n\n\n<div  class=\"tribe-block tribe-block__venue tribe-clearfix tribe-block__venue--has-map\" >\n\t\n\t\n<div class=\"tribe-block__venue__meta\">\n\t<div class=\"tribe-block__venue__name\">\n\t\t<h3>Maison de la respiration Hubertushof<\/h3>\n\t<\/div>\n\n\t\n\t\t\t\t\t\t<address class=\"tribe-block__venue__address\">\n\t\t\t\t<span class=\"tribe-address\">\n\n<span class=\"tribe-street-address\">Poppenberg 5<\/span>\n\t\n\t\t<br>\n\t\t<span class=\"tribe-locality\">Immenreuth<\/span><span class=\"tribe-delimiter\">,<\/span>\n\n\t<abbr class=\"tribe-region tribe-events-abbr\" title=\"Bavi\u00e8re\">Bavi\u00e8re<\/abbr>\n\n\t<span class=\"tribe-postal-code\">95505<\/span>\n\n\t<span class=\"tribe-country-name\">Allemagne<\/span>\n\n<\/span>\n\n\t\t\t\t\t\t\t\t\t<a class=\"tribe-events-gmap\" href=\"https:\/\/maps.google.com\/maps?f=q&#038;source=s_q&#038;hl=en&#038;geocode=&#038;q=Poppenberg+5+Immenreuth+Bayern+95505+Deutschland\" title=\"Cliquez pour voir une carte Google Map\" target=\"_blank\" rel=\"noreferrer noopener\">+ Google Map<\/a>\t\t\t\t\t\t\t<\/address>\n\t\t\n\t\t\t\t\t<span class=\"tribe-block__venue__phone\">+49 9642 - 6913 100<\/span><br \/>\n\t\t\n\t\t\t\n\t<\/div>\n\t\n<div class=\"tribe-block__venue__map\">\n\t\n<iframe\n  title=\"L&#039;iframe Google maps affichant l&#039;adresse \u00e0 Atemhaus Hubertushof\"\n  aria-label=\"Plan des lieux\"\n  width=\"310px\"\n  height=\"256px\"\n  frameborder=\"0\" style=\"border:0\"\n  src=\"https:\/\/www.google.com\/maps\/embed\/v1\/place?key=AIzaSyDNsicAsP6-VuGtAb1O9riI3oc_NOb7IOU&#038;q=Poppenberg+5+Immenreuth+Bayern+95505+Deutschland+&#038;zoom=10\" allowfullscreen>\n<\/iframe>\n<\/div>\n\n\t<\/div>\n\n\n\n\n\t<div  class=\"tribe-block tribe-block__events-link\" >\n\t\t<div class=\"tribe-events tribe-common\">\n\t\t\t<div class=\"tribe-events-c-subscribe-dropdown__container\">\n\t\t\t\t<div class=\"tribe-events-c-subscribe-dropdown\">\n\t\t\t\t\t<div class=\"tribe-common-c-btn-border tribe-events-c-subscribe-dropdown__button\">\n\t\t\t\t\t\t<svg\n\t class=\"tribe-common-c-svgicon tribe-common-c-svgicon--cal-export tribe-events-c-subscribe-dropdown__export-icon\" \taria-hidden=\"true\"\n\tviewbox=\"0 0 23 17\"\n\txmlns=\"http:\/\/www.w3.org\/2000\/svg\"\n>\n\t<path fill-rule=\"evenodd\" clip-rule=\"evenodd\" d=\"M.128.896V16.13c0 .211.145.383.323.383h15.354c.179 0 .323-.172.323-.383V.896c0-.212-.144-.383-.323-.383H.451C.273.513.128.684.128.896Zm16 6.742h-.901V4.679H1.009v10.729h14.218v-3.336h.901V7.638ZM1.01 1.614h14.218v2.058H1.009V1.614Z\" \/>\n\t<path d=\"M20.5 9.846H8.312M18.524 6.953l2.89 2.909-2.855 2.855\" stroke-width=\"1.2\" stroke-linecap=\"round\" stroke-linejoin=\"round\"\/>\n<\/svg>\n\t\t\t\t\t\t<button\n\t\t\t\t\t\t\tclass=\"tribe-events-c-subscribe-dropdown__button-text\"\n\t\t\t\t\t\t\taria-expanded=\"false\"\n\t\t\t\t\t\t\taria-controls=\"tribe-events-subscribe-dropdown-content\"\n\t\t\t\t\t\t\taria-label=\"Afficher les liens permettant d&#039;ajouter des \u00e9v\u00e8nements \u00e0 votre calendrier\"\n\t\t\t\t\t\t>\n\t\t\t\t\t\t\tAjouter au calendrier\t\t\t\t\t\t<\/button>\n\t\t\t\t\t\t<svg\n\t class=\"tribe-common-c-svgicon tribe-common-c-svgicon--caret-down tribe-events-c-subscribe-dropdown__button-icon\" \taria-hidden=\"true\"\n\tviewbox=\"0 0 10 7\"\n\txmlns=\"http:\/\/www.w3.org\/2000\/svg\"\n>\n\t<path fill-rule=\"evenodd\" clip-rule=\"evenodd\" d=\"M1.008.609L5 4.6 8.992.61l.958.958L5 6.517.05 1.566l.958-.958z\" class=\"tribe-common-c-svgicon__svg-fill\"\/>\n<\/svg>\n\t\t\t\t\t<\/div>\n\t\t\t\t\t<div id=\"tribe-events-subscribe-dropdown-content\" class=\"tribe-events-c-subscribe-dropdown__content\">\n\t\t\t\t\t\t<ul class=\"tribe-events-c-subscribe-dropdown__list\">\n\t\t\t\t\t\t\t\t\t\t\t\t\t\t\t<li class=\"tribe-events-c-subscribe-dropdown__list-item tribe-events-c-subscribe-dropdown__list-item--gcal\">\n\t\t\t\t\t\t\t\t\t<a\n\t\t\t\t\t\t\t\t\t\thref=\"https:\/\/www.google.com\/calendar\/event?action=TEMPLATE&#038;dates=20251003T180000\/20251005T160000&#038;text=Beziehungstraining%3A%20Kommunikation%20und%20Grenzen%20setzen&#038;details=%3Cp%3EUnsere+pers%C3%B6nlichen+Grenzen+sch%C3%BCtzen+unseren+Werten%2C+%C3%9Cberzeugungen+und+Einstellungen.+Sie+sorgen+daf%C3%BCr%2C+dass+wir+nicht+%C3%BCberfordert+oder+%C3%BCbervorteilt+werden%2C+und+sch%C3%BCtzen+uns+vor+Entt%C3%A4uschungen+oder+Schmerzen.+Wenn+wir+uns+klar+sind+%C3%BCber+unsere+pers%C3%B6nlichen+Grenzen%2C+dann+ist+es+leichter+sie+zu+kommunizieren%2C+anderen+gegen%C3%BCber+durchzusetzen%2C+sei+es+in+der+Intimpartnerschaft%2C+dem+Arbeitsumfeld%2C+sowie+im+Freundeskreis+oder+bei+Bekannten.+Zu+wissen+wer+man+ist+und+was+man+will%2C+dies+ohne+Angst+ausdr%C3%BCcken+zu+k%C3%B6nnen+und+nicht+von+anderen+%C3%BCberrollt+oder+zu+deren+Zwecken+ben%C3%BCtzt+zu+werden%2C+bringt+neue+Lebensqualit%C3%A4t.%3C%2Fp%3E+&#038;location=Atemhaus%20Hubertushof,%20Poppenberg%205,%20Immenreuth,%20Bayern,%2095505,%20Deutschland&#038;trp=false&#038;ctz=Europe\/Berlin&#038;sprop=website:https:\/\/atemhaus-hubertushof.de\/fr\"\n\t\t\t\t\t\t\t\t\t\tclass=\"tribe-events-c-subscribe-dropdown__list-item-link\"\n\t\t\t\t\t\t\t\t\t\ttarget=\"_blank\"\n\t\t\t\t\t\t\t\t\t\trel=\"noopener noreferrer nofollow noindex\"\n\t\t\t\t\t\t\t\t\t>\n\t\t\t\t\t\t\t\t\t\tGoogle Agenda\t\t\t\t\t\t\t\t\t<\/a>\n\t\t\t\t\t\t\t\t<\/li>\n\t\t\t\t\t\t\t\t\t\t\t\t\t\t\t<li class=\"tribe-events-c-subscribe-dropdown__list-item tribe-events-c-subscribe-dropdown__list-item--ical\">\n\t\t\t\t\t\t\t\t\t<a\n\t\t\t\t\t\t\t\t\t\thref=\"\"\n\t\t\t\t\t\t\t\t\t\tclass=\"tribe-events-c-subscribe-dropdown__list-item-link\"\n\t\t\t\t\t\t\t\t\t\ttarget=\"_blank\"\n\t\t\t\t\t\t\t\t\t\trel=\"noopener noreferrer nofollow noindex\"\n\t\t\t\t\t\t\t\t\t>\n\t\t\t\t\t\t\t\t\t\tiCalendar\t\t\t\t\t\t\t\t\t<\/a>\n\t\t\t\t\t\t\t\t<\/li>\n\t\t\t\t\t\t\t\t\t\t\t\t\t\t\t<li class=\"tribe-events-c-subscribe-dropdown__list-item tribe-events-c-subscribe-dropdown__list-item--outlook-365\">\n\t\t\t\t\t\t\t\t\t<a\n\t\t\t\t\t\t\t\t\t\thref=\"\"\n\t\t\t\t\t\t\t\t\t\tclass=\"tribe-events-c-subscribe-dropdown__list-item-link\"\n\t\t\t\t\t\t\t\t\t\ttarget=\"_blank\"\n\t\t\t\t\t\t\t\t\t\trel=\"noopener noreferrer nofollow noindex\"\n\t\t\t\t\t\t\t\t\t>\n\t\t\t\t\t\t\t\t\t\tOutlook 365\t\t\t\t\t\t\t\t\t<\/a>\n\t\t\t\t\t\t\t\t<\/li>\n\t\t\t\t\t\t\t\t\t\t\t\t\t\t\t<li class=\"tribe-events-c-subscribe-dropdown__list-item tribe-events-c-subscribe-dropdown__list-item--outlook-live\">\n\t\t\t\t\t\t\t\t\t<a\n\t\t\t\t\t\t\t\t\t\thref=\"\"\n\t\t\t\t\t\t\t\t\t\tclass=\"tribe-events-c-subscribe-dropdown__list-item-link\"\n\t\t\t\t\t\t\t\t\t\ttarget=\"_blank\"\n\t\t\t\t\t\t\t\t\t\trel=\"noopener noreferrer nofollow noindex\"\n\t\t\t\t\t\t\t\t\t>\n\t\t\t\t\t\t\t\t\t\tOutlook Live\t\t\t\t\t\t\t\t\t<\/a>\n\t\t\t\t\t\t\t\t<\/li>\n\t\t\t\t\t\t\t\t\t\t\t\t\t<\/ul>\n\t\t\t\t\t<\/div>\n\t\t\t\t<\/div>\n\t\t\t<\/div>\n\t\t<\/div>\n\t<\/div>","protected":false},"excerpt":{"rendered":"<p>Nos limites personnelles prot\u00e8gent nos valeurs, nos convictions et nos attitudes. Elles veillent \u00e0 ce que nous ne soyons pas d\u00e9pass\u00e9s ou abus\u00e9s et nous prot\u00e8gent des d\u00e9ceptions ou des douleurs. Si nous sommes clairs...<\/p>","protected":false},"author":6,"featured_media":11228,"template":"","meta":{"_EventAllDay":false,"_EventTimezone":"Europe\/Berlin","_EventStartDate":"2025-10-03 18:00:00","_EventEndDate":"2025-10-05 16:00:00","_EventStartDateUTC":"2025-10-03 16:00:00","_EventEndDateUTC":"2025-10-05 14:00:00","_EventShowMap":false,"_EventShowMapLink":false,"_EventURL":"","_EventCost":"","_EventCostDescription":"","_EventCurrencySymbol":"\u20ac","_EventCurrencyCode":"EUR","_EventCurrencyPosition":"prefix","_EventDateTimeSeparator":"um","_EventTimeRangeSeparator":"bis","_EventOrganizerID":[1271],"_EventVenueID":[1270],"_OrganizerEmail":"","_OrganizerPhone":"","_OrganizerWebsite":"","_VenueAddress":"","_VenueCity":"","_VenueCountry":"","_VenueProvince":"","_VenueState":"","_VenueZip":"","_VenuePhone":"","_VenueURL":"","_VenueStateProvince":"","_VenueLat":"","_VenueLng":"","_VenueShowMap":false,"_VenueShowMapLink":false,"_tribe_events_status":"","_tribe_events_status_reason":"","footnotes":""},"tags":[],"tribe_events_cat":[],"class_list":["post-9956","tribe_events","type-tribe_events","status-publish","has-post-thumbnail","hentry","description-off"],"yoast_head":"<!-- This site is optimized with the Yoast SEO plugin v27.5 - https:\/\/yoast.com\/product\/yoast-seo-wordpress\/ -->\n<title>Beziehungstraining: Kommunikation und Grenzen setzen - Atemhaus Hubertushof [95505 Immenreuth]<\/title>\n<meta name=\"robots\" content=\"index, follow, max-snippet:-1, max-image-preview:large, max-video-preview:-1\" \/>\n<link rel=\"canonical\" href=\"https:\/\/atemhaus-hubertushof.de\/fr\/veranstaltungen\/die-masken-meines-lebens-masken-die-wir-tragen\/\" \/>\n<meta property=\"og:locale\" content=\"fr_FR\" \/>\n<meta property=\"og:type\" content=\"article\" \/>\n<meta property=\"og:title\" content=\"Beziehungstraining: Kommunikation und Grenzen setzen - Atemhaus Hubertushof [95505 Immenreuth]\" \/>\n<meta property=\"og:description\" content=\"Unsere pers\u00f6nlichen Grenzen sch\u00fctzen unseren Werten, \u00dcberzeugungen und Einstellungen. Sie sorgen daf\u00fcr, dass wir nicht \u00fcberfordert oder \u00fcbervorteilt werden, und sch\u00fctzen uns vor Entt\u00e4uschungen oder Schmerzen. Wenn wir uns klar&hellip;\" \/>\n<meta property=\"og:url\" content=\"https:\/\/atemhaus-hubertushof.de\/fr\/veranstaltungen\/die-masken-meines-lebens-masken-die-wir-tragen\/\" \/>\n<meta property=\"og:site_name\" content=\"Atemhaus Hubertushof [95505 Immenreuth]\" \/>\n<meta property=\"article:modified_time\" content=\"2025-02-25T10:05:21+00:00\" \/>\n<meta property=\"og:image\" content=\"https:\/\/atemhaus-hubertushof.de\/wp-content\/uploads\/Kein-Titel-10-x-10-cm1.png\" \/>\n\t<meta property=\"og:image:width\" content=\"1181\" \/>\n\t<meta property=\"og:image:height\" content=\"1181\" \/>\n\t<meta property=\"og:image:type\" content=\"image\/png\" \/>\n<meta name=\"twitter:card\" content=\"summary_large_image\" \/>\n<meta name=\"twitter:label1\" content=\"Dur\u00e9e de lecture estim\u00e9e\" \/>\n\t<meta name=\"twitter:data1\" content=\"1 minute\" \/>\n<script type=\"application\/ld+json\" class=\"yoast-schema-graph\">{\"@context\":\"https:\\\/\\\/schema.org\",\"@graph\":[{\"@type\":\"WebPage\",\"@id\":\"https:\\\/\\\/atemhaus-hubertushof.de\\\/veranstaltungen\\\/die-masken-meines-lebens-masken-die-wir-tragen\\\/\",\"url\":\"https:\\\/\\\/atemhaus-hubertushof.de\\\/veranstaltungen\\\/die-masken-meines-lebens-masken-die-wir-tragen\\\/\",\"name\":\"Beziehungstraining: Kommunikation und Grenzen setzen - Atemhaus Hubertushof [95505 Immenreuth]\",\"isPartOf\":{\"@id\":\"https:\\\/\\\/atemhaus-hubertushof.de\\\/#website\"},\"primaryImageOfPage\":{\"@id\":\"https:\\\/\\\/atemhaus-hubertushof.de\\\/veranstaltungen\\\/die-masken-meines-lebens-masken-die-wir-tragen\\\/#primaryimage\"},\"image\":{\"@id\":\"https:\\\/\\\/atemhaus-hubertushof.de\\\/veranstaltungen\\\/die-masken-meines-lebens-masken-die-wir-tragen\\\/#primaryimage\"},\"thumbnailUrl\":\"https:\\\/\\\/atemhaus-hubertushof.de\\\/wp-content\\\/uploads\\\/Kein-Titel-10-x-10-cm1.png\",\"datePublished\":\"2024-01-23T21:52:14+00:00\",\"dateModified\":\"2025-02-25T10:05:21+00:00\",\"breadcrumb\":{\"@id\":\"https:\\\/\\\/atemhaus-hubertushof.de\\\/veranstaltungen\\\/die-masken-meines-lebens-masken-die-wir-tragen\\\/#breadcrumb\"},\"inLanguage\":\"fr-FR\",\"potentialAction\":[{\"@type\":\"ReadAction\",\"target\":[\"https:\\\/\\\/atemhaus-hubertushof.de\\\/veranstaltungen\\\/die-masken-meines-lebens-masken-die-wir-tragen\\\/\"]}]},{\"@type\":\"ImageObject\",\"inLanguage\":\"fr-FR\",\"@id\":\"https:\\\/\\\/atemhaus-hubertushof.de\\\/veranstaltungen\\\/die-masken-meines-lebens-masken-die-wir-tragen\\\/#primaryimage\",\"url\":\"https:\\\/\\\/atemhaus-hubertushof.de\\\/wp-content\\\/uploads\\\/Kein-Titel-10-x-10-cm1.png\",\"contentUrl\":\"https:\\\/\\\/atemhaus-hubertushof.de\\\/wp-content\\\/uploads\\\/Kein-Titel-10-x-10-cm1.png\",\"width\":1181,\"height\":1181},{\"@type\":\"BreadcrumbList\",\"@id\":\"https:\\\/\\\/atemhaus-hubertushof.de\\\/veranstaltungen\\\/die-masken-meines-lebens-masken-die-wir-tragen\\\/#breadcrumb\",\"itemListElement\":[{\"@type\":\"ListItem\",\"position\":1,\"name\":\"Startseite\",\"item\":\"https:\\\/\\\/atemhaus-hubertushof.de\\\/\"},{\"@type\":\"ListItem\",\"position\":2,\"name\":\"Veranstaltungen\",\"item\":\"https:\\\/\\\/atemhaus-hubertushof.de\\\/veranstaltungen\\\/\"},{\"@type\":\"ListItem\",\"position\":3,\"name\":\"Beziehungstraining: Kommunikation und Grenzen setzen\"}]},{\"@type\":\"WebSite\",\"@id\":\"https:\\\/\\\/atemhaus-hubertushof.de\\\/#website\",\"url\":\"https:\\\/\\\/atemhaus-hubertushof.de\\\/\",\"name\":\"Atemhaus Hubertushof [95505 Immenreuth]\",\"description\":\"\",\"publisher\":{\"@id\":\"https:\\\/\\\/atemhaus-hubertushof.de\\\/#organization\"},\"potentialAction\":[{\"@type\":\"SearchAction\",\"target\":{\"@type\":\"EntryPoint\",\"urlTemplate\":\"https:\\\/\\\/atemhaus-hubertushof.de\\\/?s={search_term_string}\"},\"query-input\":{\"@type\":\"PropertyValueSpecification\",\"valueRequired\":true,\"valueName\":\"search_term_string\"}}],\"inLanguage\":\"fr-FR\"},{\"@type\":\"Organization\",\"@id\":\"https:\\\/\\\/atemhaus-hubertushof.de\\\/#organization\",\"name\":\"Atemhaus Hubertushof [95505 Immenreuth]\",\"url\":\"https:\\\/\\\/atemhaus-hubertushof.de\\\/\",\"logo\":{\"@type\":\"ImageObject\",\"inLanguage\":\"fr-FR\",\"@id\":\"https:\\\/\\\/atemhaus-hubertushof.de\\\/#\\\/schema\\\/logo\\\/image\\\/\",\"url\":\"https:\\\/\\\/atemhaus-hubertushof.de\\\/wp-content\\\/uploads\\\/cropped-2-2.png\",\"contentUrl\":\"https:\\\/\\\/atemhaus-hubertushof.de\\\/wp-content\\\/uploads\\\/cropped-2-2.png\",\"width\":512,\"height\":512,\"caption\":\"Atemhaus Hubertushof [95505 Immenreuth]\"},\"image\":{\"@id\":\"https:\\\/\\\/atemhaus-hubertushof.de\\\/#\\\/schema\\\/logo\\\/image\\\/\"}}]}<\/script>\n<!-- \/ Yoast SEO plugin. -->","yoast_head_json":{"title":"Beziehungstraining: Kommunikation und Grenzen setzen - Atemhaus Hubertushof [95505 Immenreuth]","robots":{"index":"index","follow":"follow","max-snippet":"max-snippet:-1","max-image-preview":"max-image-preview:large","max-video-preview":"max-video-preview:-1"},"canonical":"https:\/\/atemhaus-hubertushof.de\/fr\/veranstaltungen\/die-masken-meines-lebens-masken-die-wir-tragen\/","og_locale":"fr_FR","og_type":"article","og_title":"Beziehungstraining: Kommunikation und Grenzen setzen - Atemhaus Hubertushof [95505 Immenreuth]","og_description":"Unsere pers\u00f6nlichen Grenzen sch\u00fctzen unseren Werten, \u00dcberzeugungen und Einstellungen. Sie sorgen daf\u00fcr, dass wir nicht \u00fcberfordert oder \u00fcbervorteilt werden, und sch\u00fctzen uns vor Entt\u00e4uschungen oder Schmerzen. Wenn wir uns klar&hellip;","og_url":"https:\/\/atemhaus-hubertushof.de\/fr\/veranstaltungen\/die-masken-meines-lebens-masken-die-wir-tragen\/","og_site_name":"Atemhaus Hubertushof [95505 Immenreuth]","article_modified_time":"2025-02-25T10:05:21+00:00","og_image":[{"width":1181,"height":1181,"url":"https:\/\/atemhaus-hubertushof.de\/wp-content\/uploads\/Kein-Titel-10-x-10-cm1.png","type":"image\/png"}],"twitter_card":"summary_large_image","twitter_misc":{"Dur\u00e9e de lecture estim\u00e9e":"1 minute"},"schema":{"@context":"https:\/\/schema.org","@graph":[{"@type":"WebPage","@id":"https:\/\/atemhaus-hubertushof.de\/veranstaltungen\/die-masken-meines-lebens-masken-die-wir-tragen\/","url":"https:\/\/atemhaus-hubertushof.de\/veranstaltungen\/die-masken-meines-lebens-masken-die-wir-tragen\/","name":"Beziehungstraining: Kommunikation und Grenzen setzen - Atemhaus Hubertushof [95505 Immenreuth]","isPartOf":{"@id":"https:\/\/atemhaus-hubertushof.de\/#website"},"primaryImageOfPage":{"@id":"https:\/\/atemhaus-hubertushof.de\/veranstaltungen\/die-masken-meines-lebens-masken-die-wir-tragen\/#primaryimage"},"image":{"@id":"https:\/\/atemhaus-hubertushof.de\/veranstaltungen\/die-masken-meines-lebens-masken-die-wir-tragen\/#primaryimage"},"thumbnailUrl":"https:\/\/atemhaus-hubertushof.de\/wp-content\/uploads\/Kein-Titel-10-x-10-cm1.png","datePublished":"2024-01-23T21:52:14+00:00","dateModified":"2025-02-25T10:05:21+00:00","breadcrumb":{"@id":"https:\/\/atemhaus-hubertushof.de\/veranstaltungen\/die-masken-meines-lebens-masken-die-wir-tragen\/#breadcrumb"},"inLanguage":"fr-FR","potentialAction":[{"@type":"ReadAction","target":["https:\/\/atemhaus-hubertushof.de\/veranstaltungen\/die-masken-meines-lebens-masken-die-wir-tragen\/"]}]},{"@type":"ImageObject","inLanguage":"fr-FR","@id":"https:\/\/atemhaus-hubertushof.de\/veranstaltungen\/die-masken-meines-lebens-masken-die-wir-tragen\/#primaryimage","url":"https:\/\/atemhaus-hubertushof.de\/wp-content\/uploads\/Kein-Titel-10-x-10-cm1.png","contentUrl":"https:\/\/atemhaus-hubertushof.de\/wp-content\/uploads\/Kein-Titel-10-x-10-cm1.png","width":1181,"height":1181},{"@type":"BreadcrumbList","@id":"https:\/\/atemhaus-hubertushof.de\/veranstaltungen\/die-masken-meines-lebens-masken-die-wir-tragen\/#breadcrumb","itemListElement":[{"@type":"ListItem","position":1,"name":"Startseite","item":"https:\/\/atemhaus-hubertushof.de\/"},{"@type":"ListItem","position":2,"name":"Veranstaltungen","item":"https:\/\/atemhaus-hubertushof.de\/veranstaltungen\/"},{"@type":"ListItem","position":3,"name":"Beziehungstraining: Kommunikation und Grenzen setzen"}]},{"@type":"WebSite","@id":"https:\/\/atemhaus-hubertushof.de\/#website","url":"https:\/\/atemhaus-hubertushof.de\/","name":"Atemhaus Hubertushof [95505 Immenreuth]","description":"","publisher":{"@id":"https:\/\/atemhaus-hubertushof.de\/#organization"},"potentialAction":[{"@type":"SearchAction","target":{"@type":"EntryPoint","urlTemplate":"https:\/\/atemhaus-hubertushof.de\/?s={search_term_string}"},"query-input":{"@type":"PropertyValueSpecification","valueRequired":true,"valueName":"search_term_string"}}],"inLanguage":"fr-FR"},{"@type":"Organization","@id":"https:\/\/atemhaus-hubertushof.de\/#organization","name":"Atemhaus Hubertushof [95505 Immenreuth]","url":"https:\/\/atemhaus-hubertushof.de\/","logo":{"@type":"ImageObject","inLanguage":"fr-FR","@id":"https:\/\/atemhaus-hubertushof.de\/#\/schema\/logo\/image\/","url":"https:\/\/atemhaus-hubertushof.de\/wp-content\/uploads\/cropped-2-2.png","contentUrl":"https:\/\/atemhaus-hubertushof.de\/wp-content\/uploads\/cropped-2-2.png","width":512,"height":512,"caption":"Atemhaus Hubertushof [95505 Immenreuth]"},"image":{"@id":"https:\/\/atemhaus-hubertushof.de\/#\/schema\/logo\/image\/"}}]}},"jetpack_sharing_enabled":true,"_links":{"self":[{"href":"https:\/\/atemhaus-hubertushof.de\/fr\/wp-json\/wp\/v2\/tribe_events\/9956","targetHints":{"allow":["GET"]}}],"collection":[{"href":"https:\/\/atemhaus-hubertushof.de\/fr\/wp-json\/wp\/v2\/tribe_events"}],"about":[{"href":"https:\/\/atemhaus-hubertushof.de\/fr\/wp-json\/wp\/v2\/types\/tribe_events"}],"author":[{"embeddable":true,"href":"https:\/\/atemhaus-hubertushof.de\/fr\/wp-json\/wp\/v2\/users\/6"}],"version-history":[{"count":2,"href":"https:\/\/atemhaus-hubertushof.de\/fr\/wp-json\/wp\/v2\/tribe_events\/9956\/revisions"}],"predecessor-version":[{"id":11229,"href":"https:\/\/atemhaus-hubertushof.de\/fr\/wp-json\/wp\/v2\/tribe_events\/9956\/revisions\/11229"}],"wp:featuredmedia":[{"embeddable":true,"href":"https:\/\/atemhaus-hubertushof.de\/fr\/wp-json\/wp\/v2\/media\/11228"}],"wp:attachment":[{"href":"https:\/\/atemhaus-hubertushof.de\/fr\/wp-json\/wp\/v2\/media?parent=9956"}],"wp:term":[{"taxonomy":"post_tag","embeddable":true,"href":"https:\/\/atemhaus-hubertushof.de\/fr\/wp-json\/wp\/v2\/tags?post=9956"},{"taxonomy":"tribe_events_cat","embeddable":true,"href":"https:\/\/atemhaus-hubertushof.de\/fr\/wp-json\/wp\/v2\/tribe_events_cat?post=9956"}],"curies":[{"name":"wp","href":"https:\/\/api.w.org\/{rel}","templated":true}]}}