{"id":11041,"date":"2024-09-03T12:38:41","date_gmt":"2024-09-03T10:38:41","guid":{"rendered":"https:\/\/atemhaus-hubertushof.de\/?post_type=tribe_events&#038;p=11041"},"modified":"2025-01-15T20:22:02","modified_gmt":"2025-01-15T19:22:02","slug":"mental-detox-und-gedanken-hygiene","status":"publish","type":"tribe_events","link":"https:\/\/atemhaus-hubertushof.de\/fr\/veranstaltungen\/mental-detox-und-gedanken-hygiene\/","title":{"rendered":"D\u00e9toxication mentale et hygi\u00e8ne de la pens\u00e9e"},"content":{"rendered":"<div  class=\"tribe-events-schedule tribe-clearfix\" >\n\t<p class=\"tribe-events-schedule__datetime\">\n\t\t<span class=\"tribe-events-schedule__date tribe-events-schedule__date--start\">\n\t\t\t13 juin 2025\t\t<\/span>\n\n\t\t\t\t\t<span class=\"tribe-events-schedule__separator tribe-events-schedule__separator--date\">\n\t\t\t\tpour\t\t\t<\/span>\n\t\t\t<span class=\"tribe-events-schedule__time tribe-events-schedule__time--start\">\n\t\t\t\t18:00\t\t\t<\/span>\n\t\t\n\t\t\t\t\t\t\t\t\t<span class=\"tribe-events-schedule__separator tribe-events-schedule__separator--time\">\n\t\t\t\t\tjusqu'\u00e0\t\t\t\t<\/span>\n\t\t\t\n\t\t\t\t\t\t\t<span class=\"tribe-events-schedule__date tribe-events-schedule__date--end\">\n\t\t\t\t\t15 juin 2025\t\t\t\t<\/span>\n\n\t\t\t\t\t\t\t\t\t<span class=\"tribe-events-schedule__separator tribe-events-schedule__separator--date\">\n\t\t\t\t\t\tpour\t\t\t\t\t<\/span>\n\t\t\t\t\t<span class=\"tribe-events-schedule__time tribe-events-schedule__time--end\">\n\t\t\t\t\t\t16:00\t\t\t\t\t<\/span>\n\t\t\t\t\n\t\t\t\n\t\t\t\t\t\t<\/p>\n<\/div>\n\n\n\n<p>Automatisme mental<\/p>\n\n\n\n<p>mod\u00e8le de comportement r\u00e9p\u00e9titif<\/p>\n\n\n\n<p>pens\u00e9es n\u00e9gatives &amp; r\u00e9seau neuronal<\/p>\n\n\n\n<p>Subconscient &amp; hygi\u00e8ne de la pens\u00e9e<\/p>\n\n\n\n<p>Exercices et travail sur le processus<\/p>\n\n\n\n<p>Travail avec des affirmations<\/p>\n\n\n\n<p>L\u00e2cher les programmes de sabotage subconscients<\/p>\n\n\n<div  class=\"tribe-block tribe-block__event-price\" >\n\t\t<\/div>\n\n\n<div  class=\"tribe-block tribe-block__venue tribe-clearfix tribe-block__venue--has-map\" >\n\t\n\t\n<div class=\"tribe-block__venue__meta\">\n\t<div class=\"tribe-block__venue__name\">\n\t\t<h3>Maison de la respiration Hubertushof<\/h3>\n\t<\/div>\n\n\t\n\t\t\t\t\t\t<address class=\"tribe-block__venue__address\">\n\t\t\t\t<span class=\"tribe-address\">\n\n<span class=\"tribe-street-address\">Poppenberg 5<\/span>\n\t\n\t\t<br>\n\t\t<span class=\"tribe-locality\">Immenreuth<\/span><span class=\"tribe-delimiter\">,<\/span>\n\n\t<abbr class=\"tribe-region tribe-events-abbr\" title=\"Bavi\u00e8re\">Bavi\u00e8re<\/abbr>\n\n\t<span class=\"tribe-postal-code\">95505<\/span>\n\n\t<span class=\"tribe-country-name\">Allemagne<\/span>\n\n<\/span>\n\n\t\t\t\t\t\t\t\t\t<a class=\"tribe-events-gmap\" href=\"https:\/\/maps.google.com\/maps?f=q&#038;source=s_q&#038;hl=en&#038;geocode=&#038;q=Poppenberg+5+Immenreuth+Bayern+95505+Deutschland\" title=\"Cliquez pour voir une carte Google Map\" target=\"_blank\" rel=\"noreferrer noopener\">+ Google Map<\/a>\t\t\t\t\t\t\t<\/address>\n\t\t\n\t\t\t\t\t<span class=\"tribe-block__venue__phone\">+49 9642 - 6913 100<\/span><br \/>\n\t\t\n\t\t\t\n\t<\/div>\n\t\n<div class=\"tribe-block__venue__map\">\n\t\n<iframe\n  title=\"L&#039;iframe Google maps affichant l&#039;adresse \u00e0 Atemhaus Hubertushof\"\n  aria-label=\"Plan des lieux\"\n  width=\"310px\"\n  height=\"256px\"\n  frameborder=\"0\" style=\"border:0\"\n  src=\"https:\/\/www.google.com\/maps\/embed\/v1\/place?key=AIzaSyDNsicAsP6-VuGtAb1O9riI3oc_NOb7IOU&#038;q=Poppenberg+5+Immenreuth+Bayern+95505+Deutschland+&#038;zoom=10\" allowfullscreen>\n<\/iframe>\n<\/div>\n\n\t<\/div>\n\n\n\n\n\t<div  class=\"tribe-block tribe-block__events-link\" >\n\t\t<div class=\"tribe-events tribe-common\">\n\t\t\t<div class=\"tribe-events-c-subscribe-dropdown__container\">\n\t\t\t\t<div class=\"tribe-events-c-subscribe-dropdown\">\n\t\t\t\t\t<div class=\"tribe-common-c-btn-border tribe-events-c-subscribe-dropdown__button\">\n\t\t\t\t\t\t<svg\n\t class=\"tribe-common-c-svgicon tribe-common-c-svgicon--cal-export tribe-events-c-subscribe-dropdown__export-icon\" \taria-hidden=\"true\"\n\tviewbox=\"0 0 23 17\"\n\txmlns=\"http:\/\/www.w3.org\/2000\/svg\"\n>\n\t<path fill-rule=\"evenodd\" clip-rule=\"evenodd\" d=\"M.128.896V16.13c0 .211.145.383.323.383h15.354c.179 0 .323-.172.323-.383V.896c0-.212-.144-.383-.323-.383H.451C.273.513.128.684.128.896Zm16 6.742h-.901V4.679H1.009v10.729h14.218v-3.336h.901V7.638ZM1.01 1.614h14.218v2.058H1.009V1.614Z\" \/>\n\t<path d=\"M20.5 9.846H8.312M18.524 6.953l2.89 2.909-2.855 2.855\" stroke-width=\"1.2\" stroke-linecap=\"round\" stroke-linejoin=\"round\"\/>\n<\/svg>\n\t\t\t\t\t\t<button\n\t\t\t\t\t\t\tclass=\"tribe-events-c-subscribe-dropdown__button-text\"\n\t\t\t\t\t\t\taria-expanded=\"false\"\n\t\t\t\t\t\t\taria-controls=\"tribe-events-subscribe-dropdown-content\"\n\t\t\t\t\t\t\taria-label=\"Afficher les liens permettant d&#039;ajouter des \u00e9v\u00e8nements \u00e0 votre calendrier\"\n\t\t\t\t\t\t>\n\t\t\t\t\t\t\tAjouter au calendrier\t\t\t\t\t\t<\/button>\n\t\t\t\t\t\t<svg\n\t class=\"tribe-common-c-svgicon tribe-common-c-svgicon--caret-down tribe-events-c-subscribe-dropdown__button-icon\" \taria-hidden=\"true\"\n\tviewbox=\"0 0 10 7\"\n\txmlns=\"http:\/\/www.w3.org\/2000\/svg\"\n>\n\t<path fill-rule=\"evenodd\" clip-rule=\"evenodd\" d=\"M1.008.609L5 4.6 8.992.61l.958.958L5 6.517.05 1.566l.958-.958z\" class=\"tribe-common-c-svgicon__svg-fill\"\/>\n<\/svg>\n\t\t\t\t\t<\/div>\n\t\t\t\t\t<div id=\"tribe-events-subscribe-dropdown-content\" class=\"tribe-events-c-subscribe-dropdown__content\">\n\t\t\t\t\t\t<ul class=\"tribe-events-c-subscribe-dropdown__list\">\n\t\t\t\t\t\t\t\t\t\t\t\t\t\t\t<li class=\"tribe-events-c-subscribe-dropdown__list-item tribe-events-c-subscribe-dropdown__list-item--gcal\">\n\t\t\t\t\t\t\t\t\t<a\n\t\t\t\t\t\t\t\t\t\thref=\"https:\/\/www.google.com\/calendar\/event?action=TEMPLATE&#038;dates=20250613T180000\/20250615T160000&#038;text=Mental%20Detox%20und%20Gedanken%20Hygiene&#038;details=%3Cp%3EMentaler+Automatismus%3C%2Fp%3E+%3Cp%3Erepetitives+Verhaltensmuster%3C%2Fp%3E+%3Cp%3Enegative+Gedanken+%26amp%3B+Neuronalvernetzung%3C%2Fp%3E+%3Cp%3EUnterbewusstsein+%26amp%3B+Gedankenhygiene%3C%2Fp%3E+%3Cp%3E%C3%9Cbungen+und+Prozessarbeit%3C%2Fp%3E+%3Cp%3EArbeit+mit+Affirmationen%3C%2Fp%3E+%3Cp%3ELoslassen+von+unterbewussten+Sabotage+Programmen%3C%2Fp%3E+&#038;location=Atemhaus%20Hubertushof,%20Poppenberg%205,%20Immenreuth,%20Bayern,%2095505,%20Deutschland&#038;trp=false&#038;ctz=Europe\/Berlin&#038;sprop=website:https:\/\/atemhaus-hubertushof.de\/fr\"\n\t\t\t\t\t\t\t\t\t\tclass=\"tribe-events-c-subscribe-dropdown__list-item-link\"\n\t\t\t\t\t\t\t\t\t\ttarget=\"_blank\"\n\t\t\t\t\t\t\t\t\t\trel=\"noopener noreferrer nofollow noindex\"\n\t\t\t\t\t\t\t\t\t>\n\t\t\t\t\t\t\t\t\t\tGoogle Agenda\t\t\t\t\t\t\t\t\t<\/a>\n\t\t\t\t\t\t\t\t<\/li>\n\t\t\t\t\t\t\t\t\t\t\t\t\t\t\t<li class=\"tribe-events-c-subscribe-dropdown__list-item tribe-events-c-subscribe-dropdown__list-item--ical\">\n\t\t\t\t\t\t\t\t\t<a\n\t\t\t\t\t\t\t\t\t\thref=\"\"\n\t\t\t\t\t\t\t\t\t\tclass=\"tribe-events-c-subscribe-dropdown__list-item-link\"\n\t\t\t\t\t\t\t\t\t\ttarget=\"_blank\"\n\t\t\t\t\t\t\t\t\t\trel=\"noopener noreferrer nofollow noindex\"\n\t\t\t\t\t\t\t\t\t>\n\t\t\t\t\t\t\t\t\t\tiCalendar\t\t\t\t\t\t\t\t\t<\/a>\n\t\t\t\t\t\t\t\t<\/li>\n\t\t\t\t\t\t\t\t\t\t\t\t\t\t\t<li class=\"tribe-events-c-subscribe-dropdown__list-item tribe-events-c-subscribe-dropdown__list-item--outlook-365\">\n\t\t\t\t\t\t\t\t\t<a\n\t\t\t\t\t\t\t\t\t\thref=\"\"\n\t\t\t\t\t\t\t\t\t\tclass=\"tribe-events-c-subscribe-dropdown__list-item-link\"\n\t\t\t\t\t\t\t\t\t\ttarget=\"_blank\"\n\t\t\t\t\t\t\t\t\t\trel=\"noopener noreferrer nofollow noindex\"\n\t\t\t\t\t\t\t\t\t>\n\t\t\t\t\t\t\t\t\t\tOutlook 365\t\t\t\t\t\t\t\t\t<\/a>\n\t\t\t\t\t\t\t\t<\/li>\n\t\t\t\t\t\t\t\t\t\t\t\t\t\t\t<li class=\"tribe-events-c-subscribe-dropdown__list-item tribe-events-c-subscribe-dropdown__list-item--outlook-live\">\n\t\t\t\t\t\t\t\t\t<a\n\t\t\t\t\t\t\t\t\t\thref=\"\"\n\t\t\t\t\t\t\t\t\t\tclass=\"tribe-events-c-subscribe-dropdown__list-item-link\"\n\t\t\t\t\t\t\t\t\t\ttarget=\"_blank\"\n\t\t\t\t\t\t\t\t\t\trel=\"noopener noreferrer nofollow noindex\"\n\t\t\t\t\t\t\t\t\t>\n\t\t\t\t\t\t\t\t\t\tOutlook Live\t\t\t\t\t\t\t\t\t<\/a>\n\t\t\t\t\t\t\t\t<\/li>\n\t\t\t\t\t\t\t\t\t\t\t\t\t<\/ul>\n\t\t\t\t\t<\/div>\n\t\t\t\t<\/div>\n\t\t\t<\/div>\n\t\t<\/div>\n\t<\/div>","protected":false},"excerpt":{"rendered":"<p>Automatisme mental Mod\u00e8le de comportement r\u00e9p\u00e9titif Pens\u00e9es n\u00e9gatives &amp; r\u00e9seau neuronal Subconscient &amp; hygi\u00e8ne de la pens\u00e9e Exercices et travail sur les processus Travail avec les affirmations L\u00e2cher prise des programmes de sabotage subconscients<\/p>","protected":false},"author":6,"featured_media":11249,"template":"","meta":{"_EventAllDay":false,"_EventTimezone":"Europe\/Berlin","_EventStartDate":"2025-06-13 18:00:00","_EventEndDate":"2025-06-15 16:00:00","_EventStartDateUTC":"2025-06-13 16:00:00","_EventEndDateUTC":"2025-06-15 14:00:00","_EventShowMap":false,"_EventShowMapLink":false,"_EventURL":"","_EventCost":"","_EventCostDescription":"","_EventCurrencySymbol":"\u20ac","_EventCurrencyCode":"EUR","_EventCurrencyPosition":"prefix","_EventDateTimeSeparator":"um","_EventTimeRangeSeparator":"bis","_EventOrganizerID":[],"_EventVenueID":[1270],"_OrganizerEmail":"","_OrganizerPhone":"","_OrganizerWebsite":"","_VenueAddress":"","_VenueCity":"","_VenueCountry":"","_VenueProvince":"","_VenueState":"","_VenueZip":"","_VenuePhone":"","_VenueURL":"","_VenueStateProvince":"","_VenueLat":"","_VenueLng":"","_VenueShowMap":false,"_VenueShowMapLink":false,"_tribe_events_status":"","_tribe_events_status_reason":"","footnotes":""},"tags":[],"tribe_events_cat":[],"class_list":["post-11041","tribe_events","type-tribe_events","status-publish","has-post-thumbnail","hentry","description-off"],"yoast_head":"<!-- This site is optimized with the Yoast SEO plugin v27.5 - https:\/\/yoast.com\/product\/yoast-seo-wordpress\/ -->\n<title>Mental Detox und Gedanken Hygiene - Atemhaus Hubertushof [95505 Immenreuth]<\/title>\n<meta name=\"robots\" content=\"index, follow, max-snippet:-1, max-image-preview:large, max-video-preview:-1\" \/>\n<link rel=\"canonical\" href=\"https:\/\/atemhaus-hubertushof.de\/fr\/veranstaltungen\/mental-detox-und-gedanken-hygiene\/\" \/>\n<meta property=\"og:locale\" content=\"fr_FR\" \/>\n<meta property=\"og:type\" content=\"article\" \/>\n<meta property=\"og:title\" content=\"Mental Detox und Gedanken Hygiene - Atemhaus Hubertushof [95505 Immenreuth]\" \/>\n<meta property=\"og:description\" content=\"Mentaler Automatismus repetitives Verhaltensmuster negative Gedanken &amp; Neuronalvernetzung Unterbewusstsein &amp; Gedankenhygiene \u00dcbungen und Prozessarbeit Arbeit mit Affirmationen Loslassen von unterbewussten Sabotage Programmen\" \/>\n<meta property=\"og:url\" content=\"https:\/\/atemhaus-hubertushof.de\/fr\/veranstaltungen\/mental-detox-und-gedanken-hygiene\/\" \/>\n<meta property=\"og:site_name\" content=\"Atemhaus Hubertushof [95505 Immenreuth]\" \/>\n<meta property=\"article:modified_time\" content=\"2025-01-15T19:22:02+00:00\" \/>\n<meta property=\"og:image\" content=\"https:\/\/atemhaus-hubertushof.de\/wp-content\/uploads\/Mental-Detox.jpg\" \/>\n\t<meta property=\"og:image:width\" content=\"1181\" \/>\n\t<meta property=\"og:image:height\" content=\"1181\" \/>\n\t<meta property=\"og:image:type\" content=\"image\/jpeg\" \/>\n<meta name=\"twitter:card\" content=\"summary_large_image\" \/>\n<meta name=\"twitter:label1\" content=\"Dur\u00e9e de lecture estim\u00e9e\" \/>\n\t<meta name=\"twitter:data1\" content=\"1 minute\" \/>\n<script type=\"application\/ld+json\" class=\"yoast-schema-graph\">{\"@context\":\"https:\\\/\\\/schema.org\",\"@graph\":[{\"@type\":\"WebPage\",\"@id\":\"https:\\\/\\\/atemhaus-hubertushof.de\\\/veranstaltungen\\\/mental-detox-und-gedanken-hygiene\\\/\",\"url\":\"https:\\\/\\\/atemhaus-hubertushof.de\\\/veranstaltungen\\\/mental-detox-und-gedanken-hygiene\\\/\",\"name\":\"Mental Detox und Gedanken Hygiene - Atemhaus Hubertushof [95505 Immenreuth]\",\"isPartOf\":{\"@id\":\"https:\\\/\\\/atemhaus-hubertushof.de\\\/#website\"},\"primaryImageOfPage\":{\"@id\":\"https:\\\/\\\/atemhaus-hubertushof.de\\\/veranstaltungen\\\/mental-detox-und-gedanken-hygiene\\\/#primaryimage\"},\"image\":{\"@id\":\"https:\\\/\\\/atemhaus-hubertushof.de\\\/veranstaltungen\\\/mental-detox-und-gedanken-hygiene\\\/#primaryimage\"},\"thumbnailUrl\":\"https:\\\/\\\/atemhaus-hubertushof.de\\\/wp-content\\\/uploads\\\/Mental-Detox.jpg\",\"datePublished\":\"2024-09-03T10:38:41+00:00\",\"dateModified\":\"2025-01-15T19:22:02+00:00\",\"breadcrumb\":{\"@id\":\"https:\\\/\\\/atemhaus-hubertushof.de\\\/veranstaltungen\\\/mental-detox-und-gedanken-hygiene\\\/#breadcrumb\"},\"inLanguage\":\"fr-FR\",\"potentialAction\":[{\"@type\":\"ReadAction\",\"target\":[\"https:\\\/\\\/atemhaus-hubertushof.de\\\/veranstaltungen\\\/mental-detox-und-gedanken-hygiene\\\/\"]}]},{\"@type\":\"ImageObject\",\"inLanguage\":\"fr-FR\",\"@id\":\"https:\\\/\\\/atemhaus-hubertushof.de\\\/veranstaltungen\\\/mental-detox-und-gedanken-hygiene\\\/#primaryimage\",\"url\":\"https:\\\/\\\/atemhaus-hubertushof.de\\\/wp-content\\\/uploads\\\/Mental-Detox.jpg\",\"contentUrl\":\"https:\\\/\\\/atemhaus-hubertushof.de\\\/wp-content\\\/uploads\\\/Mental-Detox.jpg\",\"width\":1181,\"height\":1181},{\"@type\":\"BreadcrumbList\",\"@id\":\"https:\\\/\\\/atemhaus-hubertushof.de\\\/veranstaltungen\\\/mental-detox-und-gedanken-hygiene\\\/#breadcrumb\",\"itemListElement\":[{\"@type\":\"ListItem\",\"position\":1,\"name\":\"Startseite\",\"item\":\"https:\\\/\\\/atemhaus-hubertushof.de\\\/\"},{\"@type\":\"ListItem\",\"position\":2,\"name\":\"Veranstaltungen\",\"item\":\"https:\\\/\\\/atemhaus-hubertushof.de\\\/veranstaltungen\\\/\"},{\"@type\":\"ListItem\",\"position\":3,\"name\":\"Mental Detox und Gedanken Hygiene\"}]},{\"@type\":\"WebSite\",\"@id\":\"https:\\\/\\\/atemhaus-hubertushof.de\\\/#website\",\"url\":\"https:\\\/\\\/atemhaus-hubertushof.de\\\/\",\"name\":\"Atemhaus Hubertushof [95505 Immenreuth]\",\"description\":\"\",\"publisher\":{\"@id\":\"https:\\\/\\\/atemhaus-hubertushof.de\\\/#organization\"},\"potentialAction\":[{\"@type\":\"SearchAction\",\"target\":{\"@type\":\"EntryPoint\",\"urlTemplate\":\"https:\\\/\\\/atemhaus-hubertushof.de\\\/?s={search_term_string}\"},\"query-input\":{\"@type\":\"PropertyValueSpecification\",\"valueRequired\":true,\"valueName\":\"search_term_string\"}}],\"inLanguage\":\"fr-FR\"},{\"@type\":\"Organization\",\"@id\":\"https:\\\/\\\/atemhaus-hubertushof.de\\\/#organization\",\"name\":\"Atemhaus Hubertushof [95505 Immenreuth]\",\"url\":\"https:\\\/\\\/atemhaus-hubertushof.de\\\/\",\"logo\":{\"@type\":\"ImageObject\",\"inLanguage\":\"fr-FR\",\"@id\":\"https:\\\/\\\/atemhaus-hubertushof.de\\\/#\\\/schema\\\/logo\\\/image\\\/\",\"url\":\"https:\\\/\\\/atemhaus-hubertushof.de\\\/wp-content\\\/uploads\\\/cropped-2-2.png\",\"contentUrl\":\"https:\\\/\\\/atemhaus-hubertushof.de\\\/wp-content\\\/uploads\\\/cropped-2-2.png\",\"width\":512,\"height\":512,\"caption\":\"Atemhaus Hubertushof [95505 Immenreuth]\"},\"image\":{\"@id\":\"https:\\\/\\\/atemhaus-hubertushof.de\\\/#\\\/schema\\\/logo\\\/image\\\/\"}}]}<\/script>\n<!-- \/ Yoast SEO plugin. -->","yoast_head_json":{"title":"Mental Detox und Gedanken Hygiene - Atemhaus Hubertushof [95505 Immenreuth]","robots":{"index":"index","follow":"follow","max-snippet":"max-snippet:-1","max-image-preview":"max-image-preview:large","max-video-preview":"max-video-preview:-1"},"canonical":"https:\/\/atemhaus-hubertushof.de\/fr\/veranstaltungen\/mental-detox-und-gedanken-hygiene\/","og_locale":"fr_FR","og_type":"article","og_title":"Mental Detox und Gedanken Hygiene - Atemhaus Hubertushof [95505 Immenreuth]","og_description":"Mentaler Automatismus repetitives Verhaltensmuster negative Gedanken &amp; Neuronalvernetzung Unterbewusstsein &amp; Gedankenhygiene \u00dcbungen und Prozessarbeit Arbeit mit Affirmationen Loslassen von unterbewussten Sabotage Programmen","og_url":"https:\/\/atemhaus-hubertushof.de\/fr\/veranstaltungen\/mental-detox-und-gedanken-hygiene\/","og_site_name":"Atemhaus Hubertushof [95505 Immenreuth]","article_modified_time":"2025-01-15T19:22:02+00:00","og_image":[{"width":1181,"height":1181,"url":"https:\/\/atemhaus-hubertushof.de\/wp-content\/uploads\/Mental-Detox.jpg","type":"image\/jpeg"}],"twitter_card":"summary_large_image","twitter_misc":{"Dur\u00e9e de lecture estim\u00e9e":"1 minute"},"schema":{"@context":"https:\/\/schema.org","@graph":[{"@type":"WebPage","@id":"https:\/\/atemhaus-hubertushof.de\/veranstaltungen\/mental-detox-und-gedanken-hygiene\/","url":"https:\/\/atemhaus-hubertushof.de\/veranstaltungen\/mental-detox-und-gedanken-hygiene\/","name":"Mental Detox und Gedanken Hygiene - Atemhaus Hubertushof [95505 Immenreuth]","isPartOf":{"@id":"https:\/\/atemhaus-hubertushof.de\/#website"},"primaryImageOfPage":{"@id":"https:\/\/atemhaus-hubertushof.de\/veranstaltungen\/mental-detox-und-gedanken-hygiene\/#primaryimage"},"image":{"@id":"https:\/\/atemhaus-hubertushof.de\/veranstaltungen\/mental-detox-und-gedanken-hygiene\/#primaryimage"},"thumbnailUrl":"https:\/\/atemhaus-hubertushof.de\/wp-content\/uploads\/Mental-Detox.jpg","datePublished":"2024-09-03T10:38:41+00:00","dateModified":"2025-01-15T19:22:02+00:00","breadcrumb":{"@id":"https:\/\/atemhaus-hubertushof.de\/veranstaltungen\/mental-detox-und-gedanken-hygiene\/#breadcrumb"},"inLanguage":"fr-FR","potentialAction":[{"@type":"ReadAction","target":["https:\/\/atemhaus-hubertushof.de\/veranstaltungen\/mental-detox-und-gedanken-hygiene\/"]}]},{"@type":"ImageObject","inLanguage":"fr-FR","@id":"https:\/\/atemhaus-hubertushof.de\/veranstaltungen\/mental-detox-und-gedanken-hygiene\/#primaryimage","url":"https:\/\/atemhaus-hubertushof.de\/wp-content\/uploads\/Mental-Detox.jpg","contentUrl":"https:\/\/atemhaus-hubertushof.de\/wp-content\/uploads\/Mental-Detox.jpg","width":1181,"height":1181},{"@type":"BreadcrumbList","@id":"https:\/\/atemhaus-hubertushof.de\/veranstaltungen\/mental-detox-und-gedanken-hygiene\/#breadcrumb","itemListElement":[{"@type":"ListItem","position":1,"name":"Startseite","item":"https:\/\/atemhaus-hubertushof.de\/"},{"@type":"ListItem","position":2,"name":"Veranstaltungen","item":"https:\/\/atemhaus-hubertushof.de\/veranstaltungen\/"},{"@type":"ListItem","position":3,"name":"Mental Detox und Gedanken Hygiene"}]},{"@type":"WebSite","@id":"https:\/\/atemhaus-hubertushof.de\/#website","url":"https:\/\/atemhaus-hubertushof.de\/","name":"Atemhaus Hubertushof [95505 Immenreuth]","description":"","publisher":{"@id":"https:\/\/atemhaus-hubertushof.de\/#organization"},"potentialAction":[{"@type":"SearchAction","target":{"@type":"EntryPoint","urlTemplate":"https:\/\/atemhaus-hubertushof.de\/?s={search_term_string}"},"query-input":{"@type":"PropertyValueSpecification","valueRequired":true,"valueName":"search_term_string"}}],"inLanguage":"fr-FR"},{"@type":"Organization","@id":"https:\/\/atemhaus-hubertushof.de\/#organization","name":"Atemhaus Hubertushof [95505 Immenreuth]","url":"https:\/\/atemhaus-hubertushof.de\/","logo":{"@type":"ImageObject","inLanguage":"fr-FR","@id":"https:\/\/atemhaus-hubertushof.de\/#\/schema\/logo\/image\/","url":"https:\/\/atemhaus-hubertushof.de\/wp-content\/uploads\/cropped-2-2.png","contentUrl":"https:\/\/atemhaus-hubertushof.de\/wp-content\/uploads\/cropped-2-2.png","width":512,"height":512,"caption":"Atemhaus Hubertushof [95505 Immenreuth]"},"image":{"@id":"https:\/\/atemhaus-hubertushof.de\/#\/schema\/logo\/image\/"}}]}},"jetpack_sharing_enabled":true,"_links":{"self":[{"href":"https:\/\/atemhaus-hubertushof.de\/fr\/wp-json\/wp\/v2\/tribe_events\/11041","targetHints":{"allow":["GET"]}}],"collection":[{"href":"https:\/\/atemhaus-hubertushof.de\/fr\/wp-json\/wp\/v2\/tribe_events"}],"about":[{"href":"https:\/\/atemhaus-hubertushof.de\/fr\/wp-json\/wp\/v2\/types\/tribe_events"}],"author":[{"embeddable":true,"href":"https:\/\/atemhaus-hubertushof.de\/fr\/wp-json\/wp\/v2\/users\/6"}],"version-history":[{"count":2,"href":"https:\/\/atemhaus-hubertushof.de\/fr\/wp-json\/wp\/v2\/tribe_events\/11041\/revisions"}],"predecessor-version":[{"id":11221,"href":"https:\/\/atemhaus-hubertushof.de\/fr\/wp-json\/wp\/v2\/tribe_events\/11041\/revisions\/11221"}],"wp:featuredmedia":[{"embeddable":true,"href":"https:\/\/atemhaus-hubertushof.de\/fr\/wp-json\/wp\/v2\/media\/11249"}],"wp:attachment":[{"href":"https:\/\/atemhaus-hubertushof.de\/fr\/wp-json\/wp\/v2\/media?parent=11041"}],"wp:term":[{"taxonomy":"post_tag","embeddable":true,"href":"https:\/\/atemhaus-hubertushof.de\/fr\/wp-json\/wp\/v2\/tags?post=11041"},{"taxonomy":"tribe_events_cat","embeddable":true,"href":"https:\/\/atemhaus-hubertushof.de\/fr\/wp-json\/wp\/v2\/tribe_events_cat?post=11041"}],"curies":[{"name":"wp","href":"https:\/\/api.w.org\/{rel}","templated":true}]}}