{"id":8073,"date":"2022-12-21T13:03:53","date_gmt":"2022-12-21T13:03:53","guid":{"rendered":"https:\/\/the7.io\/online-courses\/?page_id=8073"},"modified":"2024-01-23T11:06:24","modified_gmt":"2024-01-23T10:06:24","slug":"das-atemhaus-buchen","status":"publish","type":"page","link":"https:\/\/atemhaus-hubertushof.de\/fr\/das-atemhaus-buchen\/","title":{"rendered":"R\u00e9server la maison du souffle"},"content":{"rendered":"<div data-elementor-type=\"wp-page\" data-elementor-id=\"8073\" class=\"elementor elementor-8073\" data-elementor-post-type=\"page\">\n\t\t\t\t\t\t<section class=\"elementor-section elementor-top-section elementor-element elementor-element-53a94bc elementor-section-boxed elementor-section-height-default elementor-section-height-default\" data-id=\"53a94bc\" data-element_type=\"section\" data-e-type=\"section\">\n\t\t\t\t\t\t<div class=\"elementor-container elementor-column-gap-wide\">\n\t\t\t\t\t<div class=\"elementor-column elementor-col-100 elementor-top-column elementor-element elementor-element-2348c5e\" data-id=\"2348c5e\" data-element_type=\"column\" data-e-type=\"column\">\n\t\t\t<div class=\"elementor-widget-wrap elementor-element-populated\">\n\t\t\t\t<div class=\"elementor-element elementor-element-a371465 e-flex e-con-boxed e-con e-parent\" data-id=\"a371465\" data-element_type=\"container\" data-e-type=\"container\">\n\t\t\t\t\t<div class=\"e-con-inner\">\n\t\t<div class=\"elementor-element elementor-element-46e2a15 e-flex e-con-boxed e-con e-child\" data-id=\"46e2a15\" data-element_type=\"container\" data-e-type=\"container\">\n\t\t\t\t\t<div class=\"e-con-inner\">\n\t\t\t\t<div class=\"elementor-element elementor-element-59396b7 elementor-widget elementor-widget-heading\" data-id=\"59396b7\" data-element_type=\"widget\" data-e-type=\"widget\" data-widget_type=\"heading.default\">\n\t\t\t\t<div class=\"elementor-widget-container\">\n\t\t\t\t\t<h2 class=\"elementor-heading-title elementor-size-default\">Demande pour un \u00e9v\u00e9nement d'une journ\u00e9e<\/h2>\t\t\t\t<\/div>\n\t\t\t\t<\/div>\n\t\t\t\t<div class=\"elementor-element elementor-element-a83eeb6 elementor-widget elementor-widget-image\" data-id=\"a83eeb6\" data-element_type=\"widget\" data-e-type=\"widget\" data-widget_type=\"image.default\">\n\t\t\t\t<div class=\"elementor-widget-container\">\n\t\t\t\t\t\t\t\t\t\t\t\t\t\t\t\t<a href=\"https:\/\/atemhaus-hubertushof.de\/fr\/eintaegige-veranstaltung\/\">\n\t\t\t\t\t\t\t<img fetchpriority=\"high\" decoding=\"async\" width=\"500\" height=\"473\" src=\"https:\/\/atemhaus-hubertushof.de\/wp-content\/uploads\/veranstaltung-kurz-kalender-icon.jpg\" class=\"attachment-large size-large wp-image-9524\" alt=\"\" srcset=\"https:\/\/atemhaus-hubertushof.de\/wp-content\/uploads\/veranstaltung-kurz-kalender-icon.jpg 500w, https:\/\/atemhaus-hubertushof.de\/wp-content\/uploads\/veranstaltung-kurz-kalender-icon-300x284.jpg 300w\" sizes=\"(max-width: 500px) 100vw, 500px\" \/>\t\t\t\t\t\t\t\t<\/a>\n\t\t\t\t\t\t\t\t\t\t\t\t\t\t\t<\/div>\n\t\t\t\t<\/div>\n\t\t\t\t<div class=\"elementor-element elementor-element-fd5c9a1 elementor-widget elementor-widget-button\" data-id=\"fd5c9a1\" data-element_type=\"widget\" data-e-type=\"widget\" data-widget_type=\"button.default\">\n\t\t\t\t<div class=\"elementor-widget-container\">\n\t\t\t\t\t\t\t\t\t<div class=\"elementor-button-wrapper\">\n\t\t\t\t\t<a class=\"elementor-button elementor-button-link elementor-size-sm\" href=\"https:\/\/atemhaus-hubertushof.de\/fr\/eintaegige-veranstaltung\/\">\n\t\t\t\t\t\t<span class=\"elementor-button-content-wrapper\">\n\t\t\t\t\t\t\t\t\t<span class=\"elementor-button-text\">Ouvrir la demande<\/span>\n\t\t\t\t\t<\/span>\n\t\t\t\t\t<\/a>\n\t\t\t\t<\/div>\n\t\t\t\t\t\t\t\t<\/div>\n\t\t\t\t<\/div>\n\t\t\t\t\t<\/div>\n\t\t\t\t<\/div>\n\t\t<div class=\"elementor-element elementor-element-2267bae e-flex e-con-boxed e-con e-child\" data-id=\"2267bae\" data-element_type=\"container\" data-e-type=\"container\">\n\t\t\t\t\t<div class=\"e-con-inner\">\n\t\t\t\t<div class=\"elementor-element elementor-element-681ae36 elementor-widget elementor-widget-heading\" data-id=\"681ae36\" data-element_type=\"widget\" data-e-type=\"widget\" data-widget_type=\"heading.default\">\n\t\t\t\t<div class=\"elementor-widget-container\">\n\t\t\t\t\t<h2 class=\"elementor-heading-title elementor-size-default\">Demande pour un \u00e9v\u00e9nement de plusieurs jours<\/h2>\t\t\t\t<\/div>\n\t\t\t\t<\/div>\n\t\t\t\t<div class=\"elementor-element elementor-element-3d8984e elementor-widget elementor-widget-image\" data-id=\"3d8984e\" data-element_type=\"widget\" data-e-type=\"widget\" data-widget_type=\"image.default\">\n\t\t\t\t<div class=\"elementor-widget-container\">\n\t\t\t\t\t\t\t\t\t\t\t\t\t\t\t\t<a href=\"https:\/\/atemhaus-hubertushof.de\/fr\/mehrtaegige-veranstaltung\/\">\n\t\t\t\t\t\t\t<img decoding=\"async\" width=\"500\" height=\"473\" src=\"https:\/\/atemhaus-hubertushof.de\/wp-content\/uploads\/veranstaltung-lang-kalender-icon.jpg\" class=\"attachment-large size-large wp-image-9523\" alt=\"\" srcset=\"https:\/\/atemhaus-hubertushof.de\/wp-content\/uploads\/veranstaltung-lang-kalender-icon.jpg 500w, https:\/\/atemhaus-hubertushof.de\/wp-content\/uploads\/veranstaltung-lang-kalender-icon-300x284.jpg 300w\" sizes=\"(max-width: 500px) 100vw, 500px\" \/>\t\t\t\t\t\t\t\t<\/a>\n\t\t\t\t\t\t\t\t\t\t\t\t\t\t\t<\/div>\n\t\t\t\t<\/div>\n\t\t\t\t<div class=\"elementor-element elementor-element-767b784 elementor-widget elementor-widget-button\" data-id=\"767b784\" data-element_type=\"widget\" data-e-type=\"widget\" data-widget_type=\"button.default\">\n\t\t\t\t<div class=\"elementor-widget-container\">\n\t\t\t\t\t\t\t\t\t<div class=\"elementor-button-wrapper\">\n\t\t\t\t\t<a class=\"elementor-button elementor-button-link elementor-size-sm\" href=\"https:\/\/atemhaus-hubertushof.de\/fr\/mehrtaegige-veranstaltung\/\">\n\t\t\t\t\t\t<span class=\"elementor-button-content-wrapper\">\n\t\t\t\t\t\t\t\t\t<span class=\"elementor-button-text\">Ouvrir la demande<\/span>\n\t\t\t\t\t<\/span>\n\t\t\t\t\t<\/a>\n\t\t\t\t<\/div>\n\t\t\t\t\t\t\t\t<\/div>\n\t\t\t\t<\/div>\n\t\t\t\t\t<\/div>\n\t\t\t\t<\/div>\n\t\t\t\t\t<\/div>\n\t\t\t\t<\/div>\n\t\t\t\t\t<\/div>\n\t\t<\/div>\n\t\t\t\t\t<\/div>\n\t\t<\/section>\n\t\t\t\t<\/div>","protected":false},"excerpt":{"rendered":"<p>Demande pour un \u00e9v\u00e9nement d'une journ\u00e9e Ouvrir la demande Demande pour un \u00e9v\u00e9nement de plusieurs jours Ouvrir la demande<\/p>","protected":false},"author":4,"featured_media":0,"parent":0,"menu_order":36,"comment_status":"closed","ping_status":"closed","template":"","meta":{"_EventAllDay":false,"_EventTimezone":"","_EventStartDate":"","_EventEndDate":"","_EventStartDateUTC":"","_EventEndDateUTC":"","_EventShowMap":false,"_EventShowMapLink":false,"_EventURL":"","_EventCost":"","_EventCostDescription":"","_EventCurrencySymbol":"","_EventCurrencyCode":"","_EventCurrencyPosition":"","_EventDateTimeSeparator":"","_EventTimeRangeSeparator":"","_EventOrganizerID":[],"_EventVenueID":[],"_OrganizerEmail":"","_OrganizerPhone":"","_OrganizerWebsite":"","_VenueAddress":"","_VenueCity":"","_VenueCountry":"","_VenueProvince":"","_VenueState":"","_VenueZip":"","_VenuePhone":"","_VenueURL":"","_VenueStateProvince":"","_VenueLat":"","_VenueLng":"","_VenueShowMap":false,"_VenueShowMapLink":false,"footnotes":""},"class_list":["post-8073","page","type-page","status-publish","hentry"],"yoast_head":"<!-- This site is optimized with the Yoast SEO plugin v27.5 - https:\/\/yoast.com\/product\/yoast-seo-wordpress\/ -->\n<title>Das Atemhaus buchen - Atemhaus Hubertushof [95505 Immenreuth]<\/title>\n<meta name=\"robots\" content=\"index, follow, max-snippet:-1, max-image-preview:large, max-video-preview:-1\" \/>\n<link rel=\"canonical\" href=\"https:\/\/atemhaus-hubertushof.de\/fr\/das-atemhaus-buchen\/\" \/>\n<meta property=\"og:locale\" content=\"fr_FR\" \/>\n<meta property=\"og:type\" content=\"article\" \/>\n<meta property=\"og:title\" content=\"Das Atemhaus buchen - Atemhaus Hubertushof [95505 Immenreuth]\" \/>\n<meta property=\"og:description\" content=\"Anfrage f\u00fcr eine Tagesveranstaltung Anfrage \u00f6ffnen Anfrage f\u00fcr eine mehrt\u00e4gige Veranstaltung Anfrage \u00f6ffnen\" \/>\n<meta property=\"og:url\" content=\"https:\/\/atemhaus-hubertushof.de\/fr\/das-atemhaus-buchen\/\" \/>\n<meta property=\"og:site_name\" content=\"Atemhaus Hubertushof [95505 Immenreuth]\" \/>\n<meta property=\"article:modified_time\" content=\"2024-01-23T10:06:24+00:00\" \/>\n<meta property=\"og:image\" content=\"https:\/\/atemhaus-hubertushof.de\/wp-content\/uploads\/veranstaltung-kurz-kalender-icon.jpg\" \/>\n<meta name=\"twitter:card\" content=\"summary_large_image\" \/>\n<meta name=\"twitter:label1\" content=\"Dur\u00e9e de lecture estim\u00e9e\" \/>\n\t<meta name=\"twitter:data1\" content=\"1 minute\" \/>\n<script type=\"application\/ld+json\" class=\"yoast-schema-graph\">{\"@context\":\"https:\\\/\\\/schema.org\",\"@graph\":[{\"@type\":\"WebPage\",\"@id\":\"https:\\\/\\\/atemhaus-hubertushof.de\\\/das-atemhaus-buchen\\\/\",\"url\":\"https:\\\/\\\/atemhaus-hubertushof.de\\\/das-atemhaus-buchen\\\/\",\"name\":\"Das Atemhaus buchen - Atemhaus Hubertushof [95505 Immenreuth]\",\"isPartOf\":{\"@id\":\"https:\\\/\\\/atemhaus-hubertushof.de\\\/#website\"},\"primaryImageOfPage\":{\"@id\":\"https:\\\/\\\/atemhaus-hubertushof.de\\\/das-atemhaus-buchen\\\/#primaryimage\"},\"image\":{\"@id\":\"https:\\\/\\\/atemhaus-hubertushof.de\\\/das-atemhaus-buchen\\\/#primaryimage\"},\"thumbnailUrl\":\"https:\\\/\\\/atemhaus-hubertushof.de\\\/wp-content\\\/uploads\\\/veranstaltung-kurz-kalender-icon.jpg\",\"datePublished\":\"2022-12-21T13:03:53+00:00\",\"dateModified\":\"2024-01-23T10:06:24+00:00\",\"breadcrumb\":{\"@id\":\"https:\\\/\\\/atemhaus-hubertushof.de\\\/das-atemhaus-buchen\\\/#breadcrumb\"},\"inLanguage\":\"fr-FR\",\"potentialAction\":[{\"@type\":\"ReadAction\",\"target\":[\"https:\\\/\\\/atemhaus-hubertushof.de\\\/das-atemhaus-buchen\\\/\"]}]},{\"@type\":\"ImageObject\",\"inLanguage\":\"fr-FR\",\"@id\":\"https:\\\/\\\/atemhaus-hubertushof.de\\\/das-atemhaus-buchen\\\/#primaryimage\",\"url\":\"https:\\\/\\\/atemhaus-hubertushof.de\\\/wp-content\\\/uploads\\\/veranstaltung-kurz-kalender-icon.jpg\",\"contentUrl\":\"https:\\\/\\\/atemhaus-hubertushof.de\\\/wp-content\\\/uploads\\\/veranstaltung-kurz-kalender-icon.jpg\"},{\"@type\":\"BreadcrumbList\",\"@id\":\"https:\\\/\\\/atemhaus-hubertushof.de\\\/das-atemhaus-buchen\\\/#breadcrumb\",\"itemListElement\":[{\"@type\":\"ListItem\",\"position\":1,\"name\":\"Startseite\",\"item\":\"https:\\\/\\\/atemhaus-hubertushof.de\\\/\"},{\"@type\":\"ListItem\",\"position\":2,\"name\":\"Das Atemhaus buchen\"}]},{\"@type\":\"WebSite\",\"@id\":\"https:\\\/\\\/atemhaus-hubertushof.de\\\/#website\",\"url\":\"https:\\\/\\\/atemhaus-hubertushof.de\\\/\",\"name\":\"Atemhaus Hubertushof [95505 Immenreuth]\",\"description\":\"\",\"publisher\":{\"@id\":\"https:\\\/\\\/atemhaus-hubertushof.de\\\/#organization\"},\"potentialAction\":[{\"@type\":\"SearchAction\",\"target\":{\"@type\":\"EntryPoint\",\"urlTemplate\":\"https:\\\/\\\/atemhaus-hubertushof.de\\\/?s={search_term_string}\"},\"query-input\":{\"@type\":\"PropertyValueSpecification\",\"valueRequired\":true,\"valueName\":\"search_term_string\"}}],\"inLanguage\":\"fr-FR\"},{\"@type\":\"Organization\",\"@id\":\"https:\\\/\\\/atemhaus-hubertushof.de\\\/#organization\",\"name\":\"Atemhaus Hubertushof [95505 Immenreuth]\",\"url\":\"https:\\\/\\\/atemhaus-hubertushof.de\\\/\",\"logo\":{\"@type\":\"ImageObject\",\"inLanguage\":\"fr-FR\",\"@id\":\"https:\\\/\\\/atemhaus-hubertushof.de\\\/#\\\/schema\\\/logo\\\/image\\\/\",\"url\":\"https:\\\/\\\/atemhaus-hubertushof.de\\\/wp-content\\\/uploads\\\/cropped-2-2.png\",\"contentUrl\":\"https:\\\/\\\/atemhaus-hubertushof.de\\\/wp-content\\\/uploads\\\/cropped-2-2.png\",\"width\":512,\"height\":512,\"caption\":\"Atemhaus Hubertushof [95505 Immenreuth]\"},\"image\":{\"@id\":\"https:\\\/\\\/atemhaus-hubertushof.de\\\/#\\\/schema\\\/logo\\\/image\\\/\"}}]}<\/script>\n<!-- \/ Yoast SEO plugin. -->","yoast_head_json":{"title":"Das Atemhaus buchen - Atemhaus Hubertushof [95505 Immenreuth]","robots":{"index":"index","follow":"follow","max-snippet":"max-snippet:-1","max-image-preview":"max-image-preview:large","max-video-preview":"max-video-preview:-1"},"canonical":"https:\/\/atemhaus-hubertushof.de\/fr\/das-atemhaus-buchen\/","og_locale":"fr_FR","og_type":"article","og_title":"Das Atemhaus buchen - Atemhaus Hubertushof [95505 Immenreuth]","og_description":"Anfrage f\u00fcr eine Tagesveranstaltung Anfrage \u00f6ffnen Anfrage f\u00fcr eine mehrt\u00e4gige Veranstaltung Anfrage \u00f6ffnen","og_url":"https:\/\/atemhaus-hubertushof.de\/fr\/das-atemhaus-buchen\/","og_site_name":"Atemhaus Hubertushof [95505 Immenreuth]","article_modified_time":"2024-01-23T10:06:24+00:00","og_image":[{"url":"https:\/\/atemhaus-hubertushof.de\/wp-content\/uploads\/veranstaltung-kurz-kalender-icon.jpg","type":"","width":"","height":""}],"twitter_card":"summary_large_image","twitter_misc":{"Dur\u00e9e de lecture estim\u00e9e":"1 minute"},"schema":{"@context":"https:\/\/schema.org","@graph":[{"@type":"WebPage","@id":"https:\/\/atemhaus-hubertushof.de\/das-atemhaus-buchen\/","url":"https:\/\/atemhaus-hubertushof.de\/das-atemhaus-buchen\/","name":"Das Atemhaus buchen - Atemhaus Hubertushof [95505 Immenreuth]","isPartOf":{"@id":"https:\/\/atemhaus-hubertushof.de\/#website"},"primaryImageOfPage":{"@id":"https:\/\/atemhaus-hubertushof.de\/das-atemhaus-buchen\/#primaryimage"},"image":{"@id":"https:\/\/atemhaus-hubertushof.de\/das-atemhaus-buchen\/#primaryimage"},"thumbnailUrl":"https:\/\/atemhaus-hubertushof.de\/wp-content\/uploads\/veranstaltung-kurz-kalender-icon.jpg","datePublished":"2022-12-21T13:03:53+00:00","dateModified":"2024-01-23T10:06:24+00:00","breadcrumb":{"@id":"https:\/\/atemhaus-hubertushof.de\/das-atemhaus-buchen\/#breadcrumb"},"inLanguage":"fr-FR","potentialAction":[{"@type":"ReadAction","target":["https:\/\/atemhaus-hubertushof.de\/das-atemhaus-buchen\/"]}]},{"@type":"ImageObject","inLanguage":"fr-FR","@id":"https:\/\/atemhaus-hubertushof.de\/das-atemhaus-buchen\/#primaryimage","url":"https:\/\/atemhaus-hubertushof.de\/wp-content\/uploads\/veranstaltung-kurz-kalender-icon.jpg","contentUrl":"https:\/\/atemhaus-hubertushof.de\/wp-content\/uploads\/veranstaltung-kurz-kalender-icon.jpg"},{"@type":"BreadcrumbList","@id":"https:\/\/atemhaus-hubertushof.de\/das-atemhaus-buchen\/#breadcrumb","itemListElement":[{"@type":"ListItem","position":1,"name":"Startseite","item":"https:\/\/atemhaus-hubertushof.de\/"},{"@type":"ListItem","position":2,"name":"Das Atemhaus buchen"}]},{"@type":"WebSite","@id":"https:\/\/atemhaus-hubertushof.de\/#website","url":"https:\/\/atemhaus-hubertushof.de\/","name":"Atemhaus Hubertushof [95505 Immenreuth]","description":"","publisher":{"@id":"https:\/\/atemhaus-hubertushof.de\/#organization"},"potentialAction":[{"@type":"SearchAction","target":{"@type":"EntryPoint","urlTemplate":"https:\/\/atemhaus-hubertushof.de\/?s={search_term_string}"},"query-input":{"@type":"PropertyValueSpecification","valueRequired":true,"valueName":"search_term_string"}}],"inLanguage":"fr-FR"},{"@type":"Organization","@id":"https:\/\/atemhaus-hubertushof.de\/#organization","name":"Atemhaus Hubertushof [95505 Immenreuth]","url":"https:\/\/atemhaus-hubertushof.de\/","logo":{"@type":"ImageObject","inLanguage":"fr-FR","@id":"https:\/\/atemhaus-hubertushof.de\/#\/schema\/logo\/image\/","url":"https:\/\/atemhaus-hubertushof.de\/wp-content\/uploads\/cropped-2-2.png","contentUrl":"https:\/\/atemhaus-hubertushof.de\/wp-content\/uploads\/cropped-2-2.png","width":512,"height":512,"caption":"Atemhaus Hubertushof [95505 Immenreuth]"},"image":{"@id":"https:\/\/atemhaus-hubertushof.de\/#\/schema\/logo\/image\/"}}]}},"jetpack_sharing_enabled":true,"_links":{"self":[{"href":"https:\/\/atemhaus-hubertushof.de\/fr\/wp-json\/wp\/v2\/pages\/8073","targetHints":{"allow":["GET"]}}],"collection":[{"href":"https:\/\/atemhaus-hubertushof.de\/fr\/wp-json\/wp\/v2\/pages"}],"about":[{"href":"https:\/\/atemhaus-hubertushof.de\/fr\/wp-json\/wp\/v2\/types\/page"}],"author":[{"embeddable":true,"href":"https:\/\/atemhaus-hubertushof.de\/fr\/wp-json\/wp\/v2\/users\/4"}],"replies":[{"embeddable":true,"href":"https:\/\/atemhaus-hubertushof.de\/fr\/wp-json\/wp\/v2\/comments?post=8073"}],"version-history":[{"count":4,"href":"https:\/\/atemhaus-hubertushof.de\/fr\/wp-json\/wp\/v2\/pages\/8073\/revisions"}],"predecessor-version":[{"id":9806,"href":"https:\/\/atemhaus-hubertushof.de\/fr\/wp-json\/wp\/v2\/pages\/8073\/revisions\/9806"}],"wp:attachment":[{"href":"https:\/\/atemhaus-hubertushof.de\/fr\/wp-json\/wp\/v2\/media?parent=8073"}],"curies":[{"name":"wp","href":"https:\/\/api.w.org\/{rel}","templated":true}]}}