{"id":679,"date":"2021-03-05T12:21:48","date_gmt":"2021-03-05T12:21:48","guid":{"rendered":"https:\/\/www.atemhaus-hubertushof.de\/?page_id=679"},"modified":"2024-09-23T08:57:45","modified_gmt":"2024-09-23T06:57:45","slug":"aussenbereich","status":"publish","type":"page","link":"https:\/\/atemhaus-hubertushof.de\/fr\/aussenbereich\/","title":{"rendered":"Ext\u00e9rieur"},"content":{"rendered":"<div data-elementor-type=\"wp-page\" data-elementor-id=\"679\" class=\"elementor elementor-679\" data-elementor-post-type=\"page\">\n\t\t\t\t<div class=\"elementor-element elementor-element-78809e9 e-flex e-con-boxed e-con e-parent\" data-id=\"78809e9\" data-element_type=\"container\" data-e-type=\"container\">\n\t\t\t\t\t<div class=\"e-con-inner\">\n\t\t\t\t<div class=\"elementor-element elementor-element-1b8d2c7 elementor-widget elementor-widget-heading\" data-id=\"1b8d2c7\" data-element_type=\"widget\" data-e-type=\"widget\" data-widget_type=\"heading.default\">\n\t\t\t\t<div class=\"elementor-widget-container\">\n\t\t\t\t\t<h1 class=\"elementor-heading-title elementor-size-default\">Ext\u00e9rieur<\/h1>\t\t\t\t<\/div>\n\t\t\t\t<\/div>\n\t\t\t\t\t<\/div>\n\t\t\t\t<\/div>\n\t\t<div class=\"elementor-element elementor-element-ee347d4 e-flex e-con-boxed e-con e-parent\" data-id=\"ee347d4\" data-element_type=\"container\" data-e-type=\"container\">\n\t\t\t\t\t<div class=\"e-con-inner\">\n\t\t\t\t<div class=\"elementor-element elementor-element-f64c5e0 elementor-widget elementor-widget-gallery\" data-id=\"f64c5e0\" data-element_type=\"widget\" data-e-type=\"widget\" data-settings=\"{&quot;gallery_layout&quot;:&quot;justified&quot;,&quot;ideal_row_height&quot;:{&quot;unit&quot;:&quot;px&quot;,&quot;size&quot;:261,&quot;sizes&quot;:[]},&quot;ideal_row_height_tablet&quot;:{&quot;unit&quot;:&quot;px&quot;,&quot;size&quot;:174,&quot;sizes&quot;:[]},&quot;lazyload&quot;:&quot;yes&quot;,&quot;ideal_row_height_mobile&quot;:{&quot;unit&quot;:&quot;px&quot;,&quot;size&quot;:150,&quot;sizes&quot;:[]},&quot;gap&quot;:{&quot;unit&quot;:&quot;px&quot;,&quot;size&quot;:10,&quot;sizes&quot;:[]},&quot;gap_tablet&quot;:{&quot;unit&quot;:&quot;px&quot;,&quot;size&quot;:10,&quot;sizes&quot;:[]},&quot;gap_mobile&quot;:{&quot;unit&quot;:&quot;px&quot;,&quot;size&quot;:10,&quot;sizes&quot;:[]},&quot;link_to&quot;:&quot;file&quot;,&quot;overlay_background&quot;:&quot;yes&quot;,&quot;content_hover_animation&quot;:&quot;fade-in&quot;}\" data-widget_type=\"gallery.default\">\n\t\t\t\t<div class=\"elementor-widget-container\">\n\t\t\t\t\t\t\t<div class=\"elementor-gallery__container\">\n\t\t\t\t\t\t\t<a class=\"e-gallery-item elementor-gallery-item elementor-animated-content\" href=\"https:\/\/atemhaus-hubertushof.de\/wp-content\/uploads\/6D19A092-B931-4F9A-A4A4-1F7D3A1DA1B4.jpg\" data-elementor-open-lightbox=\"yes\" data-elementor-lightbox-slideshow=\"f64c5e0\" data-elementor-lightbox-title=\"6D19A092-B931-4F9A-A4A4-1F7D3A1DA1B4\" data-e-action-hash=\"#elementor-action%3Aaction%3Dlightbox%26settings%3DeyJpZCI6MTU5OCwidXJsIjoiaHR0cHM6XC9cL2F0ZW1oYXVzLWh1YmVydHVzaG9mLmRlXC93cC1jb250ZW50XC91cGxvYWRzXC82RDE5QTA5Mi1COTMxLTRGOUEtQTRBNC0xRjdEM0ExREExQjQuanBnIiwic2xpZGVzaG93IjoiZjY0YzVlMCJ9\">\n\t\t\t\t\t<div class=\"e-gallery-image elementor-gallery-item__image\" data-thumbnail=\"https:\/\/atemhaus-hubertushof.de\/wp-content\/uploads\/6D19A092-B931-4F9A-A4A4-1F7D3A1DA1B4-768x957.jpg\" data-width=\"768\" data-height=\"957\" aria-label=\"\" role=\"img\" ><\/div>\n\t\t\t\t\t\t\t\t\t\t\t<div class=\"elementor-gallery-item__overlay\"><\/div>\n\t\t\t\t\t\t\t\t\t\t\t\t\t\t<\/a>\n\t\t\t\t\t\t\t<a class=\"e-gallery-item elementor-gallery-item elementor-animated-content\" href=\"https:\/\/atemhaus-hubertushof.de\/wp-content\/uploads\/IMG_9470-scaled-1.jpg\" data-elementor-open-lightbox=\"yes\" data-elementor-lightbox-slideshow=\"f64c5e0\" data-elementor-lightbox-title=\"IMG_9470\" data-e-action-hash=\"#elementor-action%3Aaction%3Dlightbox%26settings%3DeyJpZCI6MTgyMCwidXJsIjoiaHR0cHM6XC9cL2F0ZW1oYXVzLWh1YmVydHVzaG9mLmRlXC93cC1jb250ZW50XC91cGxvYWRzXC9JTUdfOTQ3MC1zY2FsZWQtMS5qcGciLCJzbGlkZXNob3ciOiJmNjRjNWUwIn0%3D\">\n\t\t\t\t\t<div class=\"e-gallery-image elementor-gallery-item__image\" data-thumbnail=\"https:\/\/atemhaus-hubertushof.de\/wp-content\/uploads\/IMG_9470-scaled-1-768x576.jpg\" data-width=\"768\" data-height=\"576\" aria-label=\"\" role=\"img\" ><\/div>\n\t\t\t\t\t\t\t\t\t\t\t<div class=\"elementor-gallery-item__overlay\"><\/div>\n\t\t\t\t\t\t\t\t\t\t\t\t\t\t<\/a>\n\t\t\t\t\t\t\t<a class=\"e-gallery-item elementor-gallery-item elementor-animated-content\" href=\"https:\/\/atemhaus-hubertushof.de\/wp-content\/uploads\/DSC05238-1.jpg\" data-elementor-open-lightbox=\"yes\" data-elementor-lightbox-slideshow=\"f64c5e0\" data-elementor-lightbox-title=\"DSC05238\" data-e-action-hash=\"#elementor-action%3Aaction%3Dlightbox%26settings%3DeyJpZCI6ODQ3MCwidXJsIjoiaHR0cHM6XC9cL2F0ZW1oYXVzLWh1YmVydHVzaG9mLmRlXC93cC1jb250ZW50XC91cGxvYWRzXC9EU0MwNTIzOC0xLmpwZyIsInNsaWRlc2hvdyI6ImY2NGM1ZTAifQ%3D%3D\">\n\t\t\t\t\t<div class=\"e-gallery-image elementor-gallery-item__image\" data-thumbnail=\"https:\/\/atemhaus-hubertushof.de\/wp-content\/uploads\/DSC05238-1-768x1152.jpg\" data-width=\"768\" data-height=\"1152\" aria-label=\"\" role=\"img\" ><\/div>\n\t\t\t\t\t\t\t\t\t\t\t<div class=\"elementor-gallery-item__overlay\"><\/div>\n\t\t\t\t\t\t\t\t\t\t\t\t\t\t<\/a>\n\t\t\t\t\t\t\t<a class=\"e-gallery-item elementor-gallery-item elementor-animated-content\" href=\"https:\/\/atemhaus-hubertushof.de\/wp-content\/uploads\/IMG_9479-scaled-1.jpg\" data-elementor-open-lightbox=\"yes\" data-elementor-lightbox-slideshow=\"f64c5e0\" data-elementor-lightbox-title=\"IMG_9479\" data-e-action-hash=\"#elementor-action%3Aaction%3Dlightbox%26settings%3DeyJpZCI6MTgxNSwidXJsIjoiaHR0cHM6XC9cL2F0ZW1oYXVzLWh1YmVydHVzaG9mLmRlXC93cC1jb250ZW50XC91cGxvYWRzXC9JTUdfOTQ3OS1zY2FsZWQtMS5qcGciLCJzbGlkZXNob3ciOiJmNjRjNWUwIn0%3D\">\n\t\t\t\t\t<div class=\"e-gallery-image elementor-gallery-item__image\" data-thumbnail=\"https:\/\/atemhaus-hubertushof.de\/wp-content\/uploads\/IMG_9479-scaled-1-768x576.jpg\" data-width=\"768\" data-height=\"576\" aria-label=\"\" role=\"img\" ><\/div>\n\t\t\t\t\t\t\t\t\t\t\t<div class=\"elementor-gallery-item__overlay\"><\/div>\n\t\t\t\t\t\t\t\t\t\t\t\t\t\t<\/a>\n\t\t\t\t\t\t\t<a class=\"e-gallery-item elementor-gallery-item elementor-animated-content\" href=\"https:\/\/atemhaus-hubertushof.de\/wp-content\/uploads\/IMG_1526-scaled-1.jpg\" data-elementor-open-lightbox=\"yes\" data-elementor-lightbox-slideshow=\"f64c5e0\" data-elementor-lightbox-title=\"IMG_1526\" data-e-action-hash=\"#elementor-action%3Aaction%3Dlightbox%26settings%3DeyJpZCI6MTYxMywidXJsIjoiaHR0cHM6XC9cL2F0ZW1oYXVzLWh1YmVydHVzaG9mLmRlXC93cC1jb250ZW50XC91cGxvYWRzXC9JTUdfMTUyNi1zY2FsZWQtMS5qcGciLCJzbGlkZXNob3ciOiJmNjRjNWUwIn0%3D\">\n\t\t\t\t\t<div class=\"e-gallery-image elementor-gallery-item__image\" data-thumbnail=\"https:\/\/atemhaus-hubertushof.de\/wp-content\/uploads\/IMG_1526-scaled-1-768x576.jpg\" data-width=\"768\" data-height=\"576\" aria-label=\"\" role=\"img\" ><\/div>\n\t\t\t\t\t\t\t\t\t\t\t<div class=\"elementor-gallery-item__overlay\"><\/div>\n\t\t\t\t\t\t\t\t\t\t\t\t\t\t<\/a>\n\t\t\t\t\t\t\t<a class=\"e-gallery-item elementor-gallery-item elementor-animated-content\" href=\"https:\/\/atemhaus-hubertushof.de\/wp-content\/uploads\/IMG_9472-scaled-1.jpg\" data-elementor-open-lightbox=\"yes\" data-elementor-lightbox-slideshow=\"f64c5e0\" data-elementor-lightbox-title=\"IMG_9472\" data-e-action-hash=\"#elementor-action%3Aaction%3Dlightbox%26settings%3DeyJpZCI6MTgxMiwidXJsIjoiaHR0cHM6XC9cL2F0ZW1oYXVzLWh1YmVydHVzaG9mLmRlXC93cC1jb250ZW50XC91cGxvYWRzXC9JTUdfOTQ3Mi1zY2FsZWQtMS5qcGciLCJzbGlkZXNob3ciOiJmNjRjNWUwIn0%3D\">\n\t\t\t\t\t<div class=\"e-gallery-image elementor-gallery-item__image\" data-thumbnail=\"https:\/\/atemhaus-hubertushof.de\/wp-content\/uploads\/IMG_9472-scaled-1-768x576.jpg\" data-width=\"768\" data-height=\"576\" aria-label=\"\" role=\"img\" ><\/div>\n\t\t\t\t\t\t\t\t\t\t\t<div class=\"elementor-gallery-item__overlay\"><\/div>\n\t\t\t\t\t\t\t\t\t\t\t\t\t\t<\/a>\n\t\t\t\t\t\t\t<a class=\"e-gallery-item elementor-gallery-item elementor-animated-content\" href=\"https:\/\/atemhaus-hubertushof.de\/wp-content\/uploads\/DSC05275-1.jpg\" data-elementor-open-lightbox=\"yes\" data-elementor-lightbox-slideshow=\"f64c5e0\" data-elementor-lightbox-title=\"DSC05275\" data-e-action-hash=\"#elementor-action%3Aaction%3Dlightbox%26settings%3DeyJpZCI6ODQ2OSwidXJsIjoiaHR0cHM6XC9cL2F0ZW1oYXVzLWh1YmVydHVzaG9mLmRlXC93cC1jb250ZW50XC91cGxvYWRzXC9EU0MwNTI3NS0xLmpwZyIsInNsaWRlc2hvdyI6ImY2NGM1ZTAifQ%3D%3D\">\n\t\t\t\t\t<div class=\"e-gallery-image elementor-gallery-item__image\" data-thumbnail=\"https:\/\/atemhaus-hubertushof.de\/wp-content\/uploads\/DSC05275-1-768x512.jpg\" data-width=\"768\" data-height=\"512\" aria-label=\"\" role=\"img\" ><\/div>\n\t\t\t\t\t\t\t\t\t\t\t<div class=\"elementor-gallery-item__overlay\"><\/div>\n\t\t\t\t\t\t\t\t\t\t\t\t\t\t<\/a>\n\t\t\t\t\t\t\t<a class=\"e-gallery-item elementor-gallery-item elementor-animated-content\" href=\"https:\/\/atemhaus-hubertushof.de\/wp-content\/uploads\/IMG_9473-scaled-1.jpg\" data-elementor-open-lightbox=\"yes\" data-elementor-lightbox-slideshow=\"f64c5e0\" data-elementor-lightbox-title=\"IMG_9473\" data-e-action-hash=\"#elementor-action%3Aaction%3Dlightbox%26settings%3DeyJpZCI6MTgxMywidXJsIjoiaHR0cHM6XC9cL2F0ZW1oYXVzLWh1YmVydHVzaG9mLmRlXC93cC1jb250ZW50XC91cGxvYWRzXC9JTUdfOTQ3My1zY2FsZWQtMS5qcGciLCJzbGlkZXNob3ciOiJmNjRjNWUwIn0%3D\">\n\t\t\t\t\t<div class=\"e-gallery-image elementor-gallery-item__image\" data-thumbnail=\"https:\/\/atemhaus-hubertushof.de\/wp-content\/uploads\/IMG_9473-scaled-1-768x576.jpg\" data-width=\"768\" data-height=\"576\" aria-label=\"\" role=\"img\" ><\/div>\n\t\t\t\t\t\t\t\t\t\t\t<div class=\"elementor-gallery-item__overlay\"><\/div>\n\t\t\t\t\t\t\t\t\t\t\t\t\t\t<\/a>\n\t\t\t\t\t<\/div>\n\t\t\t\t\t<\/div>\n\t\t\t\t<\/div>\n\t\t\t\t<div class=\"elementor-element elementor-element-78a5cea elementor-widget elementor-widget-text-editor\" data-id=\"78a5cea\" data-element_type=\"widget\" data-e-type=\"widget\" data-widget_type=\"text-editor.default\">\n\t\t\t\t<div class=\"elementor-widget-container\">\n\t\t\t\t\t\t\t\t\t<p style=\"text-align: center;\">Plate-forme de yoga, 7m x 9m, 65m\u00b2.<br \/>Foyers<br \/>Cabane de sudation permanente<br \/>Nature sauvage (qu\u00eate de vision) - cuisine ext\u00e9rieure, douche ext\u00e9rieure, toilettes \u00e0 compost,<br \/>Douches chaudes et conteneurs WC<br \/>Yurtes et tinyhouses (en cours de construction)<br \/>Karawanserai - Chapiteau \u00e9v\u00e9nementiel 5 x 10m<\/p>\t\t\t\t\t\t\t\t<\/div>\n\t\t\t\t<\/div>\n\t\t\t\t<div class=\"elementor-element elementor-element-3714b1c elementor-align-justify elementor-widget elementor-widget-button\" data-id=\"3714b1c\" data-element_type=\"widget\" data-e-type=\"widget\" data-widget_type=\"button.default\">\n\t\t\t\t<div class=\"elementor-widget-container\">\n\t\t\t\t\t\t\t\t\t<div class=\"elementor-button-wrapper\">\n\t\t\t\t\t<a class=\"elementor-button elementor-button-link elementor-size-sm\" href=\"https:\/\/atemhaus-hubertushof.de\/fr\/uebernachtung-buchen\/#camping\">\n\t\t\t\t\t\t<span class=\"elementor-button-content-wrapper\">\n\t\t\t\t\t\t\t\t\t<span class=\"elementor-button-text\">Afficher les campings disponibles<\/span>\n\t\t\t\t\t<\/span>\n\t\t\t\t\t<\/a>\n\t\t\t\t<\/div>\n\t\t\t\t\t\t\t\t<\/div>\n\t\t\t\t<\/div>\n\t\t\t\t\t<\/div>\n\t\t\t\t<\/div>\n\t\t\t\t<section class=\"elementor-section elementor-top-section elementor-element elementor-element-52a82435 elementor-section-boxed elementor-section-height-default elementor-section-height-default\" data-id=\"52a82435\" data-element_type=\"section\" data-e-type=\"section\">\n\t\t\t\t\t\t<div class=\"elementor-container elementor-column-gap-no\">\n\t\t\t\t\t<div class=\"elementor-column elementor-col-20 elementor-top-column elementor-element elementor-element-4949dca3\" data-id=\"4949dca3\" data-element_type=\"column\" data-e-type=\"column\">\n\t\t\t<div class=\"elementor-widget-wrap elementor-element-populated\">\n\t\t\t\t\t\t<div class=\"elementor-element elementor-element-9a516ee elementor-widget elementor-widget-image\" data-id=\"9a516ee\" data-element_type=\"widget\" data-e-type=\"widget\" data-widget_type=\"image.default\">\n\t\t\t\t<div class=\"elementor-widget-container\">\n\t\t\t\t\t\t\t\t\t\t\t\t\t\t\t\t<a href=\"https:\/\/atemhaus-hubertushof.de\/wp-content\/uploads\/Yogaplatform.jpg\" data-elementor-open-lightbox=\"yes\" data-elementor-lightbox-title=\"Yogaplatform\" data-e-action-hash=\"#elementor-action%3Aaction%3Dlightbox%26settings%3DeyJpZCI6OTUzLCJ1cmwiOiJodHRwczpcL1wvYXRlbWhhdXMtaHViZXJ0dXNob2YuZGVcL3dwLWNvbnRlbnRcL3VwbG9hZHNcL1lvZ2FwbGF0Zm9ybS5qcGcifQ%3D%3D\">\n\t\t\t\t\t\t\t<img fetchpriority=\"high\" decoding=\"async\" width=\"768\" height=\"1024\" src=\"https:\/\/atemhaus-hubertushof.de\/wp-content\/uploads\/Yogaplatform-768x1024.jpg\" class=\"attachment-large size-large wp-image-953\" alt=\"\" srcset=\"https:\/\/atemhaus-hubertushof.de\/wp-content\/uploads\/Yogaplatform-768x1024.jpg 768w, https:\/\/atemhaus-hubertushof.de\/wp-content\/uploads\/Yogaplatform-900x1200.jpg 900w, https:\/\/atemhaus-hubertushof.de\/wp-content\/uploads\/Yogaplatform-225x300.jpg 225w, https:\/\/atemhaus-hubertushof.de\/wp-content\/uploads\/Yogaplatform-1152x1536.jpg 1152w, https:\/\/atemhaus-hubertushof.de\/wp-content\/uploads\/Yogaplatform.jpg 1200w\" sizes=\"(max-width: 768px) 100vw, 768px\" \/>\t\t\t\t\t\t\t\t<\/a>\n\t\t\t\t\t\t\t\t\t\t\t\t\t\t\t<\/div>\n\t\t\t\t<\/div>\n\t\t\t\t<div class=\"elementor-element elementor-element-23fc27b6 content-align-left icon-box-vertical-align-top preserve-img-ratio-cover icon-vertical-align-start elementor-widget elementor-widget-the7_image_box_widget\" data-id=\"23fc27b6\" data-element_type=\"widget\" data-e-type=\"widget\" data-widget_type=\"the7_image_box_widget.default\">\n\t\t\t\t<div class=\"elementor-widget-container\">\n\t\t\t\t\t\n\t\t<a class=\"the7-box-wrapper the7-elementor-widget box-hover the7_image_box_widget-23fc27b6\" >\t\t\t<div class=\"box-content-wrapper\">\n\t\t\t\t\n\t\t\t\t<div class=\"box-content\">\n\t\t\t\t\t<h1 class=\"box-heading\">Plate-forme de yoga<\/h1>\t\t\t\t<\/div>\n\t\t\t<\/div>\n\t\t<\/a>\t\t\t\t<\/div>\n\t\t\t\t<\/div>\n\t\t\t\t\t<\/div>\n\t\t<\/div>\n\t\t\t\t<div class=\"elementor-column elementor-col-20 elementor-top-column elementor-element elementor-element-c25ab18\" data-id=\"c25ab18\" data-element_type=\"column\" data-e-type=\"column\">\n\t\t\t<div class=\"elementor-widget-wrap elementor-element-populated\">\n\t\t\t\t\t\t<div class=\"elementor-element elementor-element-004642d elementor-widget elementor-widget-image\" data-id=\"004642d\" data-element_type=\"widget\" data-e-type=\"widget\" data-widget_type=\"image.default\">\n\t\t\t\t<div class=\"elementor-widget-container\">\n\t\t\t\t\t\t\t\t\t\t\t\t\t\t\t\t<a href=\"https:\/\/atemhaus-hubertushof.de\/wp-content\/uploads\/Atemhaus-Hubertushof-Karawanserai.jpg\" data-elementor-open-lightbox=\"yes\" data-elementor-lightbox-title=\"Atemhaus Hubertushof - Karawanserai\" data-e-action-hash=\"#elementor-action%3Aaction%3Dlightbox%26settings%3DeyJpZCI6MTEwNjYsInVybCI6Imh0dHBzOlwvXC9hdGVtaGF1cy1odWJlcnR1c2hvZi5kZVwvd3AtY29udGVudFwvdXBsb2Fkc1wvQXRlbWhhdXMtSHViZXJ0dXNob2YtS2FyYXdhbnNlcmFpLmpwZyJ9\">\n\t\t\t\t\t\t\t<img decoding=\"async\" width=\"640\" height=\"480\" src=\"https:\/\/atemhaus-hubertushof.de\/wp-content\/uploads\/Atemhaus-Hubertushof-Karawanserai.jpg\" class=\"attachment-large size-large wp-image-11066\" alt=\"\" srcset=\"https:\/\/atemhaus-hubertushof.de\/wp-content\/uploads\/Atemhaus-Hubertushof-Karawanserai.jpg 640w, https:\/\/atemhaus-hubertushof.de\/wp-content\/uploads\/Atemhaus-Hubertushof-Karawanserai-300x225.jpg 300w, https:\/\/atemhaus-hubertushof.de\/wp-content\/uploads\/Atemhaus-Hubertushof-Karawanserai-16x12.jpg 16w\" sizes=\"(max-width: 640px) 100vw, 640px\" \/>\t\t\t\t\t\t\t\t<\/a>\n\t\t\t\t\t\t\t\t\t\t\t\t\t\t\t<\/div>\n\t\t\t\t<\/div>\n\t\t\t\t<div class=\"elementor-element elementor-element-dbe6cfd content-align-left icon-box-vertical-align-top preserve-img-ratio-cover icon-vertical-align-start elementor-widget elementor-widget-the7_image_box_widget\" data-id=\"dbe6cfd\" data-element_type=\"widget\" data-e-type=\"widget\" data-widget_type=\"the7_image_box_widget.default\">\n\t\t\t\t<div class=\"elementor-widget-container\">\n\t\t\t\t\t\n\t\t<a class=\"the7-box-wrapper the7-elementor-widget box-hover the7_image_box_widget-dbe6cfd\" >\t\t\t<div class=\"box-content-wrapper\">\n\t\t\t\t\n\t\t\t\t<div class=\"box-content\">\n\t\t\t\t\t<h1 class=\"box-heading\">Karavans\u00e9rail<\/h1>\t\t\t\t<\/div>\n\t\t\t<\/div>\n\t\t<\/a>\t\t\t\t<\/div>\n\t\t\t\t<\/div>\n\t\t\t\t\t<\/div>\n\t\t<\/div>\n\t\t\t\t<div class=\"elementor-column elementor-col-20 elementor-top-column elementor-element elementor-element-3040de56\" data-id=\"3040de56\" data-element_type=\"column\" data-e-type=\"column\">\n\t\t\t<div class=\"elementor-widget-wrap elementor-element-populated\">\n\t\t\t\t\t\t<div class=\"elementor-element elementor-element-034808f elementor-widget elementor-widget-image\" data-id=\"034808f\" data-element_type=\"widget\" data-e-type=\"widget\" data-widget_type=\"image.default\">\n\t\t\t\t<div class=\"elementor-widget-container\">\n\t\t\t\t\t\t\t\t\t\t\t\t\t\t\t\t<a href=\"https:\/\/atemhaus-hubertushof.de\/wp-content\/uploads\/IMG_7002-scaled-1.jpeg\" data-elementor-open-lightbox=\"yes\" data-elementor-lightbox-title=\"IMG_7002\" data-e-action-hash=\"#elementor-action%3Aaction%3Dlightbox%26settings%3DeyJpZCI6NzAsInVybCI6Imh0dHBzOlwvXC9hdGVtaGF1cy1odWJlcnR1c2hvZi5kZVwvd3AtY29udGVudFwvdXBsb2Fkc1wvSU1HXzcwMDItc2NhbGVkLTEuanBlZyJ9\">\n\t\t\t\t\t\t\t<img decoding=\"async\" width=\"768\" height=\"1024\" src=\"https:\/\/atemhaus-hubertushof.de\/wp-content\/uploads\/IMG_7002-scaled-1-768x1024.jpeg\" class=\"attachment-large size-large wp-image-70\" alt=\"\" srcset=\"https:\/\/atemhaus-hubertushof.de\/wp-content\/uploads\/IMG_7002-scaled-1-768x1024.jpeg 768w, https:\/\/atemhaus-hubertushof.de\/wp-content\/uploads\/IMG_7002-scaled-1-900x1200.jpeg 900w, https:\/\/atemhaus-hubertushof.de\/wp-content\/uploads\/IMG_7002-scaled-1-1200x1600.jpeg 1200w, https:\/\/atemhaus-hubertushof.de\/wp-content\/uploads\/IMG_7002-scaled-1-225x300.jpeg 225w, https:\/\/atemhaus-hubertushof.de\/wp-content\/uploads\/IMG_7002-scaled-1-1152x1536.jpeg 1152w, https:\/\/atemhaus-hubertushof.de\/wp-content\/uploads\/IMG_7002-scaled-1-1536x2048.jpeg 1536w, https:\/\/atemhaus-hubertushof.de\/wp-content\/uploads\/IMG_7002-scaled-1.jpeg 1920w\" sizes=\"(max-width: 768px) 100vw, 768px\" \/>\t\t\t\t\t\t\t\t<\/a>\n\t\t\t\t\t\t\t\t\t\t\t\t\t\t\t<\/div>\n\t\t\t\t<\/div>\n\t\t\t\t<div class=\"elementor-element elementor-element-6afda74e content-align-left icon-box-vertical-align-top preserve-img-ratio-cover icon-vertical-align-start elementor-widget elementor-widget-the7_image_box_widget\" data-id=\"6afda74e\" data-element_type=\"widget\" data-e-type=\"widget\" data-widget_type=\"the7_image_box_widget.default\">\n\t\t\t\t<div class=\"elementor-widget-container\">\n\t\t\t\t\t\n\t\t<a class=\"the7-box-wrapper the7-elementor-widget box-hover the7_image_box_widget-6afda74e\" >\t\t\t<div class=\"box-content-wrapper\">\n\t\t\t\t\n\t\t\t\t<div class=\"box-content\">\n\t\t\t\t\t<h1 class=\"box-heading\">Foyers<\/h1>\t\t\t\t<\/div>\n\t\t\t<\/div>\n\t\t<\/a>\t\t\t\t<\/div>\n\t\t\t\t<\/div>\n\t\t\t\t\t<\/div>\n\t\t<\/div>\n\t\t\t\t<div class=\"elementor-column elementor-col-20 elementor-top-column elementor-element elementor-element-31ee6cd\" data-id=\"31ee6cd\" data-element_type=\"column\" data-e-type=\"column\">\n\t\t\t<div class=\"elementor-widget-wrap elementor-element-populated\">\n\t\t\t\t\t\t<div class=\"elementor-element elementor-element-dc946aa elementor-widget elementor-widget-image\" data-id=\"dc946aa\" data-element_type=\"widget\" data-e-type=\"widget\" data-widget_type=\"image.default\">\n\t\t\t\t<div class=\"elementor-widget-container\">\n\t\t\t\t\t\t\t\t\t\t\t\t\t\t\t\t<a href=\"https:\/\/atemhaus-hubertushof.de\/wp-content\/uploads\/sweatlodge-e1711387796882.jpg\" data-elementor-open-lightbox=\"yes\" data-elementor-lightbox-title=\"sweatlodge\" data-e-action-hash=\"#elementor-action%3Aaction%3Dlightbox%26settings%3DeyJpZCI6MTA1NjksInVybCI6Imh0dHBzOlwvXC9hdGVtaGF1cy1odWJlcnR1c2hvZi5kZVwvd3AtY29udGVudFwvdXBsb2Fkc1wvc3dlYXRsb2RnZS1lMTcxMTM4Nzc5Njg4Mi5qcGcifQ%3D%3D\">\n\t\t\t\t\t\t\t<img loading=\"lazy\" decoding=\"async\" width=\"768\" height=\"1024\" src=\"https:\/\/atemhaus-hubertushof.de\/wp-content\/uploads\/sweatlodge-768x1024.jpg\" class=\"attachment-large size-large wp-image-10569\" alt=\"\" \/>\t\t\t\t\t\t\t\t<\/a>\n\t\t\t\t\t\t\t\t\t\t\t\t\t\t\t<\/div>\n\t\t\t\t<\/div>\n\t\t\t\t<div class=\"elementor-element elementor-element-1323b095 content-align-left icon-box-vertical-align-top preserve-img-ratio-cover icon-vertical-align-start elementor-widget elementor-widget-the7_image_box_widget\" data-id=\"1323b095\" data-element_type=\"widget\" data-e-type=\"widget\" data-widget_type=\"the7_image_box_widget.default\">\n\t\t\t\t<div class=\"elementor-widget-container\">\n\t\t\t\t\t\n\t\t<a class=\"the7-box-wrapper the7-elementor-widget box-hover the7_image_box_widget-1323b095\" >\t\t\t<div class=\"box-content-wrapper\">\n\t\t\t\t\n\t\t\t\t<div class=\"box-content\">\n\t\t\t\t\t<h1 class=\"box-heading\">Cabane de sudation<\/h1>\t\t\t\t<\/div>\n\t\t\t<\/div>\n\t\t<\/a>\t\t\t\t<\/div>\n\t\t\t\t<\/div>\n\t\t\t\t\t<\/div>\n\t\t<\/div>\n\t\t\t\t<div class=\"elementor-column elementor-col-20 elementor-top-column elementor-element elementor-element-8f045b1\" data-id=\"8f045b1\" data-element_type=\"column\" data-e-type=\"column\">\n\t\t\t<div class=\"elementor-widget-wrap elementor-element-populated\">\n\t\t\t\t\t\t<div class=\"elementor-element elementor-element-f73ad02 elementor-widget elementor-widget-image\" data-id=\"f73ad02\" data-element_type=\"widget\" data-e-type=\"widget\" data-widget_type=\"image.default\">\n\t\t\t\t<div class=\"elementor-widget-container\">\n\t\t\t\t\t\t\t\t\t\t\t\t\t\t\t\t<a href=\"https:\/\/atemhaus-hubertushof.de\/wp-content\/uploads\/Jurte.jpg\" data-elementor-open-lightbox=\"yes\" data-elementor-lightbox-title=\"Jurte\" data-e-action-hash=\"#elementor-action%3Aaction%3Dlightbox%26settings%3DeyJpZCI6MjQyOSwidXJsIjoiaHR0cHM6XC9cL2F0ZW1oYXVzLWh1YmVydHVzaG9mLmRlXC93cC1jb250ZW50XC91cGxvYWRzXC9KdXJ0ZS5qcGcifQ%3D%3D\">\n\t\t\t\t\t\t\t<img loading=\"lazy\" decoding=\"async\" width=\"1024\" height=\"768\" src=\"https:\/\/atemhaus-hubertushof.de\/wp-content\/uploads\/Jurte-1024x768.jpg\" class=\"attachment-large size-large wp-image-2429\" alt=\"\" srcset=\"https:\/\/atemhaus-hubertushof.de\/wp-content\/uploads\/Jurte-1024x768.jpg 1024w, https:\/\/atemhaus-hubertushof.de\/wp-content\/uploads\/Jurte-900x675.jpg 900w, https:\/\/atemhaus-hubertushof.de\/wp-content\/uploads\/Jurte-1200x900.jpg 1200w, https:\/\/atemhaus-hubertushof.de\/wp-content\/uploads\/Jurte-300x225.jpg 300w, https:\/\/atemhaus-hubertushof.de\/wp-content\/uploads\/Jurte-768x576.jpg 768w, https:\/\/atemhaus-hubertushof.de\/wp-content\/uploads\/Jurte.jpg 1280w\" sizes=\"(max-width: 1024px) 100vw, 1024px\" \/>\t\t\t\t\t\t\t\t<\/a>\n\t\t\t\t\t\t\t\t\t\t\t\t\t\t\t<\/div>\n\t\t\t\t<\/div>\n\t\t\t\t<div class=\"elementor-element elementor-element-de2d0f2 content-align-left icon-box-vertical-align-top preserve-img-ratio-cover icon-vertical-align-start elementor-widget elementor-widget-the7_image_box_widget\" data-id=\"de2d0f2\" data-element_type=\"widget\" data-e-type=\"widget\" data-widget_type=\"the7_image_box_widget.default\">\n\t\t\t\t<div class=\"elementor-widget-container\">\n\t\t\t\t\t\n\t\t<a class=\"the7-box-wrapper the7-elementor-widget box-hover the7_image_box_widget-de2d0f2\" >\t\t\t<div class=\"box-content-wrapper\">\n\t\t\t\t\n\t\t\t\t<div class=\"box-content\">\n\t\t\t\t\t<h1 class=\"box-heading\">Yurte<\/h1>\t\t\t\t<\/div>\n\t\t\t<\/div>\n\t\t<\/a>\t\t\t\t<\/div>\n\t\t\t\t<\/div>\n\t\t\t\t\t<\/div>\n\t\t<\/div>\n\t\t\t\t\t<\/div>\n\t\t<\/section>\n\t\t\t\t<\/div>","protected":false},"excerpt":{"rendered":"<p>Espace ext\u00e9rieur : plateforme de yoga, 7 m x 9 m, 65 m\u00b2 ; foyers ; hutte de sudation permanente ; espace nature (qu\u00eate de vision) \u2013 Cuisine ext\u00e9rieure, douche ext\u00e9rieure, toilettes \u00e0 compost, douches avec eau chaude et conteneurs sanitaires, yourtes et tiny houses (en cours de construction), caravans\u00e9rail \u2013 tente \u00e9v\u00e9nementielle 5 x 10 m. Afficher les emplacements de camping disponibles : plateforme de yoga, caravans\u00e9rail, foyers\u2026<\/p>","protected":false},"author":4,"featured_media":0,"parent":0,"menu_order":0,"comment_status":"closed","ping_status":"closed","template":"elementor_header_footer","meta":{"_EventAllDay":false,"_EventTimezone":"","_EventStartDate":"","_EventEndDate":"","_EventStartDateUTC":"","_EventEndDateUTC":"","_EventShowMap":false,"_EventShowMapLink":false,"_EventURL":"","_EventCost":"","_EventCostDescription":"","_EventCurrencySymbol":"","_EventCurrencyCode":"","_EventCurrencyPosition":"","_EventDateTimeSeparator":"","_EventTimeRangeSeparator":"","_EventOrganizerID":[],"_EventVenueID":[],"_OrganizerEmail":"","_OrganizerPhone":"","_OrganizerWebsite":"","_VenueAddress":"","_VenueCity":"","_VenueCountry":"","_VenueProvince":"","_VenueState":"","_VenueZip":"","_VenuePhone":"","_VenueURL":"","_VenueStateProvince":"","_VenueLat":"","_VenueLng":"","_VenueShowMap":false,"_VenueShowMapLink":false,"footnotes":""},"class_list":["post-679","page","type-page","status-publish","hentry"],"yoast_head":"<!-- This site is optimized with the Yoast SEO plugin v28.4 - https:\/\/yoast.com\/product\/yoast-seo-wordpress\/ -->\n<title>Aussenbereich - Atemhaus Hubertushof [95505 Immenreuth]<\/title>\n<meta name=\"robots\" content=\"index, follow, max-snippet:-1, max-image-preview:large, max-video-preview:-1\" \/>\n<link rel=\"canonical\" href=\"https:\/\/atemhaus-hubertushof.de\/fr\/aussenbereich\/\" \/>\n<meta property=\"og:locale\" content=\"fr_FR\" \/>\n<meta property=\"og:type\" content=\"article\" \/>\n<meta property=\"og:title\" content=\"Aussenbereich - Atemhaus Hubertushof [95505 Immenreuth]\" \/>\n<meta property=\"og:description\" content=\"Au\u00dfenbereich Yogaplattform, 7m x 9m, 65m\u00b2FeuerstellenPermanente Schwitzh\u00fctteWildnis (Visionssuche) \u2013 Aussenk\u00fcche, Aussendusche, Komposttoilette,Warmwasserduschen und WC ContainerYurten und Tinyhouses (im Entstehen)Karawanserai &#8211; Veranstaltungszelt 5 x 10m Verf\u00fcgbare Campingpl\u00e4tze anzeigen Yogaplattform Karawanserai Feuerstellen&hellip;\" \/>\n<meta property=\"og:url\" content=\"https:\/\/atemhaus-hubertushof.de\/fr\/aussenbereich\/\" \/>\n<meta property=\"og:site_name\" content=\"Atemhaus Hubertushof [95505 Immenreuth]\" \/>\n<meta property=\"article:modified_time\" content=\"2024-09-23T06:57:45+00:00\" \/>\n<meta property=\"og:image\" content=\"https:\/\/atemhaus-hubertushof.de\/wp-content\/uploads\/Yogaplatform-768x1024.jpg\" \/>\n<meta name=\"twitter:card\" content=\"summary_large_image\" \/>\n<meta name=\"twitter:label1\" content=\"Dur\u00e9e de lecture estim\u00e9e\" \/>\n\t<meta name=\"twitter:data1\" content=\"2 minutes\" \/>\n<script type=\"application\/ld+json\" class=\"yoast-schema-graph\">{\"@context\":\"https:\\\/\\\/schema.org\",\"@graph\":[{\"@type\":\"WebPage\",\"@id\":\"https:\\\/\\\/atemhaus-hubertushof.de\\\/aussenbereich\\\/\",\"url\":\"https:\\\/\\\/atemhaus-hubertushof.de\\\/aussenbereich\\\/\",\"name\":\"Aussenbereich - Atemhaus Hubertushof [95505 Immenreuth]\",\"isPartOf\":{\"@id\":\"https:\\\/\\\/atemhaus-hubertushof.de\\\/#website\"},\"primaryImageOfPage\":{\"@id\":\"https:\\\/\\\/atemhaus-hubertushof.de\\\/aussenbereich\\\/#primaryimage\"},\"image\":{\"@id\":\"https:\\\/\\\/atemhaus-hubertushof.de\\\/aussenbereich\\\/#primaryimage\"},\"thumbnailUrl\":\"https:\\\/\\\/atemhaus-hubertushof.de\\\/wp-content\\\/uploads\\\/Yogaplatform-768x1024.jpg\",\"datePublished\":\"2021-03-05T12:21:48+00:00\",\"dateModified\":\"2024-09-23T06:57:45+00:00\",\"breadcrumb\":{\"@id\":\"https:\\\/\\\/atemhaus-hubertushof.de\\\/aussenbereich\\\/#breadcrumb\"},\"inLanguage\":\"fr-FR\",\"potentialAction\":[{\"@type\":\"ReadAction\",\"target\":[\"https:\\\/\\\/atemhaus-hubertushof.de\\\/aussenbereich\\\/\"]}]},{\"@type\":\"ImageObject\",\"inLanguage\":\"fr-FR\",\"@id\":\"https:\\\/\\\/atemhaus-hubertushof.de\\\/aussenbereich\\\/#primaryimage\",\"url\":\"https:\\\/\\\/atemhaus-hubertushof.de\\\/wp-content\\\/uploads\\\/Yogaplatform-768x1024.jpg\",\"contentUrl\":\"https:\\\/\\\/atemhaus-hubertushof.de\\\/wp-content\\\/uploads\\\/Yogaplatform-768x1024.jpg\"},{\"@type\":\"BreadcrumbList\",\"@id\":\"https:\\\/\\\/atemhaus-hubertushof.de\\\/aussenbereich\\\/#breadcrumb\",\"itemListElement\":[{\"@type\":\"ListItem\",\"position\":1,\"name\":\"Startseite\",\"item\":\"https:\\\/\\\/atemhaus-hubertushof.de\\\/\"},{\"@type\":\"ListItem\",\"position\":2,\"name\":\"Aussenbereich\"}]},{\"@type\":\"WebSite\",\"@id\":\"https:\\\/\\\/atemhaus-hubertushof.de\\\/#website\",\"url\":\"https:\\\/\\\/atemhaus-hubertushof.de\\\/\",\"name\":\"Atemhaus Hubertushof [95505 Immenreuth]\",\"description\":\"\",\"publisher\":{\"@id\":\"https:\\\/\\\/atemhaus-hubertushof.de\\\/#organization\"},\"potentialAction\":[{\"@type\":\"SearchAction\",\"target\":{\"@type\":\"EntryPoint\",\"urlTemplate\":\"https:\\\/\\\/atemhaus-hubertushof.de\\\/?s={search_term_string}\"},\"query-input\":{\"@type\":\"PropertyValueSpecification\",\"valueRequired\":true,\"valueName\":\"search_term_string\"}}],\"inLanguage\":\"fr-FR\"},{\"@type\":\"Organization\",\"@id\":\"https:\\\/\\\/atemhaus-hubertushof.de\\\/#organization\",\"name\":\"Atemhaus Hubertushof [95505 Immenreuth]\",\"url\":\"https:\\\/\\\/atemhaus-hubertushof.de\\\/\",\"logo\":{\"@type\":\"ImageObject\",\"inLanguage\":\"fr-FR\",\"@id\":\"https:\\\/\\\/atemhaus-hubertushof.de\\\/#\\\/schema\\\/logo\\\/image\\\/\",\"url\":\"https:\\\/\\\/atemhaus-hubertushof.de\\\/wp-content\\\/uploads\\\/cropped-2-2.png\",\"contentUrl\":\"https:\\\/\\\/atemhaus-hubertushof.de\\\/wp-content\\\/uploads\\\/cropped-2-2.png\",\"width\":512,\"height\":512,\"caption\":\"Atemhaus Hubertushof [95505 Immenreuth]\"},\"image\":{\"@id\":\"https:\\\/\\\/atemhaus-hubertushof.de\\\/#\\\/schema\\\/logo\\\/image\\\/\"}}]}<\/script>\n<!-- \/ Yoast SEO plugin. -->","yoast_head_json":{"title":"Aussenbereich - Atemhaus Hubertushof [95505 Immenreuth]","robots":{"index":"index","follow":"follow","max-snippet":"max-snippet:-1","max-image-preview":"max-image-preview:large","max-video-preview":"max-video-preview:-1"},"canonical":"https:\/\/atemhaus-hubertushof.de\/fr\/aussenbereich\/","og_locale":"fr_FR","og_type":"article","og_title":"Aussenbereich - Atemhaus Hubertushof [95505 Immenreuth]","og_description":"Au\u00dfenbereich Yogaplattform, 7m x 9m, 65m\u00b2FeuerstellenPermanente Schwitzh\u00fctteWildnis (Visionssuche) \u2013 Aussenk\u00fcche, Aussendusche, Komposttoilette,Warmwasserduschen und WC ContainerYurten und Tinyhouses (im Entstehen)Karawanserai &#8211; Veranstaltungszelt 5 x 10m Verf\u00fcgbare Campingpl\u00e4tze anzeigen Yogaplattform Karawanserai Feuerstellen&hellip;","og_url":"https:\/\/atemhaus-hubertushof.de\/fr\/aussenbereich\/","og_site_name":"Atemhaus Hubertushof [95505 Immenreuth]","article_modified_time":"2024-09-23T06:57:45+00:00","og_image":[{"url":"https:\/\/atemhaus-hubertushof.de\/wp-content\/uploads\/Yogaplatform-768x1024.jpg","type":"","width":"","height":""}],"twitter_card":"summary_large_image","twitter_misc":{"Dur\u00e9e de lecture estim\u00e9e":"2 minutes"},"schema":{"@context":"https:\/\/schema.org","@graph":[{"@type":"WebPage","@id":"https:\/\/atemhaus-hubertushof.de\/aussenbereich\/","url":"https:\/\/atemhaus-hubertushof.de\/aussenbereich\/","name":"Aussenbereich - Atemhaus Hubertushof [95505 Immenreuth]","isPartOf":{"@id":"https:\/\/atemhaus-hubertushof.de\/#website"},"primaryImageOfPage":{"@id":"https:\/\/atemhaus-hubertushof.de\/aussenbereich\/#primaryimage"},"image":{"@id":"https:\/\/atemhaus-hubertushof.de\/aussenbereich\/#primaryimage"},"thumbnailUrl":"https:\/\/atemhaus-hubertushof.de\/wp-content\/uploads\/Yogaplatform-768x1024.jpg","datePublished":"2021-03-05T12:21:48+00:00","dateModified":"2024-09-23T06:57:45+00:00","breadcrumb":{"@id":"https:\/\/atemhaus-hubertushof.de\/aussenbereich\/#breadcrumb"},"inLanguage":"fr-FR","potentialAction":[{"@type":"ReadAction","target":["https:\/\/atemhaus-hubertushof.de\/aussenbereich\/"]}]},{"@type":"ImageObject","inLanguage":"fr-FR","@id":"https:\/\/atemhaus-hubertushof.de\/aussenbereich\/#primaryimage","url":"https:\/\/atemhaus-hubertushof.de\/wp-content\/uploads\/Yogaplatform-768x1024.jpg","contentUrl":"https:\/\/atemhaus-hubertushof.de\/wp-content\/uploads\/Yogaplatform-768x1024.jpg"},{"@type":"BreadcrumbList","@id":"https:\/\/atemhaus-hubertushof.de\/aussenbereich\/#breadcrumb","itemListElement":[{"@type":"ListItem","position":1,"name":"Startseite","item":"https:\/\/atemhaus-hubertushof.de\/"},{"@type":"ListItem","position":2,"name":"Aussenbereich"}]},{"@type":"WebSite","@id":"https:\/\/atemhaus-hubertushof.de\/#website","url":"https:\/\/atemhaus-hubertushof.de\/","name":"Atemhaus Hubertushof [95505 Immenreuth]","description":"","publisher":{"@id":"https:\/\/atemhaus-hubertushof.de\/#organization"},"potentialAction":[{"@type":"SearchAction","target":{"@type":"EntryPoint","urlTemplate":"https:\/\/atemhaus-hubertushof.de\/?s={search_term_string}"},"query-input":{"@type":"PropertyValueSpecification","valueRequired":true,"valueName":"search_term_string"}}],"inLanguage":"fr-FR"},{"@type":"Organization","@id":"https:\/\/atemhaus-hubertushof.de\/#organization","name":"Atemhaus Hubertushof [95505 Immenreuth]","url":"https:\/\/atemhaus-hubertushof.de\/","logo":{"@type":"ImageObject","inLanguage":"fr-FR","@id":"https:\/\/atemhaus-hubertushof.de\/#\/schema\/logo\/image\/","url":"https:\/\/atemhaus-hubertushof.de\/wp-content\/uploads\/cropped-2-2.png","contentUrl":"https:\/\/atemhaus-hubertushof.de\/wp-content\/uploads\/cropped-2-2.png","width":512,"height":512,"caption":"Atemhaus Hubertushof [95505 Immenreuth]"},"image":{"@id":"https:\/\/atemhaus-hubertushof.de\/#\/schema\/logo\/image\/"}}]}},"jetpack_sharing_enabled":true,"_links":{"self":[{"href":"https:\/\/atemhaus-hubertushof.de\/fr\/wp-json\/wp\/v2\/pages\/679","targetHints":{"allow":["GET"]}}],"collection":[{"href":"https:\/\/atemhaus-hubertushof.de\/fr\/wp-json\/wp\/v2\/pages"}],"about":[{"href":"https:\/\/atemhaus-hubertushof.de\/fr\/wp-json\/wp\/v2\/types\/page"}],"author":[{"embeddable":true,"href":"https:\/\/atemhaus-hubertushof.de\/fr\/wp-json\/wp\/v2\/users\/4"}],"replies":[{"embeddable":true,"href":"https:\/\/atemhaus-hubertushof.de\/fr\/wp-json\/wp\/v2\/comments?post=679"}],"version-history":[{"count":64,"href":"https:\/\/atemhaus-hubertushof.de\/fr\/wp-json\/wp\/v2\/pages\/679\/revisions"}],"predecessor-version":[{"id":11115,"href":"https:\/\/atemhaus-hubertushof.de\/fr\/wp-json\/wp\/v2\/pages\/679\/revisions\/11115"}],"wp:attachment":[{"href":"https:\/\/atemhaus-hubertushof.de\/fr\/wp-json\/wp\/v2\/media?parent=679"}],"curies":[{"name":"wp","href":"https:\/\/api.w.org\/{rel}","templated":true}]}}