{"id":451,"date":"2021-03-04T12:20:45","date_gmt":"2021-03-04T12:20:45","guid":{"rendered":"https:\/\/www.atemhaus-hubertushof.de\/?page_id=451"},"modified":"2025-09-20T09:44:25","modified_gmt":"2025-09-20T07:44:25","slug":"seminarraeume","status":"publish","type":"page","link":"https:\/\/atemhaus-hubertushof.de\/fr\/seminarraeume\/","title":{"rendered":"Salles de s\u00e9minaire"},"content":{"rendered":"<div data-elementor-type=\"wp-page\" data-elementor-id=\"451\" class=\"elementor elementor-451\" data-elementor-post-type=\"page\">\n\t\t\t\t\t\t<section class=\"elementor-section elementor-top-section elementor-element elementor-element-3392e40b elementor-section-boxed elementor-section-height-default elementor-section-height-default\" data-id=\"3392e40b\" data-element_type=\"section\" data-e-type=\"section\">\n\t\t\t\t\t\t<div class=\"elementor-container elementor-column-gap-no\">\n\t\t\t\t\t<div class=\"elementor-column elementor-col-50 elementor-top-column elementor-element elementor-element-295e0961\" data-id=\"295e0961\" data-element_type=\"column\" data-e-type=\"column\">\n\t\t\t<div class=\"elementor-widget-wrap elementor-element-populated\">\n\t\t\t\t\t\t<div class=\"elementor-element elementor-element-1a9d739 content-align-left icon-box-vertical-align-top preserve-img-ratio-cover icon-vertical-align-start elementor-widget elementor-widget-the7_image_box_widget\" data-id=\"1a9d739\" data-element_type=\"widget\" data-e-type=\"widget\" data-widget_type=\"the7_image_box_widget.default\">\n\t\t\t\t<div class=\"elementor-widget-container\">\n\t\t\t\t\t\n\t\t<a class=\"the7-box-wrapper the7-elementor-widget box-hover the7_image_box_widget-1a9d739\" >\t\t\t<div class=\"box-content-wrapper\">\n\t\t\t\t\t\t\t\t<div class=\"elementor-image-div\">\n\t\t\t\t\t<div class=\"post-thumbnail-rollover layzr-bg img-css-resize-wrapper\"><img fetchpriority=\"high\" decoding=\"async\" width=\"1602\" height=\"762\" src=\"data:image\/svg+xml,%3Csvg%20xmlns%3D&#039;http%3A%2F%2Fwww.w3.org%2F2000%2Fsvg&#039;%20viewBox%3D&#039;0%200%201602%20762&#039;%2F%3E\" class=\"attachment-full size-full preload-me aspect lazy lazy-load\" alt=\"\" sizes=\"(max-width: 1602px) 100vw, 1602px\" style=\"--ratio: 1602 \/ 762;\" data-src=\"https:\/\/atemhaus-hubertushof.de\/wp-content\/uploads\/493942463_24626100910309980_4556880531919511563_n-1-e1758353940951.jpg\" loading=\"eager\" data-srcset=\"https:\/\/atemhaus-hubertushof.de\/wp-content\/uploads\/493942463_24626100910309980_4556880531919511563_n-1-e1758353940951.jpg 1602w, https:\/\/atemhaus-hubertushof.de\/wp-content\/uploads\/493942463_24626100910309980_4556880531919511563_n-1-e1758353940951-300x143.jpg 300w, https:\/\/atemhaus-hubertushof.de\/wp-content\/uploads\/493942463_24626100910309980_4556880531919511563_n-1-e1758353940951-1024x487.jpg 1024w, https:\/\/atemhaus-hubertushof.de\/wp-content\/uploads\/493942463_24626100910309980_4556880531919511563_n-1-e1758353940951-768x365.jpg 768w, https:\/\/atemhaus-hubertushof.de\/wp-content\/uploads\/493942463_24626100910309980_4556880531919511563_n-1-e1758353940951-1536x731.jpg 1536w, https:\/\/atemhaus-hubertushof.de\/wp-content\/uploads\/493942463_24626100910309980_4556880531919511563_n-1-e1758353940951-18x9.jpg 18w\" \/><span class=\"the7-hover-icon\"><svg aria-hidden=\"true\" class=\"e-font-icon-svg e-fas-plus\" viewbox=\"0 0 448 512\" xmlns=\"http:\/\/www.w3.org\/2000\/svg\"><path d=\"M416 208H272V64c0-17.67-14.33-32-32-32h-32c-17.67 0-32 14.33-32 32v144H32c-17.67 0-32 14.33-32 32v32c0 17.67 14.33 32 32 32h144v144c0 17.67 14.33 32 32 32h32c17.67 0 32-14.33 32-32V304h144c17.67 0 32-14.33 32-32v-32c0-17.67-14.33-32-32-32z\"><\/path><\/svg><\/span><\/div>\t\t\t\t<\/div>\n\t\t\t\t\n\t\t\t\t<div class=\"box-content\">\n\t\t\t\t\t<h1 class=\"box-heading\">Salle de s\u00e9minaire \"Wilde Freiheit\" (libert\u00e9 sauvage)<\/h1><div class=\"box-description\">ancienne grange - au rez-de-chauss\u00e9e<\/div>\t\t\t\t<\/div>\n\t\t\t<\/div>\n\t\t<\/a>\t\t\t\t<\/div>\n\t\t\t\t<\/div>\n\t\t\t\t\t<\/div>\n\t\t<\/div>\n\t\t\t\t<div class=\"elementor-column elementor-col-50 elementor-top-column elementor-element elementor-element-1648263f\" data-id=\"1648263f\" data-element_type=\"column\" data-e-type=\"column\">\n\t\t\t<div class=\"elementor-widget-wrap elementor-element-populated\">\n\t\t\t\t\t\t<div class=\"elementor-element elementor-element-2689468f content-align-left icon-box-vertical-align-top preserve-img-ratio-cover icon-vertical-align-start elementor-widget elementor-widget-the7_image_box_widget\" data-id=\"2689468f\" data-element_type=\"widget\" data-e-type=\"widget\" data-widget_type=\"the7_image_box_widget.default\">\n\t\t\t\t<div class=\"elementor-widget-container\">\n\t\t\t\t\t\n\t\t<a class=\"the7-box-wrapper the7-elementor-widget box-hover the7_image_box_widget-2689468f\" >\t\t\t<div class=\"box-content-wrapper\">\n\t\t\t\t\t\t\t\t<div class=\"elementor-image-div\">\n\t\t\t\t\t<div class=\"post-thumbnail-rollover layzr-bg img-css-resize-wrapper\"><img decoding=\"async\" width=\"1910\" height=\"1532\" src=\"data:image\/svg+xml,%3Csvg%20xmlns%3D&#039;http%3A%2F%2Fwww.w3.org%2F2000%2Fsvg&#039;%20viewBox%3D&#039;0%200%201910%201532&#039;%2F%3E\" class=\"attachment-full size-full preload-me aspect lazy lazy-load\" alt=\"\" sizes=\"(max-width: 1910px) 100vw, 1910px\" style=\"--ratio: 1910 \/ 1532;\" data-src=\"https:\/\/atemhaus-hubertushof.de\/wp-content\/uploads\/IMG_7965-scaled-e1758051062220.jpg\" loading=\"eager\" data-srcset=\"https:\/\/atemhaus-hubertushof.de\/wp-content\/uploads\/IMG_7965-scaled-e1758051062220.jpg 1910w, https:\/\/atemhaus-hubertushof.de\/wp-content\/uploads\/IMG_7965-scaled-e1758051062220-300x241.jpg 300w, https:\/\/atemhaus-hubertushof.de\/wp-content\/uploads\/IMG_7965-scaled-e1758051062220-1024x821.jpg 1024w, https:\/\/atemhaus-hubertushof.de\/wp-content\/uploads\/IMG_7965-scaled-e1758051062220-768x616.jpg 768w, https:\/\/atemhaus-hubertushof.de\/wp-content\/uploads\/IMG_7965-scaled-e1758051062220-1536x1232.jpg 1536w, https:\/\/atemhaus-hubertushof.de\/wp-content\/uploads\/IMG_7965-scaled-e1758051062220-15x12.jpg 15w\" \/><span class=\"the7-hover-icon\"><svg aria-hidden=\"true\" class=\"e-font-icon-svg e-fas-plus\" viewbox=\"0 0 448 512\" xmlns=\"http:\/\/www.w3.org\/2000\/svg\"><path d=\"M416 208H272V64c0-17.67-14.33-32-32-32h-32c-17.67 0-32 14.33-32 32v144H32c-17.67 0-32 14.33-32 32v32c0 17.67 14.33 32 32 32h144v144c0 17.67 14.33 32 32 32h32c17.67 0 32-14.33 32-32V304h144c17.67 0 32-14.33 32-32v-32c0-17.67-14.33-32-32-32z\"><\/path><\/svg><\/span><\/div>\t\t\t\t<\/div>\n\t\t\t\t\n\t\t\t\t<div class=\"box-content\">\n\t\t\t\t\t<h1 class=\"box-heading\">Salle de s\u00e9minaire \"Esprit clair comme l'air<\/h1><div class=\"box-description\">ancienne grange - au deuxi\u00e8me \u00e9tage<\/div>\t\t\t\t<\/div>\n\t\t\t<\/div>\n\t\t<\/a>\t\t\t\t<\/div>\n\t\t\t\t<\/div>\n\t\t\t\t\t<\/div>\n\t\t<\/div>\n\t\t\t\t\t<\/div>\n\t\t<\/section>\n\t\t\t\t<section class=\"elementor-section elementor-top-section elementor-element elementor-element-43e391b elementor-section-boxed elementor-section-height-default elementor-section-height-default\" data-id=\"43e391b\" data-element_type=\"section\" data-e-type=\"section\">\n\t\t\t\t\t\t<div class=\"elementor-container elementor-column-gap-no\">\n\t\t\t\t\t<div class=\"elementor-column elementor-col-50 elementor-top-column elementor-element elementor-element-a6c6e0e\" data-id=\"a6c6e0e\" data-element_type=\"column\" data-e-type=\"column\">\n\t\t\t<div class=\"elementor-widget-wrap elementor-element-populated\">\n\t\t\t\t\t\t<div class=\"elementor-element elementor-element-d954d62 content-align-left icon-box-vertical-align-top preserve-img-ratio-cover icon-vertical-align-start elementor-widget elementor-widget-the7_image_box_widget\" data-id=\"d954d62\" data-element_type=\"widget\" data-e-type=\"widget\" data-widget_type=\"the7_image_box_widget.default\">\n\t\t\t\t<div class=\"elementor-widget-container\">\n\t\t\t\t\t\n\t\t<a class=\"the7-box-wrapper the7-elementor-widget box-hover the7_image_box_widget-d954d62\" >\t\t\t<div class=\"box-content-wrapper\">\n\t\t\t\t\t\t\t\t<div class=\"elementor-image-div\">\n\t\t\t\t\t<div class=\"post-thumbnail-rollover layzr-bg img-css-resize-wrapper\"><img decoding=\"async\" width=\"2560\" height=\"1920\" src=\"data:image\/svg+xml,%3Csvg%20xmlns%3D&#039;http%3A%2F%2Fwww.w3.org%2F2000%2Fsvg&#039;%20viewBox%3D&#039;0%200%202560%201920&#039;%2F%3E\" class=\"attachment-full size-full preload-me aspect lazy lazy-load\" alt=\"\" sizes=\"(max-width: 2560px) 100vw, 2560px\" style=\"--ratio: 2560 \/ 1920;\" data-src=\"https:\/\/atemhaus-hubertushof.de\/wp-content\/uploads\/IMG_4021-scaled.jpg\" loading=\"eager\" data-srcset=\"https:\/\/atemhaus-hubertushof.de\/wp-content\/uploads\/IMG_4021-scaled.jpg 2560w, https:\/\/atemhaus-hubertushof.de\/wp-content\/uploads\/IMG_4021-300x225.jpg 300w, https:\/\/atemhaus-hubertushof.de\/wp-content\/uploads\/IMG_4021-1024x768.jpg 1024w, https:\/\/atemhaus-hubertushof.de\/wp-content\/uploads\/IMG_4021-768x576.jpg 768w, https:\/\/atemhaus-hubertushof.de\/wp-content\/uploads\/IMG_4021-1536x1152.jpg 1536w, https:\/\/atemhaus-hubertushof.de\/wp-content\/uploads\/IMG_4021-2048x1536.jpg 2048w, https:\/\/atemhaus-hubertushof.de\/wp-content\/uploads\/IMG_4021-16x12.jpg 16w\" \/><span class=\"the7-hover-icon\"><svg aria-hidden=\"true\" class=\"e-font-icon-svg e-fas-plus\" viewbox=\"0 0 448 512\" xmlns=\"http:\/\/www.w3.org\/2000\/svg\"><path d=\"M416 208H272V64c0-17.67-14.33-32-32-32h-32c-17.67 0-32 14.33-32 32v144H32c-17.67 0-32 14.33-32 32v32c0 17.67 14.33 32 32 32h144v144c0 17.67 14.33 32 32 32h32c17.67 0 32-14.33 32-32V304h144c17.67 0 32-14.33 32-32v-32c0-17.67-14.33-32-32-32z\"><\/path><\/svg><\/span><\/div>\t\t\t\t<\/div>\n\t\t\t\t\n\t\t\t\t<div class=\"box-content\">\n\t\t\t\t\t<h1 class=\"box-heading\">Salle de s\u00e9minaire \"Terre-Pouvoir des racines<\/h1><div class=\"box-description\">Maison principale - au sous-sol <\/div>\t\t\t\t<\/div>\n\t\t\t<\/div>\n\t\t<\/a>\t\t\t\t<\/div>\n\t\t\t\t<\/div>\n\t\t\t\t\t<\/div>\n\t\t<\/div>\n\t\t\t\t<div class=\"elementor-column elementor-col-50 elementor-top-column elementor-element elementor-element-b11daed\" data-id=\"b11daed\" data-element_type=\"column\" data-e-type=\"column\">\n\t\t\t<div class=\"elementor-widget-wrap elementor-element-populated\">\n\t\t\t\t\t\t<div class=\"elementor-element elementor-element-7a0e1b3 content-align-left icon-box-vertical-align-top preserve-img-ratio-cover icon-vertical-align-start elementor-widget elementor-widget-the7_image_box_widget\" data-id=\"7a0e1b3\" data-element_type=\"widget\" data-e-type=\"widget\" data-widget_type=\"the7_image_box_widget.default\">\n\t\t\t\t<div class=\"elementor-widget-container\">\n\t\t\t\t\t\n\t\t<a class=\"the7-box-wrapper the7-elementor-widget box-hover the7_image_box_widget-7a0e1b3\" >\t\t\t<div class=\"box-content-wrapper\">\n\t\t\t\t\t\t\t\t<div class=\"elementor-image-div\">\n\t\t\t\t\t<div class=\"post-thumbnail-rollover layzr-bg img-css-resize-wrapper\"><img decoding=\"async\" width=\"1920\" height=\"2560\" src=\"data:image\/svg+xml,%3Csvg%20xmlns%3D&#039;http%3A%2F%2Fwww.w3.org%2F2000%2Fsvg&#039;%20viewBox%3D&#039;0%200%201920%202560&#039;%2F%3E\" class=\"attachment-full size-full preload-me aspect lazy lazy-load\" alt=\"\" sizes=\"(max-width: 1920px) 100vw, 1920px\" style=\"--ratio: 1920 \/ 2560;\" data-src=\"https:\/\/atemhaus-hubertushof.de\/wp-content\/uploads\/IMG_2597-scaled-1.jpg\" loading=\"eager\" data-srcset=\"https:\/\/atemhaus-hubertushof.de\/wp-content\/uploads\/IMG_2597-scaled-1.jpg 1920w, https:\/\/atemhaus-hubertushof.de\/wp-content\/uploads\/IMG_2597-scaled-1-900x1200.jpg 900w, https:\/\/atemhaus-hubertushof.de\/wp-content\/uploads\/IMG_2597-scaled-1-1200x1600.jpg 1200w, https:\/\/atemhaus-hubertushof.de\/wp-content\/uploads\/IMG_2597-scaled-1-225x300.jpg 225w, https:\/\/atemhaus-hubertushof.de\/wp-content\/uploads\/IMG_2597-scaled-1-768x1024.jpg 768w, https:\/\/atemhaus-hubertushof.de\/wp-content\/uploads\/IMG_2597-scaled-1-1152x1536.jpg 1152w, https:\/\/atemhaus-hubertushof.de\/wp-content\/uploads\/IMG_2597-scaled-1-1536x2048.jpg 1536w\" \/><span class=\"the7-hover-icon\"><svg aria-hidden=\"true\" class=\"e-font-icon-svg e-fas-plus\" viewbox=\"0 0 448 512\" xmlns=\"http:\/\/www.w3.org\/2000\/svg\"><path d=\"M416 208H272V64c0-17.67-14.33-32-32-32h-32c-17.67 0-32 14.33-32 32v144H32c-17.67 0-32 14.33-32 32v32c0 17.67 14.33 32 32 32h144v144c0 17.67 14.33 32 32 32h32c17.67 0 32-14.33 32-32V304h144c17.67 0 32-14.33 32-32v-32c0-17.67-14.33-32-32-32z\"><\/path><\/svg><\/span><\/div>\t\t\t\t<\/div>\n\t\t\t\t\n\t\t\t\t<div class=\"box-content\">\n\t\t\t\t\t<h1 class=\"box-heading\">Salle de s\u00e9minaire \"Eau-rivi\u00e8re de la vie<\/h1><div class=\"box-description\">Maison principale - au rez-de-chauss\u00e9e<\/div>\t\t\t\t<\/div>\n\t\t\t<\/div>\n\t\t<\/a>\t\t\t\t<\/div>\n\t\t\t\t<\/div>\n\t\t\t\t\t<\/div>\n\t\t<\/div>\n\t\t\t\t\t<\/div>\n\t\t<\/section>\n\t\t\t\t<section class=\"elementor-section elementor-top-section elementor-element elementor-element-b79a261 elementor-section-boxed elementor-section-height-default elementor-section-height-default\" data-id=\"b79a261\" data-element_type=\"section\" data-e-type=\"section\">\n\t\t\t\t\t\t<div class=\"elementor-container elementor-column-gap-no\">\n\t\t\t\t\t<div class=\"elementor-column elementor-col-50 elementor-top-column elementor-element elementor-element-545513f\" data-id=\"545513f\" data-element_type=\"column\" data-e-type=\"column\">\n\t\t\t<div class=\"elementor-widget-wrap elementor-element-populated\">\n\t\t\t\t\t\t<div class=\"elementor-element elementor-element-e2989e0 content-align-left icon-box-vertical-align-top preserve-img-ratio-cover icon-vertical-align-start elementor-widget elementor-widget-the7_image_box_widget\" data-id=\"e2989e0\" data-element_type=\"widget\" data-e-type=\"widget\" data-widget_type=\"the7_image_box_widget.default\">\n\t\t\t\t<div class=\"elementor-widget-container\">\n\t\t\t\t\t\n\t\t<a class=\"the7-box-wrapper the7-elementor-widget box-hover the7_image_box_widget-e2989e0\" >\t\t\t<div class=\"box-content-wrapper\">\n\t\t\t\t\t\t\t\t<div class=\"elementor-image-div\">\n\t\t\t\t\t<div class=\"post-thumbnail-rollover layzr-bg img-css-resize-wrapper\"><img decoding=\"async\" width=\"1920\" height=\"2560\" src=\"data:image\/svg+xml,%3Csvg%20xmlns%3D&#039;http%3A%2F%2Fwww.w3.org%2F2000%2Fsvg&#039;%20viewBox%3D&#039;0%200%201920%202560&#039;%2F%3E\" class=\"attachment-full size-full preload-me aspect lazy lazy-load\" alt=\"\" sizes=\"(max-width: 1920px) 100vw, 1920px\" style=\"--ratio: 1920 \/ 2560;\" data-src=\"https:\/\/atemhaus-hubertushof.de\/wp-content\/uploads\/IMG_7607-scaled.jpeg\" loading=\"eager\" data-srcset=\"https:\/\/atemhaus-hubertushof.de\/wp-content\/uploads\/IMG_7607-scaled.jpeg 1920w, https:\/\/atemhaus-hubertushof.de\/wp-content\/uploads\/IMG_7607-225x300.jpeg 225w, https:\/\/atemhaus-hubertushof.de\/wp-content\/uploads\/IMG_7607-768x1024.jpeg 768w, https:\/\/atemhaus-hubertushof.de\/wp-content\/uploads\/IMG_7607-1152x1536.jpeg 1152w, https:\/\/atemhaus-hubertushof.de\/wp-content\/uploads\/IMG_7607-1536x2048.jpeg 1536w, https:\/\/atemhaus-hubertushof.de\/wp-content\/uploads\/IMG_7607-9x12.jpeg 9w\" \/><span class=\"the7-hover-icon\"><svg aria-hidden=\"true\" class=\"e-font-icon-svg e-fas-plus\" viewbox=\"0 0 448 512\" xmlns=\"http:\/\/www.w3.org\/2000\/svg\"><path d=\"M416 208H272V64c0-17.67-14.33-32-32-32h-32c-17.67 0-32 14.33-32 32v144H32c-17.67 0-32 14.33-32 32v32c0 17.67 14.33 32 32 32h144v144c0 17.67 14.33 32 32 32h32c17.67 0 32-14.33 32-32V304h144c17.67 0 32-14.33 32-32v-32c0-17.67-14.33-32-32-32z\"><\/path><\/svg><\/span><\/div>\t\t\t\t<\/div>\n\t\t\t\t\n\t\t\t\t<div class=\"box-content\">\n\t\t\t\t\t<h1 class=\"box-heading\">Salle de s\u00e9minaire \"Yourte<\/h1><div class=\"box-description\">Ext\u00e9rieur<\/div>\t\t\t\t<\/div>\n\t\t\t<\/div>\n\t\t<\/a>\t\t\t\t<\/div>\n\t\t\t\t<\/div>\n\t\t\t\t\t<\/div>\n\t\t<\/div>\n\t\t\t\t<div class=\"elementor-column elementor-col-50 elementor-top-column elementor-element elementor-element-9741ea4\" data-id=\"9741ea4\" data-element_type=\"column\" data-e-type=\"column\">\n\t\t\t<div class=\"elementor-widget-wrap elementor-element-populated\">\n\t\t\t\t\t\t<div class=\"elementor-element elementor-element-f5fcf70 content-align-left icon-box-vertical-align-top preserve-img-ratio-cover icon-vertical-align-start elementor-widget elementor-widget-the7_image_box_widget\" data-id=\"f5fcf70\" data-element_type=\"widget\" data-e-type=\"widget\" data-widget_type=\"the7_image_box_widget.default\">\n\t\t\t\t<div class=\"elementor-widget-container\">\n\t\t\t\t\t\n\t\t<a class=\"the7-box-wrapper the7-elementor-widget box-hover the7_image_box_widget-f5fcf70\" >\t\t\t<div class=\"box-content-wrapper\">\n\t\t\t\t\t\t\t\t<div class=\"elementor-image-div\">\n\t\t\t\t\t<div class=\"post-thumbnail-rollover layzr-bg img-css-resize-wrapper\"><img decoding=\"async\" width=\"1365\" height=\"2048\" src=\"data:image\/svg+xml,%3Csvg%20xmlns%3D&#039;http%3A%2F%2Fwww.w3.org%2F2000%2Fsvg&#039;%20viewBox%3D&#039;0%200%201365%202048&#039;%2F%3E\" class=\"attachment-full size-full preload-me aspect lazy lazy-load\" alt=\"\" sizes=\"(max-width: 1365px) 100vw, 1365px\" style=\"--ratio: 1365 \/ 2048;\" data-src=\"https:\/\/atemhaus-hubertushof.de\/wp-content\/uploads\/DSC04658.jpg\" loading=\"eager\" data-srcset=\"https:\/\/atemhaus-hubertushof.de\/wp-content\/uploads\/DSC04658.jpg 1365w, https:\/\/atemhaus-hubertushof.de\/wp-content\/uploads\/DSC04658-900x1350.jpg 900w, https:\/\/atemhaus-hubertushof.de\/wp-content\/uploads\/DSC04658-1200x1800.jpg 1200w, https:\/\/atemhaus-hubertushof.de\/wp-content\/uploads\/DSC04658-200x300.jpg 200w, https:\/\/atemhaus-hubertushof.de\/wp-content\/uploads\/DSC04658-683x1024.jpg 683w, https:\/\/atemhaus-hubertushof.de\/wp-content\/uploads\/DSC04658-768x1152.jpg 768w, https:\/\/atemhaus-hubertushof.de\/wp-content\/uploads\/DSC04658-1024x1536.jpg 1024w\" \/><span class=\"the7-hover-icon\"><svg aria-hidden=\"true\" class=\"e-font-icon-svg e-fas-plus\" viewbox=\"0 0 448 512\" xmlns=\"http:\/\/www.w3.org\/2000\/svg\"><path d=\"M416 208H272V64c0-17.67-14.33-32-32-32h-32c-17.67 0-32 14.33-32 32v144H32c-17.67 0-32 14.33-32 32v32c0 17.67 14.33 32 32 32h144v144c0 17.67 14.33 32 32 32h32c17.67 0 32-14.33 32-32V304h144c17.67 0 32-14.33 32-32v-32c0-17.67-14.33-32-32-32z\"><\/path><\/svg><\/span><\/div>\t\t\t\t<\/div>\n\t\t\t\t\n\t\t\t\t<div class=\"box-content\">\n\t\t\t\t\t<h1 class=\"box-heading\">Nature<\/h1><div class=\"box-description\">Ext\u00e9rieur<\/div>\t\t\t\t<\/div>\n\t\t\t<\/div>\n\t\t<\/a>\t\t\t\t<\/div>\n\t\t\t\t<\/div>\n\t\t\t\t\t<\/div>\n\t\t<\/div>\n\t\t\t\t\t<\/div>\n\t\t<\/section>\n\t\t\t\t<section class=\"elementor-section elementor-top-section elementor-element elementor-element-f329e00 elementor-section-boxed elementor-section-height-default elementor-section-height-default\" data-id=\"f329e00\" data-element_type=\"section\" data-e-type=\"section\">\n\t\t\t\t\t\t<div class=\"elementor-container elementor-column-gap-no\">\n\t\t\t\t\t<div class=\"elementor-column elementor-col-100 elementor-top-column elementor-element elementor-element-16484a0\" data-id=\"16484a0\" data-element_type=\"column\" data-e-type=\"column\">\n\t\t\t<div class=\"elementor-widget-wrap elementor-element-populated\">\n\t\t\t\t\t\t<div class=\"elementor-element elementor-element-97991ee elementor-widget elementor-widget-heading\" data-id=\"97991ee\" data-element_type=\"widget\" data-e-type=\"widget\" data-widget_type=\"heading.default\">\n\t\t\t\t<div class=\"elementor-widget-container\">\n\t\t\t\t\t<h2 class=\"elementor-heading-title elementor-size-default\">R\u00e9server la maison du souffle<\/h2>\t\t\t\t<\/div>\n\t\t\t\t<\/div>\n\t\t<div class=\"elementor-element elementor-element-34c5c96 e-flex e-con-boxed e-con e-parent\" data-id=\"34c5c96\" data-element_type=\"container\" data-e-type=\"container\">\n\t\t\t\t\t<div class=\"e-con-inner\">\n\t\t<div class=\"elementor-element elementor-element-3b6d6f3 e-flex e-con-boxed e-con e-child\" data-id=\"3b6d6f3\" data-element_type=\"container\" data-e-type=\"container\">\n\t\t\t\t\t<div class=\"e-con-inner\">\n\t\t\t\t<div class=\"elementor-element elementor-element-0acd580 elementor-widget elementor-widget-heading\" data-id=\"0acd580\" data-element_type=\"widget\" data-e-type=\"widget\" data-widget_type=\"heading.default\">\n\t\t\t\t<div class=\"elementor-widget-container\">\n\t\t\t\t\t<h2 class=\"elementor-heading-title elementor-size-default\">Demande pour un \u00e9v\u00e9nement d'une journ\u00e9e<\/h2>\t\t\t\t<\/div>\n\t\t\t\t<\/div>\n\t\t\t\t<div class=\"elementor-element elementor-element-0ffb6e7 elementor-widget elementor-widget-image\" data-id=\"0ffb6e7\" data-element_type=\"widget\" data-e-type=\"widget\" data-widget_type=\"image.default\">\n\t\t\t\t<div class=\"elementor-widget-container\">\n\t\t\t\t\t\t\t\t\t\t\t\t\t\t\t\t<a href=\"https:\/\/atemhaus-hubertushof.de\/fr\/eintaegige-veranstaltung\/\">\n\t\t\t\t\t\t\t<img decoding=\"async\" width=\"500\" height=\"473\" src=\"https:\/\/atemhaus-hubertushof.de\/wp-content\/uploads\/veranstaltung-kurz-kalender-icon.jpg\" class=\"attachment-large size-large wp-image-9524\" alt=\"\" srcset=\"https:\/\/atemhaus-hubertushof.de\/wp-content\/uploads\/veranstaltung-kurz-kalender-icon.jpg 500w, https:\/\/atemhaus-hubertushof.de\/wp-content\/uploads\/veranstaltung-kurz-kalender-icon-300x284.jpg 300w\" sizes=\"(max-width: 500px) 100vw, 500px\" \/>\t\t\t\t\t\t\t\t<\/a>\n\t\t\t\t\t\t\t\t\t\t\t\t\t\t\t<\/div>\n\t\t\t\t<\/div>\n\t\t\t\t<div class=\"elementor-element elementor-element-49d21a9 elementor-widget elementor-widget-button\" data-id=\"49d21a9\" data-element_type=\"widget\" data-e-type=\"widget\" data-widget_type=\"button.default\">\n\t\t\t\t<div class=\"elementor-widget-container\">\n\t\t\t\t\t\t\t\t\t<div class=\"elementor-button-wrapper\">\n\t\t\t\t\t<a class=\"elementor-button elementor-button-link elementor-size-sm\" href=\"https:\/\/atemhaus-hubertushof.de\/fr\/eintaegige-veranstaltung\/\">\n\t\t\t\t\t\t<span class=\"elementor-button-content-wrapper\">\n\t\t\t\t\t\t\t\t\t<span class=\"elementor-button-text\">Ouvrir la demande<\/span>\n\t\t\t\t\t<\/span>\n\t\t\t\t\t<\/a>\n\t\t\t\t<\/div>\n\t\t\t\t\t\t\t\t<\/div>\n\t\t\t\t<\/div>\n\t\t\t\t\t<\/div>\n\t\t\t\t<\/div>\n\t\t<div class=\"elementor-element elementor-element-9ba5c3b e-flex e-con-boxed e-con e-child\" data-id=\"9ba5c3b\" data-element_type=\"container\" data-e-type=\"container\">\n\t\t\t\t\t<div class=\"e-con-inner\">\n\t\t\t\t<div class=\"elementor-element elementor-element-1dc1fd9 elementor-widget elementor-widget-heading\" data-id=\"1dc1fd9\" data-element_type=\"widget\" data-e-type=\"widget\" data-widget_type=\"heading.default\">\n\t\t\t\t<div class=\"elementor-widget-container\">\n\t\t\t\t\t<h2 class=\"elementor-heading-title elementor-size-default\">Demande pour un \u00e9v\u00e9nement de plusieurs jours<\/h2>\t\t\t\t<\/div>\n\t\t\t\t<\/div>\n\t\t\t\t<div class=\"elementor-element elementor-element-0c7d9f1 elementor-widget elementor-widget-image\" data-id=\"0c7d9f1\" data-element_type=\"widget\" data-e-type=\"widget\" data-widget_type=\"image.default\">\n\t\t\t\t<div class=\"elementor-widget-container\">\n\t\t\t\t\t\t\t\t\t\t\t\t\t\t\t\t<a href=\"https:\/\/atemhaus-hubertushof.de\/fr\/mehrtaegige-veranstaltung\/\">\n\t\t\t\t\t\t\t<img decoding=\"async\" width=\"500\" height=\"473\" src=\"https:\/\/atemhaus-hubertushof.de\/wp-content\/uploads\/veranstaltung-lang-kalender-icon.jpg\" class=\"attachment-large size-large wp-image-9523\" alt=\"\" srcset=\"https:\/\/atemhaus-hubertushof.de\/wp-content\/uploads\/veranstaltung-lang-kalender-icon.jpg 500w, https:\/\/atemhaus-hubertushof.de\/wp-content\/uploads\/veranstaltung-lang-kalender-icon-300x284.jpg 300w\" sizes=\"(max-width: 500px) 100vw, 500px\" \/>\t\t\t\t\t\t\t\t<\/a>\n\t\t\t\t\t\t\t\t\t\t\t\t\t\t\t<\/div>\n\t\t\t\t<\/div>\n\t\t\t\t<div class=\"elementor-element elementor-element-d7a5a38 elementor-widget elementor-widget-button\" data-id=\"d7a5a38\" data-element_type=\"widget\" data-e-type=\"widget\" data-widget_type=\"button.default\">\n\t\t\t\t<div class=\"elementor-widget-container\">\n\t\t\t\t\t\t\t\t\t<div class=\"elementor-button-wrapper\">\n\t\t\t\t\t<a class=\"elementor-button elementor-button-link elementor-size-sm\" href=\"https:\/\/atemhaus-hubertushof.de\/fr\/mehrtaegige-veranstaltung\/\">\n\t\t\t\t\t\t<span class=\"elementor-button-content-wrapper\">\n\t\t\t\t\t\t\t\t\t<span class=\"elementor-button-text\">Ouvrir la demande<\/span>\n\t\t\t\t\t<\/span>\n\t\t\t\t\t<\/a>\n\t\t\t\t<\/div>\n\t\t\t\t\t\t\t\t<\/div>\n\t\t\t\t<\/div>\n\t\t\t\t\t<\/div>\n\t\t\t\t<\/div>\n\t\t\t\t\t<\/div>\n\t\t\t\t<\/div>\n\t\t\t\t\t<\/div>\n\t\t<\/div>\n\t\t\t\t\t<\/div>\n\t\t<\/section>\n\t\t\t\t<\/div>","protected":false},"excerpt":{"rendered":"<p>Salle de s\u00e9minaire \u201e Libert\u00e9 sauvage \u201c \u2013 ancienne grange \u2013 au rez-de-chauss\u00e9e Salle de s\u00e9minaire \u201e Esprit clair comme l'air \u201c \u2013 ancienne grange \u2013 au deuxi\u00e8me \u00e9tage Salle de s\u00e9minaire \u201e Terre \u2013 Force des racines \u201c \u2013 maison principale \u2013 au sous-sol Salle de s\u00e9minaire \u201e Eau \u2013 Flux de vie \u201c Maison principale \u2013 au\u2026<\/p>","protected":false},"author":4,"featured_media":0,"parent":0,"menu_order":0,"comment_status":"closed","ping_status":"closed","template":"","meta":{"_EventAllDay":false,"_EventTimezone":"","_EventStartDate":"","_EventEndDate":"","_EventStartDateUTC":"","_EventEndDateUTC":"","_EventShowMap":false,"_EventShowMapLink":false,"_EventURL":"","_EventCost":"","_EventCostDescription":"","_EventCurrencySymbol":"","_EventCurrencyCode":"","_EventCurrencyPosition":"","_EventDateTimeSeparator":"","_EventTimeRangeSeparator":"","_EventOrganizerID":[],"_EventVenueID":[],"_OrganizerEmail":"","_OrganizerPhone":"","_OrganizerWebsite":"","_VenueAddress":"","_VenueCity":"","_VenueCountry":"","_VenueProvince":"","_VenueState":"","_VenueZip":"","_VenuePhone":"","_VenueURL":"","_VenueStateProvince":"","_VenueLat":"","_VenueLng":"","_VenueShowMap":false,"_VenueShowMapLink":false,"footnotes":""},"class_list":["post-451","page","type-page","status-publish","hentry"],"yoast_head":"<!-- This site is optimized with the Yoast SEO plugin v28.4 - https:\/\/yoast.com\/product\/yoast-seo-wordpress\/ -->\n<title>Seminarr\u00e4ume im Atemhaus Hubertushof [95505 Immenreuth]<\/title>\n<meta name=\"description\" content=\"Unsere Seminarr\u00e4ume. F\u00fcr alle R\u00e4ume stehen je nach Bedarf Tische, St\u00fchle, Kissen, Matten und Decken zur Verf\u00fcgung.\" \/>\n<meta name=\"robots\" content=\"index, follow, max-snippet:-1, max-image-preview:large, max-video-preview:-1\" \/>\n<link rel=\"canonical\" href=\"https:\/\/atemhaus-hubertushof.de\/fr\/seminarraeume\/\" \/>\n<meta property=\"og:locale\" content=\"fr_FR\" \/>\n<meta property=\"og:type\" content=\"article\" \/>\n<meta property=\"og:title\" content=\"Seminarr\u00e4ume im Atemhaus Hubertushof [95505 Immenreuth]\" \/>\n<meta property=\"og:description\" content=\"Unsere Seminarr\u00e4ume. F\u00fcr alle R\u00e4ume stehen je nach Bedarf Tische, St\u00fchle, Kissen, Matten und Decken zur Verf\u00fcgung.\" \/>\n<meta property=\"og:url\" content=\"https:\/\/atemhaus-hubertushof.de\/fr\/seminarraeume\/\" \/>\n<meta property=\"og:site_name\" content=\"Atemhaus Hubertushof [95505 Immenreuth]\" \/>\n<meta property=\"article:modified_time\" content=\"2025-09-20T07:44:25+00:00\" \/>\n<meta property=\"og:image\" content=\"https:\/\/atemhaus-hubertushof.de\/wp-content\/uploads\/veranstaltung-kurz-kalender-icon.jpg\" \/>\n<meta name=\"twitter:card\" content=\"summary_large_image\" \/>\n<meta name=\"twitter:label1\" content=\"Dur\u00e9e de lecture estim\u00e9e\" \/>\n\t<meta name=\"twitter:data1\" content=\"2 minutes\" \/>\n<script type=\"application\/ld+json\" class=\"yoast-schema-graph\">{\"@context\":\"https:\\\/\\\/schema.org\",\"@graph\":[{\"@type\":\"WebPage\",\"@id\":\"https:\\\/\\\/atemhaus-hubertushof.de\\\/seminarraeume\\\/\",\"url\":\"https:\\\/\\\/atemhaus-hubertushof.de\\\/seminarraeume\\\/\",\"name\":\"Seminarr\u00e4ume im Atemhaus Hubertushof [95505 Immenreuth]\",\"isPartOf\":{\"@id\":\"https:\\\/\\\/atemhaus-hubertushof.de\\\/#website\"},\"primaryImageOfPage\":{\"@id\":\"https:\\\/\\\/atemhaus-hubertushof.de\\\/seminarraeume\\\/#primaryimage\"},\"image\":{\"@id\":\"https:\\\/\\\/atemhaus-hubertushof.de\\\/seminarraeume\\\/#primaryimage\"},\"thumbnailUrl\":\"https:\\\/\\\/atemhaus-hubertushof.de\\\/wp-content\\\/uploads\\\/veranstaltung-kurz-kalender-icon.jpg\",\"datePublished\":\"2021-03-04T12:20:45+00:00\",\"dateModified\":\"2025-09-20T07:44:25+00:00\",\"description\":\"Unsere Seminarr\u00e4ume. F\u00fcr alle R\u00e4ume stehen je nach Bedarf Tische, St\u00fchle, Kissen, Matten und Decken zur Verf\u00fcgung.\",\"breadcrumb\":{\"@id\":\"https:\\\/\\\/atemhaus-hubertushof.de\\\/seminarraeume\\\/#breadcrumb\"},\"inLanguage\":\"fr-FR\",\"potentialAction\":[{\"@type\":\"ReadAction\",\"target\":[\"https:\\\/\\\/atemhaus-hubertushof.de\\\/seminarraeume\\\/\"]}]},{\"@type\":\"ImageObject\",\"inLanguage\":\"fr-FR\",\"@id\":\"https:\\\/\\\/atemhaus-hubertushof.de\\\/seminarraeume\\\/#primaryimage\",\"url\":\"https:\\\/\\\/atemhaus-hubertushof.de\\\/wp-content\\\/uploads\\\/veranstaltung-kurz-kalender-icon.jpg\",\"contentUrl\":\"https:\\\/\\\/atemhaus-hubertushof.de\\\/wp-content\\\/uploads\\\/veranstaltung-kurz-kalender-icon.jpg\"},{\"@type\":\"BreadcrumbList\",\"@id\":\"https:\\\/\\\/atemhaus-hubertushof.de\\\/seminarraeume\\\/#breadcrumb\",\"itemListElement\":[{\"@type\":\"ListItem\",\"position\":1,\"name\":\"Startseite\",\"item\":\"https:\\\/\\\/atemhaus-hubertushof.de\\\/\"},{\"@type\":\"ListItem\",\"position\":2,\"name\":\"Seminarr\u00e4ume\"}]},{\"@type\":\"WebSite\",\"@id\":\"https:\\\/\\\/atemhaus-hubertushof.de\\\/#website\",\"url\":\"https:\\\/\\\/atemhaus-hubertushof.de\\\/\",\"name\":\"Atemhaus Hubertushof [95505 Immenreuth]\",\"description\":\"\",\"publisher\":{\"@id\":\"https:\\\/\\\/atemhaus-hubertushof.de\\\/#organization\"},\"potentialAction\":[{\"@type\":\"SearchAction\",\"target\":{\"@type\":\"EntryPoint\",\"urlTemplate\":\"https:\\\/\\\/atemhaus-hubertushof.de\\\/?s={search_term_string}\"},\"query-input\":{\"@type\":\"PropertyValueSpecification\",\"valueRequired\":true,\"valueName\":\"search_term_string\"}}],\"inLanguage\":\"fr-FR\"},{\"@type\":\"Organization\",\"@id\":\"https:\\\/\\\/atemhaus-hubertushof.de\\\/#organization\",\"name\":\"Atemhaus Hubertushof [95505 Immenreuth]\",\"url\":\"https:\\\/\\\/atemhaus-hubertushof.de\\\/\",\"logo\":{\"@type\":\"ImageObject\",\"inLanguage\":\"fr-FR\",\"@id\":\"https:\\\/\\\/atemhaus-hubertushof.de\\\/#\\\/schema\\\/logo\\\/image\\\/\",\"url\":\"https:\\\/\\\/atemhaus-hubertushof.de\\\/wp-content\\\/uploads\\\/cropped-2-2.png\",\"contentUrl\":\"https:\\\/\\\/atemhaus-hubertushof.de\\\/wp-content\\\/uploads\\\/cropped-2-2.png\",\"width\":512,\"height\":512,\"caption\":\"Atemhaus Hubertushof [95505 Immenreuth]\"},\"image\":{\"@id\":\"https:\\\/\\\/atemhaus-hubertushof.de\\\/#\\\/schema\\\/logo\\\/image\\\/\"}}]}<\/script>\n<!-- \/ Yoast SEO plugin. -->","yoast_head_json":{"title":"Seminarr\u00e4ume im Atemhaus Hubertushof [95505 Immenreuth]","description":"Nos salles de s\u00e9minaire. Pour toutes les salles, des tables, des chaises, des coussins, des tapis et des couvertures sont mis \u00e0 disposition selon les besoins.","robots":{"index":"index","follow":"follow","max-snippet":"max-snippet:-1","max-image-preview":"max-image-preview:large","max-video-preview":"max-video-preview:-1"},"canonical":"https:\/\/atemhaus-hubertushof.de\/fr\/seminarraeume\/","og_locale":"fr_FR","og_type":"article","og_title":"Seminarr\u00e4ume im Atemhaus Hubertushof [95505 Immenreuth]","og_description":"Unsere Seminarr\u00e4ume. F\u00fcr alle R\u00e4ume stehen je nach Bedarf Tische, St\u00fchle, Kissen, Matten und Decken zur Verf\u00fcgung.","og_url":"https:\/\/atemhaus-hubertushof.de\/fr\/seminarraeume\/","og_site_name":"Atemhaus Hubertushof [95505 Immenreuth]","article_modified_time":"2025-09-20T07:44:25+00:00","og_image":[{"url":"https:\/\/atemhaus-hubertushof.de\/wp-content\/uploads\/veranstaltung-kurz-kalender-icon.jpg","type":"","width":"","height":""}],"twitter_card":"summary_large_image","twitter_misc":{"Dur\u00e9e de lecture estim\u00e9e":"2 minutes"},"schema":{"@context":"https:\/\/schema.org","@graph":[{"@type":"WebPage","@id":"https:\/\/atemhaus-hubertushof.de\/seminarraeume\/","url":"https:\/\/atemhaus-hubertushof.de\/seminarraeume\/","name":"Seminarr\u00e4ume im Atemhaus Hubertushof [95505 Immenreuth]","isPartOf":{"@id":"https:\/\/atemhaus-hubertushof.de\/#website"},"primaryImageOfPage":{"@id":"https:\/\/atemhaus-hubertushof.de\/seminarraeume\/#primaryimage"},"image":{"@id":"https:\/\/atemhaus-hubertushof.de\/seminarraeume\/#primaryimage"},"thumbnailUrl":"https:\/\/atemhaus-hubertushof.de\/wp-content\/uploads\/veranstaltung-kurz-kalender-icon.jpg","datePublished":"2021-03-04T12:20:45+00:00","dateModified":"2025-09-20T07:44:25+00:00","description":"Nos salles de s\u00e9minaire. Pour toutes les salles, des tables, des chaises, des coussins, des tapis et des couvertures sont mis \u00e0 disposition selon les besoins.","breadcrumb":{"@id":"https:\/\/atemhaus-hubertushof.de\/seminarraeume\/#breadcrumb"},"inLanguage":"fr-FR","potentialAction":[{"@type":"ReadAction","target":["https:\/\/atemhaus-hubertushof.de\/seminarraeume\/"]}]},{"@type":"ImageObject","inLanguage":"fr-FR","@id":"https:\/\/atemhaus-hubertushof.de\/seminarraeume\/#primaryimage","url":"https:\/\/atemhaus-hubertushof.de\/wp-content\/uploads\/veranstaltung-kurz-kalender-icon.jpg","contentUrl":"https:\/\/atemhaus-hubertushof.de\/wp-content\/uploads\/veranstaltung-kurz-kalender-icon.jpg"},{"@type":"BreadcrumbList","@id":"https:\/\/atemhaus-hubertushof.de\/seminarraeume\/#breadcrumb","itemListElement":[{"@type":"ListItem","position":1,"name":"Startseite","item":"https:\/\/atemhaus-hubertushof.de\/"},{"@type":"ListItem","position":2,"name":"Seminarr\u00e4ume"}]},{"@type":"WebSite","@id":"https:\/\/atemhaus-hubertushof.de\/#website","url":"https:\/\/atemhaus-hubertushof.de\/","name":"Atemhaus Hubertushof [95505 Immenreuth]","description":"","publisher":{"@id":"https:\/\/atemhaus-hubertushof.de\/#organization"},"potentialAction":[{"@type":"SearchAction","target":{"@type":"EntryPoint","urlTemplate":"https:\/\/atemhaus-hubertushof.de\/?s={search_term_string}"},"query-input":{"@type":"PropertyValueSpecification","valueRequired":true,"valueName":"search_term_string"}}],"inLanguage":"fr-FR"},{"@type":"Organization","@id":"https:\/\/atemhaus-hubertushof.de\/#organization","name":"Atemhaus Hubertushof [95505 Immenreuth]","url":"https:\/\/atemhaus-hubertushof.de\/","logo":{"@type":"ImageObject","inLanguage":"fr-FR","@id":"https:\/\/atemhaus-hubertushof.de\/#\/schema\/logo\/image\/","url":"https:\/\/atemhaus-hubertushof.de\/wp-content\/uploads\/cropped-2-2.png","contentUrl":"https:\/\/atemhaus-hubertushof.de\/wp-content\/uploads\/cropped-2-2.png","width":512,"height":512,"caption":"Atemhaus Hubertushof [95505 Immenreuth]"},"image":{"@id":"https:\/\/atemhaus-hubertushof.de\/#\/schema\/logo\/image\/"}}]}},"jetpack_sharing_enabled":true,"_links":{"self":[{"href":"https:\/\/atemhaus-hubertushof.de\/fr\/wp-json\/wp\/v2\/pages\/451","targetHints":{"allow":["GET"]}}],"collection":[{"href":"https:\/\/atemhaus-hubertushof.de\/fr\/wp-json\/wp\/v2\/pages"}],"about":[{"href":"https:\/\/atemhaus-hubertushof.de\/fr\/wp-json\/wp\/v2\/types\/page"}],"author":[{"embeddable":true,"href":"https:\/\/atemhaus-hubertushof.de\/fr\/wp-json\/wp\/v2\/users\/4"}],"replies":[{"embeddable":true,"href":"https:\/\/atemhaus-hubertushof.de\/fr\/wp-json\/wp\/v2\/comments?post=451"}],"version-history":[{"count":51,"href":"https:\/\/atemhaus-hubertushof.de\/fr\/wp-json\/wp\/v2\/pages\/451\/revisions"}],"predecessor-version":[{"id":11470,"href":"https:\/\/atemhaus-hubertushof.de\/fr\/wp-json\/wp\/v2\/pages\/451\/revisions\/11470"}],"wp:attachment":[{"href":"https:\/\/atemhaus-hubertushof.de\/fr\/wp-json\/wp\/v2\/media?parent=451"}],"curies":[{"name":"wp","href":"https:\/\/api.w.org\/{rel}","templated":true}]}}